{"id":17,"date":"2023-11-10T07:37:49","date_gmt":"2023-11-10T07:37:49","guid":{"rendered":"https:\/\/grupcif.com\/?page_id=17"},"modified":"2024-05-30T06:52:54","modified_gmt":"2024-05-30T06:52:54","slug":"camaras-frigorificas","status":"publish","type":"page","link":"https:\/\/grupcif.com\/es\/camaras-frigorificas\/","title":{"rendered":"C\u00e1maras frigor\u00edficas"},"content":{"rendered":"<p><div class=\"fusion-fullwidth fullwidth-box fusion-builder-row-1 fusion-flex-container has-pattern-background has-mask-background nonhundred-percent-fullwidth non-hundred-percent-height-scrolling\" style=\"--awb-border-radius-top-left:0px;--awb-border-radius-top-right:0px;--awb-border-radius-bottom-right:0px;--awb-border-radius-bottom-left:0px;--awb-margin-bottom:30px;--awb-flex-wrap:wrap;\" ><div class=\"fusion-builder-row fusion-row fusion-flex-align-items-flex-start fusion-flex-content-wrap\" style=\"max-width:1331.2px;margin-left: calc(-4% \/ 2 );margin-right: calc(-4% \/ 2 );\"><div class=\"fusion-layout-column fusion_builder_column fusion-builder-column-0 fusion_builder_column_1_1 1_1 fusion-flex-column\" style=\"--awb-bg-size:cover;--awb-width-large:100%;--awb-margin-top-large:0px;--awb-spacing-right-large:1.92%;--awb-margin-bottom-large:30px;--awb-spacing-left-large:1.92%;--awb-width-medium:100%;--awb-order-medium:0;--awb-spacing-right-medium:1.92%;--awb-spacing-left-medium:1.92%;--awb-width-small:100%;--awb-order-small:0;--awb-spacing-right-small:1.92%;--awb-spacing-left-small:1.92%;\" data-scroll-devices=\"small-visibility,medium-visibility,large-visibility\"><div class=\"fusion-column-wrapper fusion-column-has-shadow fusion-flex-justify-content-flex-start fusion-content-layout-column\"><div class=\"fusion-text fusion-text-1\" style=\"--awb-content-alignment:center;\"><h1>C\u00e1maras frigor\u00edficas<\/h1>\n<\/div><div class=\"fusion-text fusion-text-2\"><p style=\"text-align: center;\"><strong>Instalamos y mantenemos c\u00e1maras frigor\u00edficas en Barcelona y en toda Espa\u00f1a.<\/strong><\/p>\n<p>A la hora de seleccionar un recinto frigor\u00edfico lo m\u00e1s importante es seleccionar un buen aislamiento, de una buena selecci\u00f3n depender\u00e1 el consumo energ\u00e9tico, es por ello que nuestra empresa s\u00f3lo selecciona paneles frigor\u00edficos de alta calidad, con la densidad adecuada para cumplir las normativas de eficiencia energ\u00e9tica. Instalamos C\u00e1maras Frigor\u00edficas en Barcelona y en toda Espa\u00f1a.<\/p>\n<p style=\"text-align: center;\"><b>Existen dos sistemas de c\u00e1maras frigor\u00edficas:\u00a0<u>Modulares est\u00e1ndar<\/u>\u00a0y\u00a0<u>Panel industrial<\/u><\/b><\/p>\n<\/div><\/div><\/div><\/div><\/div><div class=\"fusion-fullwidth fullwidth-box fusion-builder-row-2 fusion-flex-container has-pattern-background has-mask-background nonhundred-percent-fullwidth non-hundred-percent-height-scrolling\" style=\"--awb-border-radius-top-left:0px;--awb-border-radius-top-right:0px;--awb-border-radius-bottom-right:0px;--awb-border-radius-bottom-left:0px;--awb-margin-bottom:30px;--awb-flex-wrap:wrap;\" ><div class=\"fusion-builder-row fusion-row fusion-flex-align-items-flex-start fusion-flex-content-wrap\" style=\"max-width:1331.2px;margin-left: calc(-4% \/ 2 );margin-right: calc(-4% \/ 2 );\"><div class=\"fusion-layout-column fusion_builder_column fusion-builder-column-1 fusion_builder_column_1_1 1_1 fusion-flex-column\" style=\"--awb-bg-size:cover;--awb-width-large:100%;--awb-margin-top-large:0px;--awb-spacing-right-large:1.92%;--awb-margin-bottom-large:20px;--awb-spacing-left-large:1.92%;--awb-width-medium:100%;--awb-order-medium:0;--awb-spacing-right-medium:1.92%;--awb-spacing-left-medium:1.92%;--awb-width-small:100%;--awb-order-small:0;--awb-spacing-right-small:1.92%;--awb-spacing-left-small:1.92%;\"><div class=\"fusion-column-wrapper fusion-column-has-shadow fusion-flex-justify-content-flex-start fusion-content-layout-column\"><div class=\"fusion-text fusion-text-3\"><h2 style=\"text-align: center;\">C\u00e1maras frigor\u00edficas modulares<\/h2>\n<p>Para las\u00a0<strong><u>c\u00e1maras frigor\u00edficas modulares<\/u><\/strong>\u00a0nuestra empresa utiliza c\u00e1maras\u00a0<strong>BOXCOLD<\/strong>, por su gran calidad y versatilidad.<\/p>\n<p>Construidas con paneles de chapa galvanizada pre-pintadas color blanco interior y exterior, inyectadas con espuma de poliuretano expandido (PUR) con una densidad de 43Kg\/m3. Cumplen con las normativas higi\u00e9nico-sanitarias de la UE.<\/p>\n<ul>\n<li>La uni\u00f3n entre paneles se realiza por medio de ganchos exc\u00e9ntricos<\/li>\n<li>Opcionalmente se pueden suministrar: en plancha plastificada o en acero inox 304<\/li>\n<li>Las c\u00e1maras frigor\u00edficas pueden ser con o sin suelo de panel<\/li>\n<li>Se suministran en espesores de 60cm 80cm 10cm 12cm y 14cm<\/li>\n<\/ul>\n<p style=\"text-align: left;\">Nuestras c\u00e1maras frigor\u00edficas modulares est\u00e1n dise\u00f1adas para ir incrementando su volumen en pasos de 20cm, partiendo de las medidas m\u00ednimas (interiores) de 83cm de ancho x 63cm de fondo x 203cm de altura. Hasta las necesidades de cada cliente (siempre sumando pasos de 20cm).<\/p>\n<\/div><\/div><\/div><div class=\"fusion-layout-column fusion_builder_column fusion-builder-column-2 fusion_builder_column_1_2 1_2 fusion-flex-column\" style=\"--awb-bg-size:cover;--awb-width-large:50%;--awb-margin-top-large:0px;--awb-spacing-right-large:3.84%;--awb-margin-bottom-large:20px;--awb-spacing-left-large:3.84%;--awb-width-medium:50%;--awb-order-medium:0;--awb-spacing-right-medium:3.84%;--awb-spacing-left-medium:3.84%;--awb-width-small:100%;--awb-order-small:0;--awb-spacing-right-small:1.92%;--awb-spacing-left-small:1.92%;\"><div class=\"fusion-column-wrapper fusion-column-has-shadow fusion-flex-justify-content-flex-start fusion-content-layout-column\"><div class=\"fusion-image-element \" style=\"--awb-caption-title-font-family:var(--h2_typography-font-family);--awb-caption-title-font-weight:var(--h2_typography-font-weight);--awb-caption-title-font-style:var(--h2_typography-font-style);--awb-caption-title-size:var(--h2_typography-font-size);--awb-caption-title-transform:var(--h2_typography-text-transform);--awb-caption-title-line-height:var(--h2_typography-line-height);--awb-caption-title-letter-spacing:var(--h2_typography-letter-spacing);\"><span class=\" fusion-imageframe imageframe-none imageframe-1 hover-type-none\" style=\"border:1px solid #6bbef9;\"><img decoding=\"async\" width=\"600\" height=\"335\" alt=\"Grup CIF - C\u00e1maras frigor\u00edficas - C\u00e1maras frigor\u00edficas modulares\" title=\"Grup CIF &#8211; C\u00e1maras frigor\u00edficas &#8211; C\u00e1maras frigor\u00edficas modulares\" src=\"https:\/\/grupcif.com\/wp-content\/uploads\/2023\/12\/camara_frigorifica1-600x335.webp\" class=\"img-responsive wp-image-140\" srcset=\"https:\/\/grupcif.com\/wp-content\/uploads\/2023\/12\/camara_frigorifica1-200x112.webp 200w, https:\/\/grupcif.com\/wp-content\/uploads\/2023\/12\/camara_frigorifica1-400x223.webp 400w, https:\/\/grupcif.com\/wp-content\/uploads\/2023\/12\/camara_frigorifica1-600x335.webp 600w, https:\/\/grupcif.com\/wp-content\/uploads\/2023\/12\/camara_frigorifica1-800x447.webp 800w, https:\/\/grupcif.com\/wp-content\/uploads\/2023\/12\/camara_frigorifica1.webp 924w\" sizes=\"(max-width: 640px) 100vw, 800px\" \/><\/span><\/div><\/div><\/div><div class=\"fusion-layout-column fusion_builder_column fusion-builder-column-3 fusion_builder_column_1_2 1_2 fusion-flex-column\" style=\"--awb-bg-size:cover;--awb-width-large:50%;--awb-margin-top-large:0px;--awb-spacing-right-large:3.84%;--awb-margin-bottom-large:20px;--awb-spacing-left-large:3.84%;--awb-width-medium:50%;--awb-order-medium:0;--awb-spacing-right-medium:3.84%;--awb-spacing-left-medium:3.84%;--awb-width-small:100%;--awb-order-small:0;--awb-spacing-right-small:1.92%;--awb-spacing-left-small:1.92%;\"><div class=\"fusion-column-wrapper fusion-column-has-shadow fusion-flex-justify-content-flex-start fusion-content-layout-column\"><div class=\"fusion-image-element \" style=\"--awb-caption-title-font-family:var(--h2_typography-font-family);--awb-caption-title-font-weight:var(--h2_typography-font-weight);--awb-caption-title-font-style:var(--h2_typography-font-style);--awb-caption-title-size:var(--h2_typography-font-size);--awb-caption-title-transform:var(--h2_typography-text-transform);--awb-caption-title-line-height:var(--h2_typography-line-height);--awb-caption-title-letter-spacing:var(--h2_typography-letter-spacing);\"><span class=\" fusion-imageframe imageframe-none imageframe-2 hover-type-none\" style=\"border:1px solid #6bbef9;\"><img decoding=\"async\" width=\"600\" height=\"329\" alt=\"Grup CIF - C\u00e1maras frigor\u00edficas - C\u00e1maras frigor\u00edficas modulares\" title=\"Grup CIF &#8211; C\u00e1maras frigor\u00edficas &#8211; C\u00e1maras frigor\u00edficas modulares\" src=\"https:\/\/grupcif.com\/wp-content\/uploads\/2023\/12\/camara_frigorifica2-600x329.webp\" class=\"img-responsive wp-image-141\" srcset=\"https:\/\/grupcif.com\/wp-content\/uploads\/2023\/12\/camara_frigorifica2-200x110.webp 200w, https:\/\/grupcif.com\/wp-content\/uploads\/2023\/12\/camara_frigorifica2-400x219.webp 400w, https:\/\/grupcif.com\/wp-content\/uploads\/2023\/12\/camara_frigorifica2-600x329.webp 600w, https:\/\/grupcif.com\/wp-content\/uploads\/2023\/12\/camara_frigorifica2-800x439.webp 800w, https:\/\/grupcif.com\/wp-content\/uploads\/2023\/12\/camara_frigorifica2.webp 941w\" sizes=\"(max-width: 640px) 100vw, 800px\" \/><\/span><\/div><\/div><\/div><div class=\"fusion-layout-column fusion_builder_column fusion-builder-column-4 fusion_builder_column_1_3 1_3 fusion-flex-column\" style=\"--awb-bg-size:cover;--awb-width-large:33.333333333333%;--awb-margin-top-large:0px;--awb-spacing-right-large:5.76%;--awb-margin-bottom-large:20px;--awb-spacing-left-large:5.76%;--awb-width-medium:33.333333333333%;--awb-order-medium:0;--awb-spacing-right-medium:5.76%;--awb-spacing-left-medium:5.76%;--awb-width-small:100%;--awb-order-small:0;--awb-spacing-right-small:1.92%;--awb-spacing-left-small:1.92%;\"><div class=\"fusion-column-wrapper fusion-column-has-shadow fusion-flex-justify-content-flex-start fusion-content-layout-column\"><div class=\"fusion-text fusion-text-4\"><p>Las c\u00e1maras frigor\u00edficas pueden ser con suelo o sin el suelo de panel (en congelaci\u00f3n o altillo el suelo tiene que ser aislado)<\/p>\n<\/div><\/div><\/div><div class=\"fusion-layout-column fusion_builder_column fusion-builder-column-5 fusion_builder_column_1_3 1_3 fusion-flex-column\" style=\"--awb-bg-size:cover;--awb-width-large:33.333333333333%;--awb-margin-top-large:0px;--awb-spacing-right-large:5.76%;--awb-margin-bottom-large:20px;--awb-spacing-left-large:5.76%;--awb-width-medium:33.333333333333%;--awb-order-medium:0;--awb-spacing-right-medium:5.76%;--awb-spacing-left-medium:5.76%;--awb-width-small:100%;--awb-order-small:0;--awb-spacing-right-small:1.92%;--awb-spacing-left-small:1.92%;\"><div class=\"fusion-column-wrapper fusion-column-has-shadow fusion-flex-justify-content-flex-start fusion-content-layout-column\"><div class=\"fusion-text fusion-text-5\"><p>De serie se suministran con una puerta pivotante de medidas luz 80\/90cm x 190cm de altura, adicionalmente se puede suministrar otras medidas, puerta corredera o rampa de acceso.<\/p>\n<\/div><\/div><\/div><div class=\"fusion-layout-column fusion_builder_column fusion-builder-column-6 fusion_builder_column_1_3 1_3 fusion-flex-column\" style=\"--awb-bg-size:cover;--awb-width-large:33.333333333333%;--awb-margin-top-large:0px;--awb-spacing-right-large:5.76%;--awb-margin-bottom-large:20px;--awb-spacing-left-large:5.76%;--awb-width-medium:33.333333333333%;--awb-order-medium:0;--awb-spacing-right-medium:5.76%;--awb-spacing-left-medium:5.76%;--awb-width-small:100%;--awb-order-small:0;--awb-spacing-right-small:1.92%;--awb-spacing-left-small:1.92%;\"><div class=\"fusion-column-wrapper fusion-column-has-shadow fusion-flex-justify-content-flex-start fusion-content-layout-column\"><div class=\"fusion-text fusion-text-6\"><p>Pueden ser de acero inoxidable o plastificada, tanto la parte exterior como la interior, intercalando las diferentes opciones, pintada, inox, plastificada. Se puede incorporar ventanillos<\/p>\n<\/div><\/div><\/div><div class=\"fusion-layout-column fusion_builder_column fusion-builder-column-7 fusion_builder_column_1_1 1_1 fusion-flex-column\" style=\"--awb-bg-size:cover;--awb-width-large:100%;--awb-margin-top-large:0px;--awb-spacing-right-large:1.92%;--awb-margin-bottom-large:20px;--awb-spacing-left-large:1.92%;--awb-width-medium:100%;--awb-order-medium:0;--awb-spacing-right-medium:1.92%;--awb-spacing-left-medium:1.92%;--awb-width-small:100%;--awb-order-small:0;--awb-spacing-right-small:1.92%;--awb-spacing-left-small:1.92%;\"><div class=\"fusion-column-wrapper fusion-column-has-shadow fusion-flex-justify-content-flex-start fusion-content-layout-column\"><div class=\"fusion-text fusion-text-7\"><p>Opcionalmente se puede solicitar puertas con paso carril e incluir puertas de lamas<\/p>\n<\/div><\/div><\/div><div class=\"fusion-layout-column fusion_builder_column fusion-builder-column-8 fusion_builder_column_1_3 1_3 fusion-flex-column\" style=\"--awb-bg-size:cover;--awb-width-large:33.333333333333%;--awb-margin-top-large:0px;--awb-spacing-right-large:5.76%;--awb-margin-bottom-large:20px;--awb-spacing-left-large:5.76%;--awb-width-medium:33.333333333333%;--awb-order-medium:0;--awb-spacing-right-medium:5.76%;--awb-spacing-left-medium:5.76%;--awb-width-small:100%;--awb-order-small:0;--awb-spacing-right-small:1.92%;--awb-spacing-left-small:1.92%;\"><div class=\"fusion-column-wrapper fusion-column-has-shadow fusion-flex-justify-content-flex-start fusion-content-layout-column\"><div class=\"fusion-image-element \" style=\"--awb-caption-title-font-family:var(--h2_typography-font-family);--awb-caption-title-font-weight:var(--h2_typography-font-weight);--awb-caption-title-font-style:var(--h2_typography-font-style);--awb-caption-title-size:var(--h2_typography-font-size);--awb-caption-title-transform:var(--h2_typography-text-transform);--awb-caption-title-line-height:var(--h2_typography-line-height);--awb-caption-title-letter-spacing:var(--h2_typography-letter-spacing);\"><span class=\" fusion-imageframe imageframe-none imageframe-3 hover-type-none\" style=\"border:1px solid #6bbef9;\"><img decoding=\"async\" width=\"600\" height=\"393\" alt=\"Grup CIF - C\u00e1maras frigor\u00edficas - C\u00e1maras frigor\u00edficas modulares\" title=\"Grup CIF &#8211; C\u00e1maras frigor\u00edficas &#8211; C\u00e1maras frigor\u00edficas modulares\" src=\"https:\/\/grupcif.com\/wp-content\/uploads\/2023\/12\/camara_frigorifica3-600x393.webp\" class=\"img-responsive wp-image-143\" srcset=\"https:\/\/grupcif.com\/wp-content\/uploads\/2023\/12\/camara_frigorifica3-200x131.webp 200w, https:\/\/grupcif.com\/wp-content\/uploads\/2023\/12\/camara_frigorifica3-400x262.webp 400w, https:\/\/grupcif.com\/wp-content\/uploads\/2023\/12\/camara_frigorifica3-600x393.webp 600w, https:\/\/grupcif.com\/wp-content\/uploads\/2023\/12\/camara_frigorifica3.webp 787w\" sizes=\"(max-width: 640px) 100vw, 400px\" \/><\/span><\/div><\/div><\/div><div class=\"fusion-layout-column fusion_builder_column fusion-builder-column-9 fusion_builder_column_1_3 1_3 fusion-flex-column\" style=\"--awb-bg-size:cover;--awb-width-large:33.333333333333%;--awb-margin-top-large:0px;--awb-spacing-right-large:5.76%;--awb-margin-bottom-large:20px;--awb-spacing-left-large:5.76%;--awb-width-medium:33.333333333333%;--awb-order-medium:0;--awb-spacing-right-medium:5.76%;--awb-spacing-left-medium:5.76%;--awb-width-small:100%;--awb-order-small:0;--awb-spacing-right-small:1.92%;--awb-spacing-left-small:1.92%;\"><div class=\"fusion-column-wrapper fusion-column-has-shadow fusion-flex-justify-content-flex-start fusion-content-layout-column\"><div class=\"fusion-image-element \" style=\"--awb-caption-title-font-family:var(--h2_typography-font-family);--awb-caption-title-font-weight:var(--h2_typography-font-weight);--awb-caption-title-font-style:var(--h2_typography-font-style);--awb-caption-title-size:var(--h2_typography-font-size);--awb-caption-title-transform:var(--h2_typography-text-transform);--awb-caption-title-line-height:var(--h2_typography-line-height);--awb-caption-title-letter-spacing:var(--h2_typography-letter-spacing);\"><span class=\" fusion-imageframe imageframe-none imageframe-4 hover-type-none\" style=\"border:1px solid #6bbef9;\"><img decoding=\"async\" width=\"600\" height=\"418\" alt=\"Grup CIF - C\u00e1maras frigor\u00edficas - C\u00e1maras frigor\u00edficas modulares\" title=\"Grup CIF &#8211; C\u00e1maras frigor\u00edficas &#8211; C\u00e1maras frigor\u00edficas modulares\" src=\"https:\/\/grupcif.com\/wp-content\/uploads\/2023\/12\/camara_frigorifica4-600x418.webp\" class=\"img-responsive wp-image-144\" srcset=\"https:\/\/grupcif.com\/wp-content\/uploads\/2023\/12\/camara_frigorifica4-200x139.webp 200w, https:\/\/grupcif.com\/wp-content\/uploads\/2023\/12\/camara_frigorifica4-400x279.webp 400w, https:\/\/grupcif.com\/wp-content\/uploads\/2023\/12\/camara_frigorifica4-600x418.webp 600w, https:\/\/grupcif.com\/wp-content\/uploads\/2023\/12\/camara_frigorifica4.webp 740w\" sizes=\"(max-width: 640px) 100vw, 400px\" \/><\/span><\/div><\/div><\/div><div class=\"fusion-layout-column fusion_builder_column fusion-builder-column-10 fusion_builder_column_1_3 1_3 fusion-flex-column\" style=\"--awb-bg-size:cover;--awb-width-large:33.333333333333%;--awb-margin-top-large:0px;--awb-spacing-right-large:5.76%;--awb-margin-bottom-large:20px;--awb-spacing-left-large:5.76%;--awb-width-medium:33.333333333333%;--awb-order-medium:0;--awb-spacing-right-medium:5.76%;--awb-spacing-left-medium:5.76%;--awb-width-small:100%;--awb-order-small:0;--awb-spacing-right-small:1.92%;--awb-spacing-left-small:1.92%;\"><div class=\"fusion-column-wrapper fusion-column-has-shadow fusion-flex-justify-content-flex-start fusion-content-layout-column\"><div class=\"fusion-image-element \" style=\"--awb-caption-title-font-family:var(--h2_typography-font-family);--awb-caption-title-font-weight:var(--h2_typography-font-weight);--awb-caption-title-font-style:var(--h2_typography-font-style);--awb-caption-title-size:var(--h2_typography-font-size);--awb-caption-title-transform:var(--h2_typography-text-transform);--awb-caption-title-line-height:var(--h2_typography-line-height);--awb-caption-title-letter-spacing:var(--h2_typography-letter-spacing);\"><span class=\" fusion-imageframe imageframe-none imageframe-5 hover-type-none\" style=\"border:1px solid #6bbef9;\"><img decoding=\"async\" width=\"531\" height=\"516\" alt=\"Grup CIF - C\u00e1maras frigor\u00edficas - C\u00e1maras frigor\u00edficas modulares\" title=\"Grup CIF &#8211; C\u00e1maras frigor\u00edficas &#8211; C\u00e1maras frigor\u00edficas modulares\" src=\"https:\/\/grupcif.com\/wp-content\/uploads\/2023\/12\/camara_frigorifica5.webp\" class=\"img-responsive wp-image-145\" srcset=\"https:\/\/grupcif.com\/wp-content\/uploads\/2023\/12\/camara_frigorifica5-200x194.webp 200w, https:\/\/grupcif.com\/wp-content\/uploads\/2023\/12\/camara_frigorifica5-400x389.webp 400w, https:\/\/grupcif.com\/wp-content\/uploads\/2023\/12\/camara_frigorifica5.webp 531w\" sizes=\"(max-width: 640px) 100vw, 400px\" \/><\/span><\/div><\/div><\/div><div class=\"fusion-layout-column fusion_builder_column fusion-builder-column-11 fusion_builder_column_1_1 1_1 fusion-flex-column\" style=\"--awb-bg-size:cover;--awb-width-large:100%;--awb-margin-top-large:0px;--awb-spacing-right-large:1.92%;--awb-margin-bottom-large:20px;--awb-spacing-left-large:1.92%;--awb-width-medium:100%;--awb-order-medium:0;--awb-spacing-right-medium:1.92%;--awb-spacing-left-medium:1.92%;--awb-width-small:100%;--awb-order-small:0;--awb-spacing-right-small:1.92%;--awb-spacing-left-small:1.92%;\"><div class=\"fusion-column-wrapper fusion-column-has-shadow fusion-flex-justify-content-flex-start fusion-content-layout-column\"><div class=\"fusion-text fusion-text-8\"><p>Con un solo recinto se pueden hacer dos c\u00e1maras, con un panel divisorio, incluso de puede unir dos c\u00e1maras de diferentes espesores por ejemplo congelaci\u00f3n y refrigeraci\u00f3n.<\/p>\n<\/div><\/div><\/div><div class=\"fusion-layout-column fusion_builder_column fusion-builder-column-12 fusion_builder_column_1_3 1_3 fusion-flex-column\" style=\"--awb-bg-size:cover;--awb-width-large:33.333333333333%;--awb-margin-top-large:0px;--awb-spacing-right-large:5.76%;--awb-margin-bottom-large:20px;--awb-spacing-left-large:5.76%;--awb-width-medium:33.333333333333%;--awb-order-medium:0;--awb-spacing-right-medium:5.76%;--awb-spacing-left-medium:5.76%;--awb-width-small:100%;--awb-order-small:0;--awb-spacing-right-small:1.92%;--awb-spacing-left-small:1.92%;\"><div class=\"fusion-column-wrapper fusion-column-has-shadow fusion-flex-justify-content-flex-start fusion-content-layout-column\"><div class=\"fusion-image-element \" style=\"--awb-caption-title-font-family:var(--h2_typography-font-family);--awb-caption-title-font-weight:var(--h2_typography-font-weight);--awb-caption-title-font-style:var(--h2_typography-font-style);--awb-caption-title-size:var(--h2_typography-font-size);--awb-caption-title-transform:var(--h2_typography-text-transform);--awb-caption-title-line-height:var(--h2_typography-line-height);--awb-caption-title-letter-spacing:var(--h2_typography-letter-spacing);\"><span class=\" fusion-imageframe imageframe-none imageframe-6 hover-type-none\" style=\"border:1px solid #6bbef9;\"><img decoding=\"async\" width=\"600\" height=\"414\" alt=\"Grup CIF - C\u00e1maras frigor\u00edficas - C\u00e1maras frigor\u00edficas modulares\" title=\"Grup CIF &#8211; C\u00e1maras frigor\u00edficas &#8211; C\u00e1maras frigor\u00edficas modulares\" src=\"https:\/\/grupcif.com\/wp-content\/uploads\/2023\/12\/camara_frigorifica6-600x414.webp\" class=\"img-responsive wp-image-152\" srcset=\"https:\/\/grupcif.com\/wp-content\/uploads\/2023\/12\/camara_frigorifica6-200x138.webp 200w, https:\/\/grupcif.com\/wp-content\/uploads\/2023\/12\/camara_frigorifica6-400x276.webp 400w, https:\/\/grupcif.com\/wp-content\/uploads\/2023\/12\/camara_frigorifica6-600x414.webp 600w, https:\/\/grupcif.com\/wp-content\/uploads\/2023\/12\/camara_frigorifica6.webp 748w\" sizes=\"(max-width: 640px) 100vw, 400px\" \/><\/span><\/div><\/div><\/div><div class=\"fusion-layout-column fusion_builder_column fusion-builder-column-13 fusion_builder_column_1_3 1_3 fusion-flex-column\" style=\"--awb-bg-size:cover;--awb-width-large:33.333333333333%;--awb-margin-top-large:0px;--awb-spacing-right-large:5.76%;--awb-margin-bottom-large:20px;--awb-spacing-left-large:5.76%;--awb-width-medium:33.333333333333%;--awb-order-medium:0;--awb-spacing-right-medium:5.76%;--awb-spacing-left-medium:5.76%;--awb-width-small:100%;--awb-order-small:0;--awb-spacing-right-small:1.92%;--awb-spacing-left-small:1.92%;\"><div class=\"fusion-column-wrapper fusion-column-has-shadow fusion-flex-justify-content-flex-start fusion-content-layout-column\"><div class=\"fusion-image-element \" style=\"--awb-caption-title-font-family:var(--h2_typography-font-family);--awb-caption-title-font-weight:var(--h2_typography-font-weight);--awb-caption-title-font-style:var(--h2_typography-font-style);--awb-caption-title-size:var(--h2_typography-font-size);--awb-caption-title-transform:var(--h2_typography-text-transform);--awb-caption-title-line-height:var(--h2_typography-line-height);--awb-caption-title-letter-spacing:var(--h2_typography-letter-spacing);\"><span class=\" fusion-imageframe imageframe-none imageframe-7 hover-type-none\" style=\"border:1px solid #6bbef9;\"><img decoding=\"async\" width=\"600\" height=\"401\" alt=\"Grup CIF - C\u00e1maras frigor\u00edficas - C\u00e1maras frigor\u00edficas modulares\" title=\"Grup CIF &#8211; C\u00e1maras frigor\u00edficas &#8211; C\u00e1maras frigor\u00edficas modulares\" src=\"https:\/\/grupcif.com\/wp-content\/uploads\/2023\/12\/camara_frigorifica7-600x401.webp\" class=\"img-responsive wp-image-153\" srcset=\"https:\/\/grupcif.com\/wp-content\/uploads\/2023\/12\/camara_frigorifica7-200x134.webp 200w, https:\/\/grupcif.com\/wp-content\/uploads\/2023\/12\/camara_frigorifica7-400x267.webp 400w, https:\/\/grupcif.com\/wp-content\/uploads\/2023\/12\/camara_frigorifica7-600x401.webp 600w, https:\/\/grupcif.com\/wp-content\/uploads\/2023\/12\/camara_frigorifica7.webp 772w\" sizes=\"(max-width: 640px) 100vw, 400px\" \/><\/span><\/div><\/div><\/div><div class=\"fusion-layout-column fusion_builder_column fusion-builder-column-14 fusion_builder_column_1_3 1_3 fusion-flex-column\" style=\"--awb-bg-size:cover;--awb-width-large:33.333333333333%;--awb-margin-top-large:0px;--awb-spacing-right-large:5.76%;--awb-margin-bottom-large:20px;--awb-spacing-left-large:5.76%;--awb-width-medium:33.333333333333%;--awb-order-medium:0;--awb-spacing-right-medium:5.76%;--awb-spacing-left-medium:5.76%;--awb-width-small:100%;--awb-order-small:0;--awb-spacing-right-small:1.92%;--awb-spacing-left-small:1.92%;\"><div class=\"fusion-column-wrapper fusion-column-has-shadow fusion-flex-justify-content-flex-start fusion-content-layout-column\"><div class=\"fusion-image-element \" style=\"--awb-caption-title-font-family:var(--h2_typography-font-family);--awb-caption-title-font-weight:var(--h2_typography-font-weight);--awb-caption-title-font-style:var(--h2_typography-font-style);--awb-caption-title-size:var(--h2_typography-font-size);--awb-caption-title-transform:var(--h2_typography-text-transform);--awb-caption-title-line-height:var(--h2_typography-line-height);--awb-caption-title-letter-spacing:var(--h2_typography-letter-spacing);\"><span class=\" fusion-imageframe imageframe-none imageframe-8 hover-type-none\" style=\"border:1px solid #6bbef9;\"><img decoding=\"async\" width=\"582\" height=\"516\" alt=\"Grup CIF - C\u00e1maras frigor\u00edficas - C\u00e1maras frigor\u00edficas modulares\" title=\"Grup CIF &#8211; C\u00e1maras frigor\u00edficas &#8211; C\u00e1maras frigor\u00edficas modulares\" src=\"https:\/\/grupcif.com\/wp-content\/uploads\/2024\/02\/camara_frigorifica8_transparente.webp\" class=\"img-responsive wp-image-569\" srcset=\"https:\/\/grupcif.com\/wp-content\/uploads\/2024\/02\/camara_frigorifica8_transparente-200x177.webp 200w, https:\/\/grupcif.com\/wp-content\/uploads\/2024\/02\/camara_frigorifica8_transparente-400x355.webp 400w, https:\/\/grupcif.com\/wp-content\/uploads\/2024\/02\/camara_frigorifica8_transparente.webp 582w\" sizes=\"(max-width: 640px) 100vw, 400px\" \/><\/span><\/div><\/div><\/div><\/div><\/div><div class=\"fusion-fullwidth fullwidth-box fusion-builder-row-3 fusion-flex-container has-pattern-background has-mask-background nonhundred-percent-fullwidth non-hundred-percent-height-scrolling\" style=\"--awb-border-radius-top-left:0px;--awb-border-radius-top-right:0px;--awb-border-radius-bottom-right:0px;--awb-border-radius-bottom-left:0px;--awb-margin-bottom:20px;--awb-flex-wrap:wrap;\" ><div class=\"fusion-builder-row fusion-row fusion-flex-align-items-flex-start fusion-flex-content-wrap\" style=\"max-width:1331.2px;margin-left: calc(-4% \/ 2 );margin-right: calc(-4% \/ 2 );\"><div class=\"fusion-layout-column fusion_builder_column fusion-builder-column-15 fusion_builder_column_1_1 1_1 fusion-flex-column\" style=\"--awb-bg-size:cover;--awb-width-large:100%;--awb-margin-top-large:0px;--awb-spacing-right-large:1.92%;--awb-margin-bottom-large:20px;--awb-spacing-left-large:1.92%;--awb-width-medium:100%;--awb-order-medium:0;--awb-spacing-right-medium:1.92%;--awb-spacing-left-medium:1.92%;--awb-width-small:100%;--awb-order-small:0;--awb-spacing-right-small:1.92%;--awb-spacing-left-small:1.92%;\"><div class=\"fusion-column-wrapper fusion-column-has-shadow fusion-flex-justify-content-flex-start fusion-content-layout-column\"><div class=\"fusion-text fusion-text-9\"><h2 style=\"text-align: center;\">C\u00e1maras frigor\u00edficas, con panel industrial<\/h2>\n<p>Para formar c\u00e1maras frigor\u00edficas de gran tama\u00f1o o con la necesidad de adaptar la c\u00e1mara al espacio existente, salvar columnas, diferentes desniveles, etc., utilizamos panel industrial de gran calidad.<\/p>\n<p>Panel s\u00e1ndwich de poliuretano inyectado con junta seca machihembrada y sistema de cierre con ganchos exc\u00e9ntricos. A la hora de unir los paneles el apriete es gradual e uniforme, llegando a realizarse un cierre homog\u00e9neo y de gran calidad, con la consiguiente disminuci\u00f3n de p\u00e9rdidas de temperatura en el interior de las c\u00e1maras frigor\u00edficas. Con una densidad 40kg\/m3.<\/p>\n<ul>\n<li>Se pueden suministrar en espesores de: 40mm (sin gancho), 60, 80, 100, 125, 150, 175, 200, 225 y 250mm.<\/li>\n<li>Se construyen en: chapa pre-lacada, plastificada, acero inoxidable AISI304 o 316, galvanizada o en poli\u00e9ster. Aluminio lacado blanco y para suelos con madera fen\u00f3lica.<\/li>\n<\/ul>\n<\/div><\/div><\/div><\/div><\/div><div class=\"fusion-fullwidth fullwidth-box fusion-builder-row-4 fusion-flex-container has-pattern-background has-mask-background nonhundred-percent-fullwidth non-hundred-percent-height-scrolling fusion-no-small-visibility\" style=\"--awb-border-radius-top-left:0px;--awb-border-radius-top-right:0px;--awb-border-radius-bottom-right:0px;--awb-border-radius-bottom-left:0px;--awb-padding-top:10px;--awb-padding-right:10px;--awb-padding-bottom:10px;--awb-padding-left:10px;--awb-margin-bottom:30px;--awb-background-color:#6bbef9;--awb-flex-wrap:wrap;\" ><div class=\"fusion-builder-row fusion-row fusion-flex-align-items-flex-start fusion-flex-content-wrap\" style=\"max-width:1331.2px;margin-left: calc(-4% \/ 2 );margin-right: calc(-4% \/ 2 );\"><div class=\"fusion-layout-column fusion_builder_column fusion-builder-column-16 fusion_builder_column_1_2 1_2 fusion-flex-column content-golden\" style=\"--awb-bg-size:cover;--awb-width-large:50%;--awb-margin-top-large:0px;--awb-spacing-right-large:3.84%;--awb-margin-bottom-large:20px;--awb-spacing-left-large:3.84%;--awb-width-medium:50%;--awb-order-medium:0;--awb-spacing-right-medium:3.84%;--awb-spacing-left-medium:3.84%;--awb-width-small:100%;--awb-order-small:0;--awb-spacing-right-small:1.92%;--awb-spacing-left-small:1.92%;\" data-scroll-devices=\"small-visibility,medium-visibility,large-visibility\"><div class=\"fusion-column-wrapper fusion-column-has-shadow fusion-flex-justify-content-flex-start fusion-content-layout-column\"><div class=\"fusion-text fusion-text-10\" style=\"--awb-text-color:#151412;\"><h3 style=\"text-align: center;\">C\u00e1maras frigor\u00edficas industriales a medida, adaptadas totalmente al espacio<\/h3>\n<p style=\"font-weight: 400;\">A continuaci\u00f3n mostramos el proceso de adaptaci\u00f3n de una c\u00e1mara al espacio existente, desde la nave vac\u00eda hasta culminar la c\u00e1mara con las estanter\u00edas,\u00a0<b>vea todo el proceso:<\/b><\/p>\n<\/div><div class=\"fusion-image-carousel fusion-image-carousel-auto fusion-image-carousel-1 lightbox-enabled\"><div class=\"awb-carousel awb-swiper awb-swiper-carousel awb-carousel--carousel awb-swiper-dots-position-bottom\" data-layout=\"carousel\" data-autoplay=\"yes\" data-autoplayspeed=\"5000\" data-autoplaypause=\"no\" data-loop=\"yes\" data-columns=\"1\" data-columnsmedium=\"1\" data-columnssmall=\"1\" data-itemmargin=\"13\" data-itemwidth=\"180\" data-touchscroll=\"no\" data-freemode=\"no\" data-imagesize=\"auto\" data-scrollitems=\"0\" data-centeredslides=\"no\" data-rotationangle=\"50\" data-depth=\"100\" data-speed=\"500\" data-shadow=\"no\" data-pagination=\"bullets\" style=\"--awb-columns:1;\"><div class=\"swiper-wrapper awb-image-carousel-wrapper fusion-flex-align-items-center\"><div class=\"swiper-slide\"><div class=\"fusion-carousel-item-wrapper\"><div class=\"fusion-image-wrapper hover-type-none\"><a data-rel=\"iLightbox[image_carousel_1]\" data-caption=\"Antes 1\" data-title=\"Grup CIF &#8211; C\u00e1maras frigor\u00edficas &#8211; C\u00e1maras frigor\u00edficas, con panel industrial &#8211; C\u00e1mara frigor\u00edfica a medida, adaptada totalmente al espacio\" aria-label=\"Grup CIF &#8211; C\u00e1maras frigor\u00edficas &#8211; C\u00e1maras frigor\u00edficas, con panel industrial &#8211; C\u00e1mara frigor\u00edfica a medida, adaptada totalmente al espacio\" href=\"https:\/\/grupcif.com\/wp-content\/uploads\/2023\/12\/Camara_frigorifica_medida1.webp\" target=\"_self\"><img decoding=\"async\" width=\"464\" height=\"400\" src=\"https:\/\/grupcif.com\/wp-content\/uploads\/2023\/12\/Camara_frigorifica_medida1.webp\" class=\"attachment-full size-full\" alt=\"Grup CIF - C\u00e1maras frigor\u00edficas - C\u00e1maras frigor\u00edficas, con panel industrial - C\u00e1mara frigor\u00edfica a medida, adaptada totalmente al espacio\" srcset=\"https:\/\/grupcif.com\/wp-content\/uploads\/2023\/12\/Camara_frigorifica_medida1-200x172.webp 200w, https:\/\/grupcif.com\/wp-content\/uploads\/2023\/12\/Camara_frigorifica_medida1-300x259.webp 300w, https:\/\/grupcif.com\/wp-content\/uploads\/2023\/12\/Camara_frigorifica_medida1-400x345.webp 400w, https:\/\/grupcif.com\/wp-content\/uploads\/2023\/12\/Camara_frigorifica_medida1.webp 464w\" sizes=\"(max-width: 464px) 100vw, 464px\" \/><\/a><\/div><\/div><\/div><div class=\"swiper-slide\"><div class=\"fusion-carousel-item-wrapper\"><div class=\"fusion-image-wrapper hover-type-none\"><a data-rel=\"iLightbox[image_carousel_1]\" data-caption=\"C\u00e1mara frigor\u00edfica 1\" data-title=\"Grup CIF &#8211; C\u00e1maras frigor\u00edficas &#8211; C\u00e1maras frigor\u00edficas, con panel industrial &#8211; C\u00e1mara frigor\u00edfica a medida, adaptada totalmente al espacio\" aria-label=\"Grup CIF &#8211; C\u00e1maras frigor\u00edficas &#8211; C\u00e1maras frigor\u00edficas, con panel industrial &#8211; C\u00e1mara frigor\u00edfica a medida, adaptada totalmente al espacio\" href=\"https:\/\/grupcif.com\/wp-content\/uploads\/2023\/12\/Camara_frigorifica_medida2.webp\" target=\"_self\"><img decoding=\"async\" width=\"495\" height=\"392\" src=\"https:\/\/grupcif.com\/wp-content\/uploads\/2023\/12\/Camara_frigorifica_medida2.webp\" class=\"attachment-full size-full\" alt=\"Grup CIF - C\u00e1maras frigor\u00edficas - C\u00e1maras frigor\u00edficas, con panel industrial - C\u00e1mara frigor\u00edfica a medida, adaptada totalmente al espacio\" srcset=\"https:\/\/grupcif.com\/wp-content\/uploads\/2023\/12\/Camara_frigorifica_medida2-200x158.webp 200w, https:\/\/grupcif.com\/wp-content\/uploads\/2023\/12\/Camara_frigorifica_medida2-300x238.webp 300w, https:\/\/grupcif.com\/wp-content\/uploads\/2023\/12\/Camara_frigorifica_medida2-400x317.webp 400w, https:\/\/grupcif.com\/wp-content\/uploads\/2023\/12\/Camara_frigorifica_medida2.webp 495w\" sizes=\"(max-width: 495px) 100vw, 495px\" \/><\/a><\/div><\/div><\/div><div class=\"swiper-slide\"><div class=\"fusion-carousel-item-wrapper\"><div class=\"fusion-image-wrapper hover-type-none\"><a data-rel=\"iLightbox[image_carousel_1]\" data-caption=\"C\u00e1mara frigor\u00edfica 2\" data-title=\"Grup CIF &#8211; C\u00e1maras frigor\u00edficas &#8211; C\u00e1maras frigor\u00edficas, con panel industrial &#8211; C\u00e1mara frigor\u00edfica a medida, adaptada totalmente al espacio\" aria-label=\"Grup CIF &#8211; C\u00e1maras frigor\u00edficas &#8211; C\u00e1maras frigor\u00edficas, con panel industrial &#8211; C\u00e1mara frigor\u00edfica a medida, adaptada totalmente al espacio\" href=\"https:\/\/grupcif.com\/wp-content\/uploads\/2023\/12\/Camara_frigorifica_medida3.webp\" target=\"_self\"><img decoding=\"async\" width=\"553\" height=\"384\" src=\"https:\/\/grupcif.com\/wp-content\/uploads\/2023\/12\/Camara_frigorifica_medida3.webp\" class=\"attachment-full size-full\" alt=\"Grup CIF - C\u00e1maras frigor\u00edficas - C\u00e1maras frigor\u00edficas, con panel industrial - C\u00e1mara frigor\u00edfica a medida, adaptada totalmente al espacio\" srcset=\"https:\/\/grupcif.com\/wp-content\/uploads\/2023\/12\/Camara_frigorifica_medida3-200x139.webp 200w, https:\/\/grupcif.com\/wp-content\/uploads\/2023\/12\/Camara_frigorifica_medida3-300x208.webp 300w, https:\/\/grupcif.com\/wp-content\/uploads\/2023\/12\/Camara_frigorifica_medida3-400x278.webp 400w, https:\/\/grupcif.com\/wp-content\/uploads\/2023\/12\/Camara_frigorifica_medida3.webp 553w\" sizes=\"(max-width: 553px) 100vw, 553px\" \/><\/a><\/div><\/div><\/div><div class=\"swiper-slide\"><div class=\"fusion-carousel-item-wrapper\"><div class=\"fusion-image-wrapper hover-type-none\"><a data-rel=\"iLightbox[image_carousel_1]\" data-caption=\"C\u00e1mara frigor\u00edfica 3\" data-title=\"Grup CIF &#8211; C\u00e1maras frigor\u00edficas &#8211; C\u00e1maras frigor\u00edficas, con panel industrial &#8211; C\u00e1mara frigor\u00edfica a medida, adaptada totalmente al espacio\" aria-label=\"Grup CIF &#8211; C\u00e1maras frigor\u00edficas &#8211; C\u00e1maras frigor\u00edficas, con panel industrial &#8211; C\u00e1mara frigor\u00edfica a medida, adaptada totalmente al espacio\" href=\"https:\/\/grupcif.com\/wp-content\/uploads\/2023\/12\/Camara_frigorifica_medida4.webp\" target=\"_self\"><img decoding=\"async\" width=\"507\" height=\"345\" src=\"https:\/\/grupcif.com\/wp-content\/uploads\/2023\/12\/Camara_frigorifica_medida4.webp\" class=\"attachment-full size-full\" alt=\"Grup CIF - C\u00e1maras frigor\u00edficas - C\u00e1maras frigor\u00edficas, con panel industrial - C\u00e1mara frigor\u00edfica a medida, adaptada totalmente al espacio\" srcset=\"https:\/\/grupcif.com\/wp-content\/uploads\/2023\/12\/Camara_frigorifica_medida4-200x136.webp 200w, https:\/\/grupcif.com\/wp-content\/uploads\/2023\/12\/Camara_frigorifica_medida4-300x204.webp 300w, https:\/\/grupcif.com\/wp-content\/uploads\/2023\/12\/Camara_frigorifica_medida4-400x272.webp 400w, https:\/\/grupcif.com\/wp-content\/uploads\/2023\/12\/Camara_frigorifica_medida4.webp 507w\" sizes=\"(max-width: 507px) 100vw, 507px\" \/><\/a><\/div><\/div><\/div><div class=\"swiper-slide\"><div class=\"fusion-carousel-item-wrapper\"><div class=\"fusion-image-wrapper hover-type-none\"><a data-rel=\"iLightbox[image_carousel_1]\" data-caption=\"C\u00e1mara frigor\u00edfica 4\" data-title=\"Grup CIF &#8211; C\u00e1maras frigor\u00edficas &#8211; C\u00e1maras frigor\u00edficas, con panel industrial &#8211; C\u00e1mara frigor\u00edfica a medida, adaptada totalmente al espacio\" aria-label=\"Grup CIF &#8211; C\u00e1maras frigor\u00edficas &#8211; C\u00e1maras frigor\u00edficas, con panel industrial &#8211; C\u00e1mara frigor\u00edfica a medida, adaptada totalmente al espacio\" href=\"https:\/\/grupcif.com\/wp-content\/uploads\/2023\/12\/Camara_frigorifica_medida5.webp\" target=\"_self\"><img decoding=\"async\" width=\"469\" height=\"395\" src=\"https:\/\/grupcif.com\/wp-content\/uploads\/2023\/12\/Camara_frigorifica_medida5.webp\" class=\"attachment-full size-full\" alt=\"Grup CIF - C\u00e1maras frigor\u00edficas - C\u00e1maras frigor\u00edficas, con panel industrial - C\u00e1mara frigor\u00edfica a medida, adaptada totalmente al espacio\" srcset=\"https:\/\/grupcif.com\/wp-content\/uploads\/2023\/12\/Camara_frigorifica_medida5-200x168.webp 200w, https:\/\/grupcif.com\/wp-content\/uploads\/2023\/12\/Camara_frigorifica_medida5-300x253.webp 300w, https:\/\/grupcif.com\/wp-content\/uploads\/2023\/12\/Camara_frigorifica_medida5-400x337.webp 400w, https:\/\/grupcif.com\/wp-content\/uploads\/2023\/12\/Camara_frigorifica_medida5.webp 469w\" sizes=\"(max-width: 469px) 100vw, 469px\" \/><\/a><\/div><\/div><\/div><div class=\"swiper-slide\"><div class=\"fusion-carousel-item-wrapper\"><div class=\"fusion-image-wrapper hover-type-none\"><a data-rel=\"iLightbox[image_carousel_1]\" data-caption=\"C\u00e1mara frigor\u00edfica 6\" data-title=\"Grup CIF &#8211; C\u00e1maras frigor\u00edficas &#8211; C\u00e1maras frigor\u00edficas, con panel industrial &#8211; C\u00e1mara frigor\u00edfica a medida, adaptada totalmente al espacio\" aria-label=\"Grup CIF &#8211; C\u00e1maras frigor\u00edficas &#8211; C\u00e1maras frigor\u00edficas, con panel industrial &#8211; C\u00e1mara frigor\u00edfica a medida, adaptada totalmente al espacio\" href=\"https:\/\/grupcif.com\/wp-content\/uploads\/2023\/12\/Camara_frigorifica_medida6.webp\" target=\"_self\"><img decoding=\"async\" width=\"466\" height=\"396\" src=\"https:\/\/grupcif.com\/wp-content\/uploads\/2023\/12\/Camara_frigorifica_medida6.webp\" class=\"attachment-full size-full\" alt=\"Grup CIF - C\u00e1maras frigor\u00edficas - C\u00e1maras frigor\u00edficas, con panel industrial - C\u00e1mara frigor\u00edfica a medida, adaptada totalmente al espacio\" srcset=\"https:\/\/grupcif.com\/wp-content\/uploads\/2023\/12\/Camara_frigorifica_medida6-200x170.webp 200w, https:\/\/grupcif.com\/wp-content\/uploads\/2023\/12\/Camara_frigorifica_medida6-300x255.webp 300w, https:\/\/grupcif.com\/wp-content\/uploads\/2023\/12\/Camara_frigorifica_medida6-400x340.webp 400w, https:\/\/grupcif.com\/wp-content\/uploads\/2023\/12\/Camara_frigorifica_medida6.webp 466w\" sizes=\"(max-width: 466px) 100vw, 466px\" \/><\/a><\/div><\/div><\/div><div class=\"swiper-slide\"><div class=\"fusion-carousel-item-wrapper\"><div class=\"fusion-image-wrapper hover-type-none\"><a data-rel=\"iLightbox[image_carousel_1]\" data-caption=\"C\u00e1mara frigor\u00edfica 5\" data-title=\"Grup CIF &#8211; C\u00e1maras frigor\u00edficas &#8211; C\u00e1maras frigor\u00edficas, con panel industrial &#8211; C\u00e1mara frigor\u00edfica a medida, adaptada totalmente al espacio\" aria-label=\"Grup CIF &#8211; C\u00e1maras frigor\u00edficas &#8211; C\u00e1maras frigor\u00edficas, con panel industrial &#8211; C\u00e1mara frigor\u00edfica a medida, adaptada totalmente al espacio\" href=\"https:\/\/grupcif.com\/wp-content\/uploads\/2023\/12\/Camara_frigorifica_medida7.webp\" target=\"_self\"><img decoding=\"async\" width=\"466\" height=\"394\" src=\"https:\/\/grupcif.com\/wp-content\/uploads\/2023\/12\/Camara_frigorifica_medida7.webp\" class=\"attachment-full size-full\" alt=\"Grup CIF - C\u00e1maras frigor\u00edficas - C\u00e1maras frigor\u00edficas, con panel industrial - C\u00e1mara frigor\u00edfica a medida, adaptada totalmente al espacio\" srcset=\"https:\/\/grupcif.com\/wp-content\/uploads\/2023\/12\/Camara_frigorifica_medida7-200x169.webp 200w, https:\/\/grupcif.com\/wp-content\/uploads\/2023\/12\/Camara_frigorifica_medida7-300x254.webp 300w, https:\/\/grupcif.com\/wp-content\/uploads\/2023\/12\/Camara_frigorifica_medida7-400x338.webp 400w, https:\/\/grupcif.com\/wp-content\/uploads\/2023\/12\/Camara_frigorifica_medida7.webp 466w\" sizes=\"(max-width: 466px) 100vw, 466px\" \/><\/a><\/div><\/div><\/div><div class=\"swiper-slide\"><div class=\"fusion-carousel-item-wrapper\"><div class=\"fusion-image-wrapper hover-type-none\"><a data-rel=\"iLightbox[image_carousel_1]\" data-caption=\"C\u00e1mara frigor\u00edfica estanter\u00eda\" data-title=\"Grup CIF &#8211; C\u00e1maras frigor\u00edficas &#8211; C\u00e1maras frigor\u00edficas, con panel industrial &#8211; C\u00e1mara frigor\u00edfica a medida, adaptada totalmente al espacio\" aria-label=\"Grup CIF &#8211; C\u00e1maras frigor\u00edficas &#8211; C\u00e1maras frigor\u00edficas, con panel industrial &#8211; C\u00e1mara frigor\u00edfica a medida, adaptada totalmente al espacio\" href=\"https:\/\/grupcif.com\/wp-content\/uploads\/2023\/12\/Camara_frigorifica_medida8.webp\" target=\"_self\"><img decoding=\"async\" width=\"467\" height=\"392\" src=\"https:\/\/grupcif.com\/wp-content\/uploads\/2023\/12\/Camara_frigorifica_medida8.webp\" class=\"attachment-full size-full\" alt=\"Grup CIF - C\u00e1maras frigor\u00edficas - C\u00e1maras frigor\u00edficas, con panel industrial - C\u00e1mara frigor\u00edfica a medida, adaptada totalmente al espacio\" srcset=\"https:\/\/grupcif.com\/wp-content\/uploads\/2023\/12\/Camara_frigorifica_medida8-200x168.webp 200w, https:\/\/grupcif.com\/wp-content\/uploads\/2023\/12\/Camara_frigorifica_medida8-300x252.webp 300w, https:\/\/grupcif.com\/wp-content\/uploads\/2023\/12\/Camara_frigorifica_medida8-400x336.webp 400w, https:\/\/grupcif.com\/wp-content\/uploads\/2023\/12\/Camara_frigorifica_medida8.webp 467w\" sizes=\"(max-width: 467px) 100vw, 467px\" \/><\/a><\/div><\/div><\/div><div class=\"swiper-slide\"><div class=\"fusion-carousel-item-wrapper\"><div class=\"fusion-image-wrapper hover-type-none\"><a data-rel=\"iLightbox[image_carousel_1]\" data-caption=\"M\u00e1quina c\u00e1mara frigor\u00edfica\" data-title=\"Grup CIF &#8211; C\u00e1maras frigor\u00edficas &#8211; C\u00e1maras frigor\u00edficas, con panel industrial &#8211; C\u00e1mara frigor\u00edfica a medida, adaptada totalmente al espacio\" aria-label=\"Grup CIF &#8211; C\u00e1maras frigor\u00edficas &#8211; C\u00e1maras frigor\u00edficas, con panel industrial &#8211; C\u00e1mara frigor\u00edfica a medida, adaptada totalmente al espacio\" href=\"https:\/\/grupcif.com\/wp-content\/uploads\/2023\/12\/Camara_frigorifica_medida9.webp\" target=\"_self\"><img decoding=\"async\" width=\"462\" height=\"393\" src=\"https:\/\/grupcif.com\/wp-content\/uploads\/2023\/12\/Camara_frigorifica_medida9.webp\" class=\"attachment-full size-full\" alt=\"Grup CIF - C\u00e1maras frigor\u00edficas - C\u00e1maras frigor\u00edficas, con panel industrial - C\u00e1mara frigor\u00edfica a medida, adaptada totalmente al espacio\" srcset=\"https:\/\/grupcif.com\/wp-content\/uploads\/2023\/12\/Camara_frigorifica_medida9-200x170.webp 200w, https:\/\/grupcif.com\/wp-content\/uploads\/2023\/12\/Camara_frigorifica_medida9-300x255.webp 300w, https:\/\/grupcif.com\/wp-content\/uploads\/2023\/12\/Camara_frigorifica_medida9-400x340.webp 400w, https:\/\/grupcif.com\/wp-content\/uploads\/2023\/12\/Camara_frigorifica_medida9.webp 462w\" sizes=\"(max-width: 462px) 100vw, 462px\" \/><\/a><\/div><\/div><\/div><\/div><div class=\"awb-swiper-button awb-swiper-button-prev\"><i class=\"awb-icon-angle-left\" aria-hidden=\"true\"><\/i><\/div><div class=\"awb-swiper-button awb-swiper-button-next\"><i class=\"awb-icon-angle-right\" aria-hidden=\"true\"><\/i><\/div><\/div><\/div><\/div><\/div><div class=\"fusion-layout-column fusion_builder_column fusion-builder-column-17 fusion_builder_column_1_2 1_2 fusion-flex-column content-golden\" style=\"--awb-bg-size:cover;--awb-width-large:50%;--awb-margin-top-large:0px;--awb-spacing-right-large:3.84%;--awb-margin-bottom-large:20px;--awb-spacing-left-large:3.84%;--awb-width-medium:50%;--awb-order-medium:0;--awb-spacing-right-medium:3.84%;--awb-spacing-left-medium:3.84%;--awb-width-small:100%;--awb-order-small:0;--awb-spacing-right-small:1.92%;--awb-spacing-left-small:1.92%;\" data-scroll-devices=\"small-visibility,medium-visibility,large-visibility\"><div class=\"fusion-column-wrapper fusion-column-has-shadow fusion-flex-justify-content-flex-start fusion-content-layout-column\"><div class=\"fusion-text fusion-text-11\" style=\"--awb-content-alignment:center;--awb-text-color:#151412;\"><h3>C\u00e1maras frigor\u00edficas est\u00e1ndar, modulares, conjunto de c\u00e1mara, industriales y de gran volumen, con puertas de cristal, correderas o pivotantes<\/h3>\n<\/div><div class=\"fusion-image-carousel fusion-image-carousel-auto fusion-image-carousel-2 lightbox-enabled\"><div class=\"awb-carousel awb-swiper awb-swiper-carousel awb-carousel--carousel awb-swiper-dots-position-bottom\" data-layout=\"carousel\" data-autoplay=\"yes\" data-autoplayspeed=\"5000\" data-autoplaypause=\"no\" data-loop=\"yes\" data-columns=\"1\" data-columnsmedium=\"1\" data-columnssmall=\"1\" data-itemmargin=\"13\" data-itemwidth=\"180\" data-touchscroll=\"no\" data-freemode=\"no\" data-imagesize=\"auto\" data-scrollitems=\"0\" data-centeredslides=\"no\" data-rotationangle=\"50\" data-depth=\"100\" data-speed=\"500\" data-shadow=\"no\" data-pagination=\"bullets\" style=\"--awb-columns:1;\"><div class=\"swiper-wrapper awb-image-carousel-wrapper fusion-flex-align-items-center\"><div class=\"swiper-slide\"><div class=\"fusion-carousel-item-wrapper\"><div class=\"fusion-image-wrapper hover-type-none\"><a data-rel=\"iLightbox[image_carousel_2]\" data-caption=\"C\u00e1mara 1\" data-title=\"Grup CIF &#8211; C\u00e1maras frigor\u00edficas &#8211; C\u00e1maras frigor\u00edficas, con panel industrial &#8211; C\u00e1maras frigor\u00edficas est\u00e1ndar, modulares, conjunto de c\u00e1mara, industriales y de gran volumen, con puertas de cristal, correderas o pivotantes\" aria-label=\"Grup CIF &#8211; C\u00e1maras frigor\u00edficas &#8211; C\u00e1maras frigor\u00edficas, con panel industrial &#8211; C\u00e1maras frigor\u00edficas est\u00e1ndar, modulares, conjunto de c\u00e1mara, industriales y de gran volumen, con puertas de cristal, correderas o pivotantes\" href=\"https:\/\/grupcif.com\/wp-content\/uploads\/2024\/02\/camara1.webp\" target=\"_self\"><img decoding=\"async\" width=\"1280\" height=\"720\" src=\"https:\/\/grupcif.com\/wp-content\/uploads\/2024\/02\/camara1.webp\" class=\"attachment-full size-full\" alt=\"Grup CIF - C\u00e1maras frigor\u00edficas - C\u00e1maras frigor\u00edficas, con panel industrial - C\u00e1maras frigor\u00edficas est\u00e1ndar, modulares, conjunto de c\u00e1mara, industriales y de gran volumen, con puertas de cristal, correderas o pivotantes\" srcset=\"https:\/\/grupcif.com\/wp-content\/uploads\/2024\/02\/camara1-200x113.webp 200w, https:\/\/grupcif.com\/wp-content\/uploads\/2024\/02\/camara1-300x169.webp 300w, https:\/\/grupcif.com\/wp-content\/uploads\/2024\/02\/camara1-400x225.webp 400w, https:\/\/grupcif.com\/wp-content\/uploads\/2024\/02\/camara1-600x338.webp 600w, https:\/\/grupcif.com\/wp-content\/uploads\/2024\/02\/camara1-768x432.webp 768w, https:\/\/grupcif.com\/wp-content\/uploads\/2024\/02\/camara1-800x450.webp 800w, https:\/\/grupcif.com\/wp-content\/uploads\/2024\/02\/camara1-1024x576.webp 1024w, https:\/\/grupcif.com\/wp-content\/uploads\/2024\/02\/camara1-1200x675.webp 1200w, https:\/\/grupcif.com\/wp-content\/uploads\/2024\/02\/camara1.webp 1280w\" sizes=\"(max-width: 1280px) 100vw, 1280px\" \/><\/a><\/div><\/div><\/div><div class=\"swiper-slide\"><div class=\"fusion-carousel-item-wrapper\"><div class=\"fusion-image-wrapper hover-type-none\"><a data-rel=\"iLightbox[image_carousel_2]\" data-caption=\"C\u00e1mara 2\" data-title=\"Grup CIF &#8211; C\u00e1maras frigor\u00edficas &#8211; C\u00e1maras frigor\u00edficas, con panel industrial &#8211; C\u00e1maras frigor\u00edficas est\u00e1ndar, modulares, conjunto de c\u00e1mara, industriales y de gran volumen, con puertas de cristal, correderas o pivotantes\" aria-label=\"Grup CIF &#8211; C\u00e1maras frigor\u00edficas &#8211; C\u00e1maras frigor\u00edficas, con panel industrial &#8211; C\u00e1maras frigor\u00edficas est\u00e1ndar, modulares, conjunto de c\u00e1mara, industriales y de gran volumen, con puertas de cristal, correderas o pivotantes\" href=\"https:\/\/grupcif.com\/wp-content\/uploads\/2024\/02\/camara2.webp\" target=\"_self\"><img decoding=\"async\" width=\"1280\" height=\"720\" src=\"https:\/\/grupcif.com\/wp-content\/uploads\/2024\/02\/camara2.webp\" class=\"attachment-full size-full\" alt=\"Grup CIF - C\u00e1maras frigor\u00edficas - C\u00e1maras frigor\u00edficas, con panel industrial - C\u00e1maras frigor\u00edficas est\u00e1ndar, modulares, conjunto de c\u00e1mara, industriales y de gran volumen, con puertas de cristal, correderas o pivotantes\" srcset=\"https:\/\/grupcif.com\/wp-content\/uploads\/2024\/02\/camara2-200x113.webp 200w, https:\/\/grupcif.com\/wp-content\/uploads\/2024\/02\/camara2-300x169.webp 300w, https:\/\/grupcif.com\/wp-content\/uploads\/2024\/02\/camara2-400x225.webp 400w, https:\/\/grupcif.com\/wp-content\/uploads\/2024\/02\/camara2-600x338.webp 600w, https:\/\/grupcif.com\/wp-content\/uploads\/2024\/02\/camara2-768x432.webp 768w, https:\/\/grupcif.com\/wp-content\/uploads\/2024\/02\/camara2-800x450.webp 800w, https:\/\/grupcif.com\/wp-content\/uploads\/2024\/02\/camara2-1024x576.webp 1024w, https:\/\/grupcif.com\/wp-content\/uploads\/2024\/02\/camara2-1200x675.webp 1200w, https:\/\/grupcif.com\/wp-content\/uploads\/2024\/02\/camara2.webp 1280w\" sizes=\"(max-width: 1280px) 100vw, 1280px\" \/><\/a><\/div><\/div><\/div><div class=\"swiper-slide\"><div class=\"fusion-carousel-item-wrapper\"><div class=\"fusion-image-wrapper hover-type-none\"><a data-rel=\"iLightbox[image_carousel_2]\" data-caption=\"C\u00e1mara 3\" data-title=\"Grup CIF &#8211; C\u00e1maras frigor\u00edficas &#8211; C\u00e1maras frigor\u00edficas, con panel industrial &#8211; C\u00e1maras frigor\u00edficas est\u00e1ndar, modulares, conjunto de c\u00e1mara, industriales y de gran volumen, con puertas de cristal, correderas o pivotantes\" aria-label=\"Grup CIF &#8211; C\u00e1maras frigor\u00edficas &#8211; C\u00e1maras frigor\u00edficas, con panel industrial &#8211; C\u00e1maras frigor\u00edficas est\u00e1ndar, modulares, conjunto de c\u00e1mara, industriales y de gran volumen, con puertas de cristal, correderas o pivotantes\" href=\"https:\/\/grupcif.com\/wp-content\/uploads\/2024\/02\/camara3.webp\" target=\"_self\"><img decoding=\"async\" width=\"1280\" height=\"720\" src=\"https:\/\/grupcif.com\/wp-content\/uploads\/2024\/02\/camara3.webp\" class=\"attachment-full size-full\" alt=\"Grup CIF - C\u00e1maras frigor\u00edficas - C\u00e1maras frigor\u00edficas, con panel industrial - C\u00e1maras frigor\u00edficas est\u00e1ndar, modulares, conjunto de c\u00e1mara, industriales y de gran volumen, con puertas de cristal, correderas o pivotantes\" srcset=\"https:\/\/grupcif.com\/wp-content\/uploads\/2024\/02\/camara3-200x113.webp 200w, https:\/\/grupcif.com\/wp-content\/uploads\/2024\/02\/camara3-300x169.webp 300w, https:\/\/grupcif.com\/wp-content\/uploads\/2024\/02\/camara3-400x225.webp 400w, https:\/\/grupcif.com\/wp-content\/uploads\/2024\/02\/camara3-600x338.webp 600w, https:\/\/grupcif.com\/wp-content\/uploads\/2024\/02\/camara3-768x432.webp 768w, https:\/\/grupcif.com\/wp-content\/uploads\/2024\/02\/camara3-800x450.webp 800w, https:\/\/grupcif.com\/wp-content\/uploads\/2024\/02\/camara3-1024x576.webp 1024w, https:\/\/grupcif.com\/wp-content\/uploads\/2024\/02\/camara3-1200x675.webp 1200w, https:\/\/grupcif.com\/wp-content\/uploads\/2024\/02\/camara3.webp 1280w\" sizes=\"(max-width: 1280px) 100vw, 1280px\" \/><\/a><\/div><\/div><\/div><div class=\"swiper-slide\"><div class=\"fusion-carousel-item-wrapper\"><div class=\"fusion-image-wrapper hover-type-none\"><a data-rel=\"iLightbox[image_carousel_2]\" data-caption=\"C\u00e1mara 5\" data-title=\"Grup CIF &#8211; C\u00e1maras frigor\u00edficas &#8211; C\u00e1maras frigor\u00edficas, con panel industrial &#8211; C\u00e1maras frigor\u00edficas est\u00e1ndar, modulares, conjunto de c\u00e1mara, industriales y de gran volumen, con puertas de cristal, correderas o pivotantes\" aria-label=\"Grup CIF &#8211; C\u00e1maras frigor\u00edficas &#8211; C\u00e1maras frigor\u00edficas, con panel industrial &#8211; C\u00e1maras frigor\u00edficas est\u00e1ndar, modulares, conjunto de c\u00e1mara, industriales y de gran volumen, con puertas de cristal, correderas o pivotantes\" href=\"https:\/\/grupcif.com\/wp-content\/uploads\/2024\/02\/camara5.webp\" target=\"_self\"><img decoding=\"async\" width=\"1280\" height=\"622\" src=\"https:\/\/grupcif.com\/wp-content\/uploads\/2024\/02\/camara5.webp\" class=\"attachment-full size-full\" alt=\"Grup CIF - C\u00e1maras frigor\u00edficas - C\u00e1maras frigor\u00edficas, con panel industrial - C\u00e1maras frigor\u00edficas est\u00e1ndar, modulares, conjunto de c\u00e1mara, industriales y de gran volumen, con puertas de cristal, correderas o pivotantes\" srcset=\"https:\/\/grupcif.com\/wp-content\/uploads\/2024\/02\/camara5-200x97.webp 200w, https:\/\/grupcif.com\/wp-content\/uploads\/2024\/02\/camara5-300x146.webp 300w, https:\/\/grupcif.com\/wp-content\/uploads\/2024\/02\/camara5-400x194.webp 400w, https:\/\/grupcif.com\/wp-content\/uploads\/2024\/02\/camara5-600x292.webp 600w, https:\/\/grupcif.com\/wp-content\/uploads\/2024\/02\/camara5-768x373.webp 768w, https:\/\/grupcif.com\/wp-content\/uploads\/2024\/02\/camara5-800x389.webp 800w, https:\/\/grupcif.com\/wp-content\/uploads\/2024\/02\/camara5-1024x498.webp 1024w, https:\/\/grupcif.com\/wp-content\/uploads\/2024\/02\/camara5-1200x583.webp 1200w, https:\/\/grupcif.com\/wp-content\/uploads\/2024\/02\/camara5.webp 1280w\" sizes=\"(max-width: 1280px) 100vw, 1280px\" \/><\/a><\/div><\/div><\/div><div class=\"swiper-slide\"><div class=\"fusion-carousel-item-wrapper\"><div class=\"fusion-image-wrapper hover-type-none\"><a data-rel=\"iLightbox[image_carousel_2]\" data-caption=\"C\u00e1mara 6\" data-title=\"Grup CIF &#8211; C\u00e1maras frigor\u00edficas &#8211; C\u00e1maras frigor\u00edficas, con panel industrial &#8211; C\u00e1maras frigor\u00edficas est\u00e1ndar, modulares, conjunto de c\u00e1mara, industriales y de gran volumen, con puertas de cristal, correderas o pivotantes\" aria-label=\"Grup CIF &#8211; C\u00e1maras frigor\u00edficas &#8211; C\u00e1maras frigor\u00edficas, con panel industrial &#8211; C\u00e1maras frigor\u00edficas est\u00e1ndar, modulares, conjunto de c\u00e1mara, industriales y de gran volumen, con puertas de cristal, correderas o pivotantes\" href=\"https:\/\/grupcif.com\/wp-content\/uploads\/2024\/02\/camara6.webp\" target=\"_self\"><img decoding=\"async\" width=\"1280\" height=\"720\" src=\"https:\/\/grupcif.com\/wp-content\/uploads\/2024\/02\/camara6.webp\" class=\"attachment-full size-full\" alt=\"Grup CIF - C\u00e1maras frigor\u00edficas - C\u00e1maras frigor\u00edficas, con panel industrial - C\u00e1maras frigor\u00edficas est\u00e1ndar, modulares, conjunto de c\u00e1mara, industriales y de gran volumen, con puertas de cristal, correderas o pivotantes\" srcset=\"https:\/\/grupcif.com\/wp-content\/uploads\/2024\/02\/camara6-200x113.webp 200w, https:\/\/grupcif.com\/wp-content\/uploads\/2024\/02\/camara6-300x169.webp 300w, https:\/\/grupcif.com\/wp-content\/uploads\/2024\/02\/camara6-400x225.webp 400w, https:\/\/grupcif.com\/wp-content\/uploads\/2024\/02\/camara6-600x338.webp 600w, https:\/\/grupcif.com\/wp-content\/uploads\/2024\/02\/camara6-768x432.webp 768w, https:\/\/grupcif.com\/wp-content\/uploads\/2024\/02\/camara6-800x450.webp 800w, https:\/\/grupcif.com\/wp-content\/uploads\/2024\/02\/camara6-1024x576.webp 1024w, https:\/\/grupcif.com\/wp-content\/uploads\/2024\/02\/camara6-1200x675.webp 1200w, https:\/\/grupcif.com\/wp-content\/uploads\/2024\/02\/camara6.webp 1280w\" sizes=\"(max-width: 1280px) 100vw, 1280px\" \/><\/a><\/div><\/div><\/div><div class=\"swiper-slide\"><div class=\"fusion-carousel-item-wrapper\"><div class=\"fusion-image-wrapper hover-type-none\"><a data-rel=\"iLightbox[image_carousel_2]\" data-caption=\"C\u00e1mara 7\" data-title=\"Grup CIF &#8211; C\u00e1maras frigor\u00edficas &#8211; C\u00e1maras frigor\u00edficas, con panel industrial &#8211; C\u00e1maras frigor\u00edficas est\u00e1ndar, modulares, conjunto de c\u00e1mara, industriales y de gran volumen, con puertas de cristal, correderas o pivotantes\" aria-label=\"Grup CIF &#8211; C\u00e1maras frigor\u00edficas &#8211; C\u00e1maras frigor\u00edficas, con panel industrial &#8211; C\u00e1maras frigor\u00edficas est\u00e1ndar, modulares, conjunto de c\u00e1mara, industriales y de gran volumen, con puertas de cristal, correderas o pivotantes\" href=\"https:\/\/grupcif.com\/wp-content\/uploads\/2024\/02\/camara7.webp\" target=\"_self\"><img decoding=\"async\" width=\"1600\" height=\"908\" src=\"https:\/\/grupcif.com\/wp-content\/uploads\/2024\/02\/camara7.webp\" class=\"attachment-full size-full\" alt=\"Grup CIF - C\u00e1maras frigor\u00edficas - C\u00e1maras frigor\u00edficas, con panel industrial - C\u00e1maras frigor\u00edficas est\u00e1ndar, modulares, conjunto de c\u00e1mara, industriales y de gran volumen, con puertas de cristal, correderas o pivotantes\" srcset=\"https:\/\/grupcif.com\/wp-content\/uploads\/2024\/02\/camara7-200x114.webp 200w, https:\/\/grupcif.com\/wp-content\/uploads\/2024\/02\/camara7-300x170.webp 300w, https:\/\/grupcif.com\/wp-content\/uploads\/2024\/02\/camara7-400x227.webp 400w, https:\/\/grupcif.com\/wp-content\/uploads\/2024\/02\/camara7-600x341.webp 600w, https:\/\/grupcif.com\/wp-content\/uploads\/2024\/02\/camara7-768x436.webp 768w, https:\/\/grupcif.com\/wp-content\/uploads\/2024\/02\/camara7-800x454.webp 800w, https:\/\/grupcif.com\/wp-content\/uploads\/2024\/02\/camara7-1024x581.webp 1024w, https:\/\/grupcif.com\/wp-content\/uploads\/2024\/02\/camara7-1200x681.webp 1200w, https:\/\/grupcif.com\/wp-content\/uploads\/2024\/02\/camara7-1536x872.webp 1536w, https:\/\/grupcif.com\/wp-content\/uploads\/2024\/02\/camara7.webp 1600w\" sizes=\"(max-width: 1600px) 100vw, 1600px\" \/><\/a><\/div><\/div><\/div><div class=\"swiper-slide\"><div class=\"fusion-carousel-item-wrapper\"><div class=\"fusion-image-wrapper hover-type-none\"><a data-rel=\"iLightbox[image_carousel_2]\" data-caption=\"C\u00e1mara modular\" data-title=\"Grup CIF &#8211; C\u00e1maras frigor\u00edficas &#8211; C\u00e1maras frigor\u00edficas, con panel industrial &#8211; C\u00e1maras frigor\u00edficas est\u00e1ndar, modulares, conjunto de c\u00e1mara, industriales y de gran volumen, con puertas de cristal, correderas o pivotantes\" aria-label=\"Grup CIF &#8211; C\u00e1maras frigor\u00edficas &#8211; C\u00e1maras frigor\u00edficas, con panel industrial &#8211; C\u00e1maras frigor\u00edficas est\u00e1ndar, modulares, conjunto de c\u00e1mara, industriales y de gran volumen, con puertas de cristal, correderas o pivotantes\" href=\"https:\/\/grupcif.com\/wp-content\/uploads\/2024\/02\/camara-modular-2.webp\" target=\"_self\"><img decoding=\"async\" width=\"1280\" height=\"720\" src=\"https:\/\/grupcif.com\/wp-content\/uploads\/2024\/02\/camara-modular-2.webp\" class=\"attachment-full size-full\" alt=\"Grup CIF - C\u00e1maras frigor\u00edficas - C\u00e1maras frigor\u00edficas, con panel industrial - C\u00e1maras frigor\u00edficas est\u00e1ndar, modulares, conjunto de c\u00e1mara, industriales y de gran volumen, con puertas de cristal, correderas o pivotantes\" srcset=\"https:\/\/grupcif.com\/wp-content\/uploads\/2024\/02\/camara-modular-2-200x113.webp 200w, https:\/\/grupcif.com\/wp-content\/uploads\/2024\/02\/camara-modular-2-300x169.webp 300w, https:\/\/grupcif.com\/wp-content\/uploads\/2024\/02\/camara-modular-2-400x225.webp 400w, https:\/\/grupcif.com\/wp-content\/uploads\/2024\/02\/camara-modular-2-600x338.webp 600w, https:\/\/grupcif.com\/wp-content\/uploads\/2024\/02\/camara-modular-2-768x432.webp 768w, https:\/\/grupcif.com\/wp-content\/uploads\/2024\/02\/camara-modular-2-800x450.webp 800w, https:\/\/grupcif.com\/wp-content\/uploads\/2024\/02\/camara-modular-2-1024x576.webp 1024w, https:\/\/grupcif.com\/wp-content\/uploads\/2024\/02\/camara-modular-2-1200x675.webp 1200w, https:\/\/grupcif.com\/wp-content\/uploads\/2024\/02\/camara-modular-2.webp 1280w\" sizes=\"(max-width: 1280px) 100vw, 1280px\" \/><\/a><\/div><\/div><\/div><div class=\"swiper-slide\"><div class=\"fusion-carousel-item-wrapper\"><div class=\"fusion-image-wrapper hover-type-none\"><a data-rel=\"iLightbox[image_carousel_2]\" data-caption=\"C\u00e1mara modular\" data-title=\"Grup CIF &#8211; C\u00e1maras frigor\u00edficas &#8211; C\u00e1maras frigor\u00edficas, con panel industrial &#8211; C\u00e1maras frigor\u00edficas est\u00e1ndar, modulares, conjunto de c\u00e1mara, industriales y de gran volumen, con puertas de cristal, correderas o pivotantes\" aria-label=\"Grup CIF &#8211; C\u00e1maras frigor\u00edficas &#8211; C\u00e1maras frigor\u00edficas, con panel industrial &#8211; C\u00e1maras frigor\u00edficas est\u00e1ndar, modulares, conjunto de c\u00e1mara, industriales y de gran volumen, con puertas de cristal, correderas o pivotantes\" href=\"https:\/\/grupcif.com\/wp-content\/uploads\/2024\/02\/camara-modular.webp\" target=\"_self\"><img decoding=\"async\" width=\"1280\" height=\"720\" src=\"https:\/\/grupcif.com\/wp-content\/uploads\/2024\/02\/camara-modular.webp\" class=\"attachment-full size-full\" alt=\"Grup CIF - C\u00e1maras frigor\u00edficas - C\u00e1maras frigor\u00edficas, con panel industrial - C\u00e1maras frigor\u00edficas est\u00e1ndar, modulares, conjunto de c\u00e1mara, industriales y de gran volumen, con puertas de cristal, correderas o pivotantes\" srcset=\"https:\/\/grupcif.com\/wp-content\/uploads\/2024\/02\/camara-modular-200x113.webp 200w, https:\/\/grupcif.com\/wp-content\/uploads\/2024\/02\/camara-modular-300x169.webp 300w, https:\/\/grupcif.com\/wp-content\/uploads\/2024\/02\/camara-modular-400x225.webp 400w, https:\/\/grupcif.com\/wp-content\/uploads\/2024\/02\/camara-modular-600x338.webp 600w, https:\/\/grupcif.com\/wp-content\/uploads\/2024\/02\/camara-modular-768x432.webp 768w, https:\/\/grupcif.com\/wp-content\/uploads\/2024\/02\/camara-modular-800x450.webp 800w, https:\/\/grupcif.com\/wp-content\/uploads\/2024\/02\/camara-modular-1024x576.webp 1024w, https:\/\/grupcif.com\/wp-content\/uploads\/2024\/02\/camara-modular-1200x675.webp 1200w, https:\/\/grupcif.com\/wp-content\/uploads\/2024\/02\/camara-modular.webp 1280w\" sizes=\"(max-width: 1280px) 100vw, 1280px\" \/><\/a><\/div><\/div><\/div><\/div><div class=\"awb-swiper-button awb-swiper-button-prev\"><i class=\"awb-icon-angle-left\" aria-hidden=\"true\"><\/i><\/div><div class=\"awb-swiper-button awb-swiper-button-next\"><i class=\"awb-icon-angle-right\" aria-hidden=\"true\"><\/i><\/div><\/div><\/div><\/div><\/div><div class=\"fusion-layout-column fusion_builder_column fusion-builder-column-18 fusion_builder_column_1_2 1_2 fusion-flex-column content-golden\" style=\"--awb-bg-size:cover;--awb-width-large:50%;--awb-margin-top-large:0px;--awb-spacing-right-large:3.84%;--awb-margin-bottom-large:20px;--awb-spacing-left-large:3.84%;--awb-width-medium:50%;--awb-order-medium:0;--awb-spacing-right-medium:3.84%;--awb-spacing-left-medium:3.84%;--awb-width-small:100%;--awb-order-small:0;--awb-spacing-right-small:1.92%;--awb-spacing-left-small:1.92%;\" data-scroll-devices=\"small-visibility,medium-visibility,large-visibility\"><div class=\"fusion-column-wrapper fusion-column-has-shadow fusion-flex-justify-content-flex-start fusion-content-layout-column\"><div class=\"fusion-text fusion-text-12\" style=\"--awb-content-alignment:center;--awb-text-color:#151412;\"><h3>Conjuntos de c\u00e1maras frigor\u00edficas<\/h3>\n<\/div><\/div><\/div><div class=\"fusion-layout-column fusion_builder_column fusion-builder-column-19 fusion_builder_column_1_2 1_2 fusion-flex-column content-golden\" style=\"--awb-bg-size:cover;--awb-width-large:50%;--awb-margin-top-large:0px;--awb-spacing-right-large:3.84%;--awb-margin-bottom-large:20px;--awb-spacing-left-large:3.84%;--awb-width-medium:50%;--awb-order-medium:0;--awb-spacing-right-medium:3.84%;--awb-spacing-left-medium:3.84%;--awb-width-small:100%;--awb-order-small:0;--awb-spacing-right-small:1.92%;--awb-spacing-left-small:1.92%;\" data-scroll-devices=\"small-visibility,medium-visibility,large-visibility\"><div class=\"fusion-column-wrapper fusion-column-has-shadow fusion-flex-justify-content-flex-start fusion-content-layout-column\"><div class=\"fusion-text fusion-text-13\" style=\"--awb-content-alignment:center;--awb-text-color:#151412;\"><h3>C\u00e1maras frigor\u00edficas de gran volumen<\/h3>\n<\/div><\/div><\/div><div class=\"fusion-layout-column fusion_builder_column fusion-builder-column-20 fusion_builder_column_1_1 1_1 fusion-flex-column content-golden\" style=\"--awb-bg-size:cover;--awb-width-large:100%;--awb-margin-top-large:0px;--awb-spacing-right-large:1.92%;--awb-margin-bottom-large:20px;--awb-spacing-left-large:1.92%;--awb-width-medium:100%;--awb-order-medium:0;--awb-spacing-right-medium:1.92%;--awb-spacing-left-medium:1.92%;--awb-width-small:100%;--awb-order-small:0;--awb-spacing-right-small:1.92%;--awb-spacing-left-small:1.92%;\" data-scroll-devices=\"small-visibility,medium-visibility,large-visibility\"><div class=\"fusion-column-wrapper fusion-column-has-shadow fusion-flex-justify-content-flex-start fusion-content-layout-column\"><div class=\"fusion-text fusion-text-14\" style=\"--awb-text-color:#151412;\"><p style=\"text-align: center;\">Galer\u00edas: presione sobre la imagen para ampliarla<\/p>\n<\/div><\/div><\/div><div class=\"fusion-layout-column fusion_builder_column fusion-builder-column-21 fusion_builder_column_1_2 1_2 fusion-flex-column\" style=\"--awb-bg-size:cover;--awb-width-large:50%;--awb-margin-top-large:0px;--awb-spacing-right-large:3.84%;--awb-margin-bottom-large:20px;--awb-spacing-left-large:3.84%;--awb-width-medium:50%;--awb-order-medium:0;--awb-spacing-right-medium:3.84%;--awb-spacing-left-medium:3.84%;--awb-width-small:100%;--awb-order-small:0;--awb-spacing-right-small:1.92%;--awb-spacing-left-small:1.92%;\" data-scroll-devices=\"small-visibility,medium-visibility,large-visibility\"><div class=\"fusion-column-wrapper fusion-column-has-shadow fusion-flex-justify-content-flex-start fusion-content-layout-column\"><div class=\"awb-gallery-wrapper awb-gallery-wrapper-1 button-span-no\" style=\"--more-btn-alignment:center;\"><div style=\"margin:-5px;--awb-bordersize:0px;\" class=\"fusion-gallery fusion-gallery-container fusion-grid-3 fusion-columns-total-6 fusion-gallery-layout-grid fusion-gallery-1\"><div style=\"padding:5px;\" class=\"fusion-grid-column fusion-gallery-column fusion-gallery-column-3 hover-type-none\"><div class=\"fusion-gallery-image\"><a href=\"https:\/\/grupcif.com\/wp-content\/uploads\/2024\/05\/OK-Num0-ESP.jpg\" rel=\"noreferrer\" data-rel=\"iLightbox[gallery_image_1]\" class=\"fusion-lightbox\" target=\"_self\"><img decoding=\"async\" src=\"https:\/\/grupcif.com\/wp-content\/uploads\/2024\/05\/OK-Num0-ESP.jpg\" width=\"895\" height=\"618\" alt=\"\" title=\"OK Num0 ESP\" aria-label=\"OK Num0 ESP\" class=\"img-responsive wp-image-908\" srcset=\"https:\/\/grupcif.com\/wp-content\/uploads\/2024\/05\/OK-Num0-ESP-200x138.jpg 200w, https:\/\/grupcif.com\/wp-content\/uploads\/2024\/05\/OK-Num0-ESP-400x276.jpg 400w, https:\/\/grupcif.com\/wp-content\/uploads\/2024\/05\/OK-Num0-ESP-600x414.jpg 600w, https:\/\/grupcif.com\/wp-content\/uploads\/2024\/05\/OK-Num0-ESP-800x552.jpg 800w, https:\/\/grupcif.com\/wp-content\/uploads\/2024\/05\/OK-Num0-ESP.jpg 895w\" sizes=\"(min-width: 2200px) 100vw, (min-width: 784px) 423px, (min-width: 712px) 635px, (min-width: 640px) 712px, \" \/><\/a><\/div><\/div><div style=\"padding:5px;\" class=\"fusion-grid-column fusion-gallery-column fusion-gallery-column-3 hover-type-none\"><div class=\"fusion-gallery-image\"><a href=\"https:\/\/grupcif.com\/wp-content\/uploads\/2023\/12\/Conjuntos_de_camaras_frigorificas2.webp\" data-caption=\"C\u00e1mara frigor\u00edfica gran volumen para todo tipo de productos refrigerados y congelados, con puerta corredera y cortina de lamas\" rel=\"noreferrer\" data-rel=\"iLightbox[gallery_image_1]\" class=\"fusion-lightbox\" target=\"_self\"><img decoding=\"async\" src=\"https:\/\/grupcif.com\/wp-content\/uploads\/2023\/12\/Conjuntos_de_camaras_frigorificas2.webp\" width=\"360\" height=\"424\" alt=\"Grup CIF - C\u00e1maras frigor\u00edficas - C\u00e1maras frigor\u00edficas, con panel industrial - Conjuntos de c\u00e1maras frigor\u00edficas\" title=\"Grup CIF &#8211; C\u00e1maras frigor\u00edficas &#8211; C\u00e1maras frigor\u00edficas, con panel industrial &#8211; Conjuntos de c\u00e1maras frigor\u00edficas\" aria-label=\"Grup CIF &#8211; C\u00e1maras frigor\u00edficas &#8211; C\u00e1maras frigor\u00edficas, con panel industrial &#8211; Conjuntos de c\u00e1maras frigor\u00edficas\" class=\"img-responsive wp-image-181\" srcset=\"https:\/\/grupcif.com\/wp-content\/uploads\/2023\/12\/Conjuntos_de_camaras_frigorificas2-200x236.webp 200w, https:\/\/grupcif.com\/wp-content\/uploads\/2023\/12\/Conjuntos_de_camaras_frigorificas2.webp 360w\" sizes=\"(min-width: 2200px) 100vw, (min-width: 784px) 423px, (min-width: 712px) 635px, (min-width: 640px) 712px, \" \/><\/a><\/div><\/div><div style=\"padding:5px;\" class=\"fusion-grid-column fusion-gallery-column fusion-gallery-column-3 hover-type-none\"><div class=\"fusion-gallery-image\"><a href=\"https:\/\/grupcif.com\/wp-content\/uploads\/2023\/12\/Conjuntos_de_camaras_frigorificas3.webp\" data-caption=\"C\u00e1mara frigor\u00edfica gran volumen para todo tipo de productos refrigerados y congelados, con puertas ign\u00edfugas\" rel=\"noreferrer\" data-rel=\"iLightbox[gallery_image_1]\" class=\"fusion-lightbox\" target=\"_self\"><img decoding=\"async\" src=\"https:\/\/grupcif.com\/wp-content\/uploads\/2023\/12\/Conjuntos_de_camaras_frigorificas3.webp\" width=\"636\" height=\"424\" alt=\"Grup CIF - C\u00e1maras frigor\u00edficas - C\u00e1maras frigor\u00edficas, con panel industrial - Conjuntos de c\u00e1maras frigor\u00edficas\" title=\"Grup CIF &#8211; C\u00e1maras frigor\u00edficas &#8211; C\u00e1maras frigor\u00edficas, con panel industrial &#8211; Conjuntos de c\u00e1maras frigor\u00edficas\" aria-label=\"Grup CIF &#8211; C\u00e1maras frigor\u00edficas &#8211; C\u00e1maras frigor\u00edficas, con panel industrial &#8211; Conjuntos de c\u00e1maras frigor\u00edficas\" class=\"img-responsive wp-image-186\" srcset=\"https:\/\/grupcif.com\/wp-content\/uploads\/2023\/12\/Conjuntos_de_camaras_frigorificas3-200x133.webp 200w, https:\/\/grupcif.com\/wp-content\/uploads\/2023\/12\/Conjuntos_de_camaras_frigorificas3-400x267.webp 400w, https:\/\/grupcif.com\/wp-content\/uploads\/2023\/12\/Conjuntos_de_camaras_frigorificas3-600x400.webp 600w, https:\/\/grupcif.com\/wp-content\/uploads\/2023\/12\/Conjuntos_de_camaras_frigorificas3.webp 636w\" sizes=\"(min-width: 2200px) 100vw, (min-width: 784px) 423px, (min-width: 712px) 635px, (min-width: 640px) 712px, \" \/><\/a><\/div><\/div><div class=\"clearfix\"><\/div><div style=\"padding:5px;\" class=\"fusion-grid-column fusion-gallery-column fusion-gallery-column-3 hover-type-none\"><div class=\"fusion-gallery-image\"><a href=\"https:\/\/grupcif.com\/wp-content\/uploads\/2023\/12\/Conjuntos_de_camaras_frigorificas4.webp\" data-caption=\"C\u00e1mara frigor\u00edfica gran volumen para todo tipo de productos refrigerados y congelados, con puertas seccionables r\u00e1pidas\" rel=\"noreferrer\" data-rel=\"iLightbox[gallery_image_1]\" class=\"fusion-lightbox\" target=\"_self\"><img decoding=\"async\" src=\"https:\/\/grupcif.com\/wp-content\/uploads\/2023\/12\/Conjuntos_de_camaras_frigorificas4.webp\" width=\"636\" height=\"424\" alt=\"Grup CIF - C\u00e1maras frigor\u00edficas - C\u00e1maras frigor\u00edficas, con panel industrial - Conjuntos de c\u00e1maras frigor\u00edficas\" title=\"Grup CIF &#8211; C\u00e1maras frigor\u00edficas &#8211; C\u00e1maras frigor\u00edficas, con panel industrial &#8211; Conjuntos de c\u00e1maras frigor\u00edficas\" aria-label=\"Grup CIF &#8211; C\u00e1maras frigor\u00edficas &#8211; C\u00e1maras frigor\u00edficas, con panel industrial &#8211; Conjuntos de c\u00e1maras frigor\u00edficas\" class=\"img-responsive wp-image-184\" srcset=\"https:\/\/grupcif.com\/wp-content\/uploads\/2023\/12\/Conjuntos_de_camaras_frigorificas4-200x133.webp 200w, https:\/\/grupcif.com\/wp-content\/uploads\/2023\/12\/Conjuntos_de_camaras_frigorificas4-400x267.webp 400w, https:\/\/grupcif.com\/wp-content\/uploads\/2023\/12\/Conjuntos_de_camaras_frigorificas4-600x400.webp 600w, https:\/\/grupcif.com\/wp-content\/uploads\/2023\/12\/Conjuntos_de_camaras_frigorificas4.webp 636w\" sizes=\"(min-width: 2200px) 100vw, (min-width: 784px) 423px, (min-width: 712px) 635px, (min-width: 640px) 712px, \" \/><\/a><\/div><\/div><div style=\"padding:5px;\" class=\"fusion-grid-column fusion-gallery-column fusion-gallery-column-3 hover-type-none\"><div class=\"fusion-gallery-image\"><a href=\"https:\/\/grupcif.com\/wp-content\/uploads\/2023\/12\/Conjuntos_de_camaras_frigorificas5.webp\" data-caption=\"Conjunto de c\u00e1maras frigor\u00edficas con panel frigor\u00edfico y puertas correderas\" rel=\"noreferrer\" data-rel=\"iLightbox[gallery_image_1]\" class=\"fusion-lightbox\" target=\"_self\"><img decoding=\"async\" src=\"https:\/\/grupcif.com\/wp-content\/uploads\/2023\/12\/Conjuntos_de_camaras_frigorificas5.webp\" width=\"663\" height=\"441\" alt=\"Grup CIF - C\u00e1maras frigor\u00edficas - C\u00e1maras frigor\u00edficas, con panel industrial - Conjuntos de c\u00e1maras frigor\u00edficas\" title=\"Grup CIF &#8211; C\u00e1maras frigor\u00edficas &#8211; C\u00e1maras frigor\u00edficas, con panel industrial &#8211; Conjuntos de c\u00e1maras frigor\u00edficas\" aria-label=\"Grup CIF &#8211; C\u00e1maras frigor\u00edficas &#8211; C\u00e1maras frigor\u00edficas, con panel industrial &#8211; Conjuntos de c\u00e1maras frigor\u00edficas\" class=\"img-responsive wp-image-182\" srcset=\"https:\/\/grupcif.com\/wp-content\/uploads\/2023\/12\/Conjuntos_de_camaras_frigorificas5-200x133.webp 200w, https:\/\/grupcif.com\/wp-content\/uploads\/2023\/12\/Conjuntos_de_camaras_frigorificas5-400x266.webp 400w, https:\/\/grupcif.com\/wp-content\/uploads\/2023\/12\/Conjuntos_de_camaras_frigorificas5-600x399.webp 600w, https:\/\/grupcif.com\/wp-content\/uploads\/2023\/12\/Conjuntos_de_camaras_frigorificas5.webp 663w\" sizes=\"(min-width: 2200px) 100vw, (min-width: 784px) 423px, (min-width: 712px) 635px, (min-width: 640px) 712px, \" \/><\/a><\/div><\/div><div style=\"padding:5px;\" class=\"fusion-grid-column fusion-gallery-column fusion-gallery-column-3 hover-type-none\"><div class=\"fusion-gallery-image\"><a href=\"https:\/\/grupcif.com\/wp-content\/uploads\/2023\/12\/Conjuntos_de_camaras_frigorificas6.webp\" data-caption=\"Sala de trabajo refrigerada con c\u00e1mara frigor\u00edfica y otras salas de trabajo\" rel=\"noreferrer\" data-rel=\"iLightbox[gallery_image_1]\" class=\"fusion-lightbox\" target=\"_self\"><img decoding=\"async\" src=\"https:\/\/grupcif.com\/wp-content\/uploads\/2023\/12\/Conjuntos_de_camaras_frigorificas6.webp\" width=\"588\" height=\"441\" alt=\"Grup CIF - C\u00e1maras frigor\u00edficas - C\u00e1maras frigor\u00edficas, con panel industrial - Conjuntos de c\u00e1maras frigor\u00edficas\" title=\"Grup CIF &#8211; C\u00e1maras frigor\u00edficas &#8211; C\u00e1maras frigor\u00edficas, con panel industrial &#8211; Conjuntos de c\u00e1maras frigor\u00edficas\" aria-label=\"Grup CIF &#8211; C\u00e1maras frigor\u00edficas &#8211; C\u00e1maras frigor\u00edficas, con panel industrial &#8211; Conjuntos de c\u00e1maras frigor\u00edficas\" class=\"img-responsive wp-image-185\" srcset=\"https:\/\/grupcif.com\/wp-content\/uploads\/2023\/12\/Conjuntos_de_camaras_frigorificas6-200x150.webp 200w, https:\/\/grupcif.com\/wp-content\/uploads\/2023\/12\/Conjuntos_de_camaras_frigorificas6-400x300.webp 400w, https:\/\/grupcif.com\/wp-content\/uploads\/2023\/12\/Conjuntos_de_camaras_frigorificas6.webp 588w\" sizes=\"(min-width: 2200px) 100vw, (min-width: 784px) 423px, (min-width: 712px) 635px, (min-width: 640px) 712px, \" \/><\/a><\/div><\/div><div class=\"clearfix\"><\/div><\/div><\/div><\/div><\/div><div class=\"fusion-layout-column fusion_builder_column fusion-builder-column-22 fusion_builder_column_1_2 1_2 fusion-flex-column\" style=\"--awb-bg-size:cover;--awb-width-large:50%;--awb-margin-top-large:0px;--awb-spacing-right-large:3.84%;--awb-margin-bottom-large:20px;--awb-spacing-left-large:3.84%;--awb-width-medium:50%;--awb-order-medium:0;--awb-spacing-right-medium:3.84%;--awb-spacing-left-medium:3.84%;--awb-width-small:100%;--awb-order-small:0;--awb-spacing-right-small:1.92%;--awb-spacing-left-small:1.92%;\"><div class=\"fusion-column-wrapper fusion-column-has-shadow fusion-flex-justify-content-flex-start fusion-content-layout-column\"><div class=\"awb-gallery-wrapper awb-gallery-wrapper-2 button-span-no\" style=\"--more-btn-alignment:center;\"><div style=\"margin:-5px;--awb-bordersize:0px;\" class=\"fusion-gallery fusion-gallery-container fusion-grid-3 fusion-columns-total-6 fusion-gallery-layout-grid fusion-gallery-2\"><div style=\"padding:5px;\" class=\"fusion-grid-column fusion-gallery-column fusion-gallery-column-3 hover-type-none\"><div class=\"fusion-gallery-image\"><a href=\"https:\/\/grupcif.com\/wp-content\/uploads\/2023\/12\/Conjuntos_de_camaras_frigorificas1.webp\" data-caption=\"C\u00e1mara frigor\u00edfica gran volumen para todo tipo de productos refrigerados y congelados\" rel=\"noreferrer\" data-rel=\"iLightbox[gallery_image_2]\" class=\"fusion-lightbox\" target=\"_self\"><img decoding=\"async\" src=\"https:\/\/grupcif.com\/wp-content\/uploads\/2023\/12\/Conjuntos_de_camaras_frigorificas1.webp\" width=\"663\" height=\"441\" alt=\"Grup CIF - C\u00e1maras frigor\u00edficas - C\u00e1maras frigor\u00edficas, con panel industrial - Conjuntos de c\u00e1maras frigor\u00edficas\" title=\"Grup CIF &#8211; C\u00e1maras frigor\u00edficas &#8211; C\u00e1maras frigor\u00edficas, con panel industrial &#8211; Conjuntos de c\u00e1maras frigor\u00edficas\" aria-label=\"Grup CIF &#8211; C\u00e1maras frigor\u00edficas &#8211; C\u00e1maras frigor\u00edficas, con panel industrial &#8211; Conjuntos de c\u00e1maras frigor\u00edficas\" class=\"img-responsive wp-image-183 fusion-gallery-image-size-fixed\" srcset=\"https:\/\/grupcif.com\/wp-content\/uploads\/2023\/12\/Conjuntos_de_camaras_frigorificas1-200x133.webp 200w, https:\/\/grupcif.com\/wp-content\/uploads\/2023\/12\/Conjuntos_de_camaras_frigorificas1-400x266.webp 400w, https:\/\/grupcif.com\/wp-content\/uploads\/2023\/12\/Conjuntos_de_camaras_frigorificas1-600x399.webp 600w, https:\/\/grupcif.com\/wp-content\/uploads\/2023\/12\/Conjuntos_de_camaras_frigorificas1.webp 663w\" sizes=\"(min-width: 2200px) 100vw, (min-width: 784px) 423px, (min-width: 712px) 635px, (min-width: 640px) 712px, \" \/><\/a><\/div><\/div><div style=\"padding:5px;\" class=\"fusion-grid-column fusion-gallery-column fusion-gallery-column-3 hover-type-none\"><div class=\"fusion-gallery-image\"><a href=\"https:\/\/grupcif.com\/wp-content\/uploads\/2023\/12\/Camaras_frigorificas_de_gran_volumen2.webp\" data-caption=\"Ante sala de conjunto de c\u00e1maras, normalmente suelen estar refrigeradas, dependiendo de las necesidades de trabajo\" rel=\"noreferrer\" data-rel=\"iLightbox[gallery_image_2]\" class=\"fusion-lightbox\" target=\"_self\"><img decoding=\"async\" src=\"https:\/\/grupcif.com\/wp-content\/uploads\/2023\/12\/Camaras_frigorificas_de_gran_volumen2.webp\" width=\"293\" height=\"390\" alt=\"Grup CIF - C\u00e1maras frigor\u00edficas - C\u00e1maras frigor\u00edficas, con panel industrial - C\u00e1maras frigor\u00edficas de gran volumen\" title=\"Grup CIF &#8211; C\u00e1maras frigor\u00edficas &#8211; C\u00e1maras frigor\u00edficas, con panel industrial &#8211; C\u00e1maras frigor\u00edficas de gran volumen\" aria-label=\"Grup CIF &#8211; C\u00e1maras frigor\u00edficas &#8211; C\u00e1maras frigor\u00edficas, con panel industrial &#8211; C\u00e1maras frigor\u00edficas de gran volumen\" class=\"img-responsive wp-image-195 fusion-gallery-image-size-fixed\" srcset=\"https:\/\/grupcif.com\/wp-content\/uploads\/2023\/12\/Camaras_frigorificas_de_gran_volumen2-200x266.webp 200w, https:\/\/grupcif.com\/wp-content\/uploads\/2023\/12\/Camaras_frigorificas_de_gran_volumen2.webp 293w\" sizes=\"(min-width: 2200px) 100vw, (min-width: 784px) 423px, (min-width: 712px) 635px, (min-width: 640px) 712px, \" \/><\/a><\/div><\/div><div style=\"padding:5px;\" class=\"fusion-grid-column fusion-gallery-column fusion-gallery-column-3 hover-type-none\"><div class=\"fusion-gallery-image\"><a href=\"https:\/\/grupcif.com\/wp-content\/uploads\/2023\/12\/Camaras_frigorificas_de_gran_volumen3.webp\" data-caption=\"Sala de trabajo refrigerada con puerta pivotante\" rel=\"noreferrer\" data-rel=\"iLightbox[gallery_image_2]\" class=\"fusion-lightbox\" target=\"_self\"><img decoding=\"async\" src=\"https:\/\/grupcif.com\/wp-content\/uploads\/2023\/12\/Camaras_frigorificas_de_gran_volumen3.webp\" width=\"663\" height=\"441\" alt=\"Grup CIF - C\u00e1maras frigor\u00edficas - C\u00e1maras frigor\u00edficas, con panel industrial - C\u00e1maras frigor\u00edficas de gran volumen\" title=\"Grup CIF &#8211; C\u00e1maras frigor\u00edficas &#8211; C\u00e1maras frigor\u00edficas, con panel industrial &#8211; C\u00e1maras frigor\u00edficas de gran volumen\" aria-label=\"Grup CIF &#8211; C\u00e1maras frigor\u00edficas &#8211; C\u00e1maras frigor\u00edficas, con panel industrial &#8211; C\u00e1maras frigor\u00edficas de gran volumen\" class=\"img-responsive wp-image-190 fusion-gallery-image-size-fixed\" srcset=\"https:\/\/grupcif.com\/wp-content\/uploads\/2023\/12\/Camaras_frigorificas_de_gran_volumen3-200x133.webp 200w, https:\/\/grupcif.com\/wp-content\/uploads\/2023\/12\/Camaras_frigorificas_de_gran_volumen3-400x266.webp 400w, https:\/\/grupcif.com\/wp-content\/uploads\/2023\/12\/Camaras_frigorificas_de_gran_volumen3-600x399.webp 600w, https:\/\/grupcif.com\/wp-content\/uploads\/2023\/12\/Camaras_frigorificas_de_gran_volumen3.webp 663w\" sizes=\"(min-width: 2200px) 100vw, (min-width: 784px) 423px, (min-width: 712px) 635px, (min-width: 640px) 712px, \" \/><\/a><\/div><\/div><div class=\"clearfix\"><\/div><div style=\"padding:5px;\" class=\"fusion-grid-column fusion-gallery-column fusion-gallery-column-3 hover-type-none\"><div class=\"fusion-gallery-image\"><a href=\"https:\/\/grupcif.com\/wp-content\/uploads\/2023\/12\/Camaras_frigorificas_de_gran_volumen4.webp\" data-caption=\"C\u00e1mara frigor\u00edfica con rail incorporado para el transporte de carne\" rel=\"noreferrer\" data-rel=\"iLightbox[gallery_image_2]\" class=\"fusion-lightbox\" target=\"_self\"><img decoding=\"async\" src=\"https:\/\/grupcif.com\/wp-content\/uploads\/2023\/12\/Camaras_frigorificas_de_gran_volumen4.webp\" width=\"588\" height=\"441\" alt=\"Grup CIF - C\u00e1maras frigor\u00edficas - C\u00e1maras frigor\u00edficas, con panel industrial - C\u00e1maras frigor\u00edficas de gran volumen\" title=\"Grup CIF &#8211; C\u00e1maras frigor\u00edficas &#8211; C\u00e1maras frigor\u00edficas, con panel industrial &#8211; C\u00e1maras frigor\u00edficas de gran volumen\" aria-label=\"Grup CIF &#8211; C\u00e1maras frigor\u00edficas &#8211; C\u00e1maras frigor\u00edficas, con panel industrial &#8211; C\u00e1maras frigor\u00edficas de gran volumen\" class=\"img-responsive wp-image-191 fusion-gallery-image-size-fixed\" srcset=\"https:\/\/grupcif.com\/wp-content\/uploads\/2023\/12\/Camaras_frigorificas_de_gran_volumen4-200x150.webp 200w, https:\/\/grupcif.com\/wp-content\/uploads\/2023\/12\/Camaras_frigorificas_de_gran_volumen4-400x300.webp 400w, https:\/\/grupcif.com\/wp-content\/uploads\/2023\/12\/Camaras_frigorificas_de_gran_volumen4.webp 588w\" sizes=\"(min-width: 2200px) 100vw, (min-width: 784px) 423px, (min-width: 712px) 635px, (min-width: 640px) 712px, \" \/><\/a><\/div><\/div><div style=\"padding:5px;\" class=\"fusion-grid-column fusion-gallery-column fusion-gallery-column-3 hover-type-none\"><div class=\"fusion-gallery-image\"><a href=\"https:\/\/grupcif.com\/wp-content\/uploads\/2023\/12\/Camaras_frigorificas_de_gran_volumen5.webp\" data-caption=\"Pasillo de servicio con panel frigor\u00edfico. Puede estar refrigerado o no, dependiendo de las necesidades de trabajo. Con diferentes habit\u00e1culos de servicio\" rel=\"noreferrer\" data-rel=\"iLightbox[gallery_image_2]\" class=\"fusion-lightbox\" target=\"_self\"><img decoding=\"async\" src=\"https:\/\/grupcif.com\/wp-content\/uploads\/2023\/12\/Camaras_frigorificas_de_gran_volumen5.webp\" width=\"565\" height=\"424\" alt=\"Grup CIF - C\u00e1maras frigor\u00edficas - C\u00e1maras frigor\u00edficas, con panel industrial - C\u00e1maras frigor\u00edficas de gran volumen\" title=\"Grup CIF &#8211; C\u00e1maras frigor\u00edficas &#8211; C\u00e1maras frigor\u00edficas, con panel industrial &#8211; C\u00e1maras frigor\u00edficas de gran volumen\" aria-label=\"Grup CIF &#8211; C\u00e1maras frigor\u00edficas &#8211; C\u00e1maras frigor\u00edficas, con panel industrial &#8211; C\u00e1maras frigor\u00edficas de gran volumen\" class=\"img-responsive wp-image-192 fusion-gallery-image-size-fixed\" srcset=\"https:\/\/grupcif.com\/wp-content\/uploads\/2023\/12\/Camaras_frigorificas_de_gran_volumen5-200x150.webp 200w, https:\/\/grupcif.com\/wp-content\/uploads\/2023\/12\/Camaras_frigorificas_de_gran_volumen5-400x300.webp 400w, https:\/\/grupcif.com\/wp-content\/uploads\/2023\/12\/Camaras_frigorificas_de_gran_volumen5.webp 565w\" sizes=\"(min-width: 2200px) 100vw, (min-width: 784px) 423px, (min-width: 712px) 635px, (min-width: 640px) 712px, \" \/><\/a><\/div><\/div><div style=\"padding:5px;\" class=\"fusion-grid-column fusion-gallery-column fusion-gallery-column-3 hover-type-none\"><div class=\"fusion-gallery-image\"><a href=\"https:\/\/grupcif.com\/wp-content\/uploads\/2023\/12\/Camaras_frigorificas_de_gran_volumen6.webp\" data-caption=\"C\u00e1maras frigor\u00edficas gran volumen. Preparaci\u00f3n y recepci\u00f3n de pedidos con puertas r\u00e1pidas\" rel=\"noreferrer\" data-rel=\"iLightbox[gallery_image_2]\" class=\"fusion-lightbox\" target=\"_self\"><img decoding=\"async\" src=\"https:\/\/grupcif.com\/wp-content\/uploads\/2023\/12\/Camaras_frigorificas_de_gran_volumen6.webp\" width=\"663\" height=\"441\" alt=\"Grup CIF - C\u00e1maras frigor\u00edficas - C\u00e1maras frigor\u00edficas, con panel industrial - C\u00e1maras frigor\u00edficas de gran volumen\" title=\"Grup CIF &#8211; C\u00e1maras frigor\u00edficas &#8211; C\u00e1maras frigor\u00edficas, con panel industrial &#8211; C\u00e1maras frigor\u00edficas de gran volumen\" aria-label=\"Grup CIF &#8211; C\u00e1maras frigor\u00edficas &#8211; C\u00e1maras frigor\u00edficas, con panel industrial &#8211; C\u00e1maras frigor\u00edficas de gran volumen\" class=\"img-responsive wp-image-194 fusion-gallery-image-size-fixed\" srcset=\"https:\/\/grupcif.com\/wp-content\/uploads\/2023\/12\/Camaras_frigorificas_de_gran_volumen6-200x133.webp 200w, https:\/\/grupcif.com\/wp-content\/uploads\/2023\/12\/Camaras_frigorificas_de_gran_volumen6-400x266.webp 400w, https:\/\/grupcif.com\/wp-content\/uploads\/2023\/12\/Camaras_frigorificas_de_gran_volumen6-600x399.webp 600w, https:\/\/grupcif.com\/wp-content\/uploads\/2023\/12\/Camaras_frigorificas_de_gran_volumen6.webp 663w\" sizes=\"(min-width: 2200px) 100vw, (min-width: 784px) 423px, (min-width: 712px) 635px, (min-width: 640px) 712px, \" \/><\/a><\/div><\/div><div class=\"clearfix\"><\/div><\/div><\/div><\/div><\/div><\/div><\/div><div class=\"fusion-fullwidth fullwidth-box fusion-builder-row-5 fusion-flex-container has-pattern-background has-mask-background nonhundred-percent-fullwidth non-hundred-percent-height-scrolling fusion-no-medium-visibility fusion-no-large-visibility\" style=\"--awb-border-radius-top-left:0px;--awb-border-radius-top-right:0px;--awb-border-radius-bottom-right:0px;--awb-border-radius-bottom-left:0px;--awb-padding-top:10px;--awb-padding-right:10px;--awb-padding-bottom:10px;--awb-padding-left:10px;--awb-margin-bottom:30px;--awb-background-color:#6bbef9;--awb-flex-wrap:wrap;\" ><div class=\"fusion-builder-row fusion-row fusion-flex-align-items-flex-start fusion-flex-content-wrap\" style=\"max-width:1331.2px;margin-left: calc(-4% \/ 2 );margin-right: calc(-4% \/ 2 );\"><div class=\"fusion-layout-column fusion_builder_column fusion-builder-column-23 fusion_builder_column_1_1 1_1 fusion-flex-column content-golden\" style=\"--awb-bg-size:cover;--awb-width-large:100%;--awb-margin-top-large:0px;--awb-spacing-right-large:1.92%;--awb-margin-bottom-large:20px;--awb-spacing-left-large:1.92%;--awb-width-medium:100%;--awb-order-medium:0;--awb-spacing-right-medium:1.92%;--awb-spacing-left-medium:1.92%;--awb-width-small:100%;--awb-order-small:0;--awb-spacing-right-small:1.92%;--awb-spacing-left-small:1.92%;\" data-scroll-devices=\"small-visibility,medium-visibility,large-visibility\"><div class=\"fusion-column-wrapper fusion-column-has-shadow fusion-flex-justify-content-flex-start fusion-content-layout-column\"><div class=\"fusion-text fusion-text-15\" style=\"--awb-text-color:#151412;\"><h3 style=\"text-align: center;\">C\u00e1maras frigor\u00edficas industriales a medida, adaptadas totalmente al espacio<\/h3>\n<p style=\"font-weight: 400;\">A continuaci\u00f3n mostramos el proceso de adaptaci\u00f3n de una c\u00e1mara al espacio existente, desde la nave vac\u00eda hasta culminar la c\u00e1mara con las estanter\u00edas,\u00a0<b>vea todo el proceso:<\/b><\/p>\n<\/div><div class=\"fusion-image-carousel fusion-image-carousel-auto fusion-image-carousel-3 lightbox-enabled\"><div class=\"awb-carousel awb-swiper awb-swiper-carousel awb-carousel--carousel awb-swiper-dots-position-bottom\" data-layout=\"carousel\" data-autoplay=\"yes\" data-autoplayspeed=\"5000\" data-autoplaypause=\"no\" data-loop=\"yes\" data-columns=\"1\" data-columnsmedium=\"1\" data-columnssmall=\"1\" data-itemmargin=\"13\" data-itemwidth=\"180\" data-touchscroll=\"no\" data-freemode=\"no\" data-imagesize=\"auto\" data-scrollitems=\"0\" data-centeredslides=\"no\" data-rotationangle=\"50\" data-depth=\"100\" data-speed=\"500\" data-shadow=\"no\" data-pagination=\"bullets\" style=\"--awb-columns:1;\"><div class=\"swiper-wrapper awb-image-carousel-wrapper fusion-flex-align-items-center\"><div class=\"swiper-slide\"><div class=\"fusion-carousel-item-wrapper\"><div class=\"fusion-image-wrapper hover-type-none\"><a data-rel=\"iLightbox[image_carousel_3]\" data-caption=\"Antes 1\" data-title=\"Grup CIF &#8211; C\u00e1maras frigor\u00edficas &#8211; C\u00e1maras frigor\u00edficas, con panel industrial &#8211; C\u00e1mara frigor\u00edfica a medida, adaptada totalmente al espacio\" aria-label=\"Grup CIF &#8211; C\u00e1maras frigor\u00edficas &#8211; C\u00e1maras frigor\u00edficas, con panel industrial &#8211; C\u00e1mara frigor\u00edfica a medida, adaptada totalmente al espacio\" href=\"https:\/\/grupcif.com\/wp-content\/uploads\/2023\/12\/Camara_frigorifica_medida1.webp\" target=\"_self\"><img decoding=\"async\" width=\"464\" height=\"400\" src=\"https:\/\/grupcif.com\/wp-content\/uploads\/2023\/12\/Camara_frigorifica_medida1.webp\" class=\"attachment-full size-full\" alt=\"Grup CIF - C\u00e1maras frigor\u00edficas - C\u00e1maras frigor\u00edficas, con panel industrial - C\u00e1mara frigor\u00edfica a medida, adaptada totalmente al espacio\" srcset=\"https:\/\/grupcif.com\/wp-content\/uploads\/2023\/12\/Camara_frigorifica_medida1-200x172.webp 200w, https:\/\/grupcif.com\/wp-content\/uploads\/2023\/12\/Camara_frigorifica_medida1-300x259.webp 300w, https:\/\/grupcif.com\/wp-content\/uploads\/2023\/12\/Camara_frigorifica_medida1-400x345.webp 400w, https:\/\/grupcif.com\/wp-content\/uploads\/2023\/12\/Camara_frigorifica_medida1.webp 464w\" sizes=\"(max-width: 464px) 100vw, 464px\" \/><\/a><\/div><\/div><\/div><div class=\"swiper-slide\"><div class=\"fusion-carousel-item-wrapper\"><div class=\"fusion-image-wrapper hover-type-none\"><a data-rel=\"iLightbox[image_carousel_3]\" data-caption=\"C\u00e1mara frigor\u00edfica 1\" data-title=\"Grup CIF &#8211; C\u00e1maras frigor\u00edficas &#8211; C\u00e1maras frigor\u00edficas, con panel industrial &#8211; C\u00e1mara frigor\u00edfica a medida, adaptada totalmente al espacio\" aria-label=\"Grup CIF &#8211; C\u00e1maras frigor\u00edficas &#8211; C\u00e1maras frigor\u00edficas, con panel industrial &#8211; C\u00e1mara frigor\u00edfica a medida, adaptada totalmente al espacio\" href=\"https:\/\/grupcif.com\/wp-content\/uploads\/2023\/12\/Camara_frigorifica_medida2.webp\" target=\"_self\"><img decoding=\"async\" width=\"495\" height=\"392\" src=\"https:\/\/grupcif.com\/wp-content\/uploads\/2023\/12\/Camara_frigorifica_medida2.webp\" class=\"attachment-full size-full\" alt=\"Grup CIF - C\u00e1maras frigor\u00edficas - C\u00e1maras frigor\u00edficas, con panel industrial - C\u00e1mara frigor\u00edfica a medida, adaptada totalmente al espacio\" srcset=\"https:\/\/grupcif.com\/wp-content\/uploads\/2023\/12\/Camara_frigorifica_medida2-200x158.webp 200w, https:\/\/grupcif.com\/wp-content\/uploads\/2023\/12\/Camara_frigorifica_medida2-300x238.webp 300w, https:\/\/grupcif.com\/wp-content\/uploads\/2023\/12\/Camara_frigorifica_medida2-400x317.webp 400w, https:\/\/grupcif.com\/wp-content\/uploads\/2023\/12\/Camara_frigorifica_medida2.webp 495w\" sizes=\"(max-width: 495px) 100vw, 495px\" \/><\/a><\/div><\/div><\/div><div class=\"swiper-slide\"><div class=\"fusion-carousel-item-wrapper\"><div class=\"fusion-image-wrapper hover-type-none\"><a data-rel=\"iLightbox[image_carousel_3]\" data-caption=\"C\u00e1mara frigor\u00edfica 2\" data-title=\"Grup CIF &#8211; C\u00e1maras frigor\u00edficas &#8211; C\u00e1maras frigor\u00edficas, con panel industrial &#8211; C\u00e1mara frigor\u00edfica a medida, adaptada totalmente al espacio\" aria-label=\"Grup CIF &#8211; C\u00e1maras frigor\u00edficas &#8211; C\u00e1maras frigor\u00edficas, con panel industrial &#8211; C\u00e1mara frigor\u00edfica a medida, adaptada totalmente al espacio\" href=\"https:\/\/grupcif.com\/wp-content\/uploads\/2023\/12\/Camara_frigorifica_medida3.webp\" target=\"_self\"><img decoding=\"async\" width=\"553\" height=\"384\" src=\"https:\/\/grupcif.com\/wp-content\/uploads\/2023\/12\/Camara_frigorifica_medida3.webp\" class=\"attachment-full size-full\" alt=\"Grup CIF - C\u00e1maras frigor\u00edficas - C\u00e1maras frigor\u00edficas, con panel industrial - C\u00e1mara frigor\u00edfica a medida, adaptada totalmente al espacio\" srcset=\"https:\/\/grupcif.com\/wp-content\/uploads\/2023\/12\/Camara_frigorifica_medida3-200x139.webp 200w, https:\/\/grupcif.com\/wp-content\/uploads\/2023\/12\/Camara_frigorifica_medida3-300x208.webp 300w, https:\/\/grupcif.com\/wp-content\/uploads\/2023\/12\/Camara_frigorifica_medida3-400x278.webp 400w, https:\/\/grupcif.com\/wp-content\/uploads\/2023\/12\/Camara_frigorifica_medida3.webp 553w\" sizes=\"(max-width: 553px) 100vw, 553px\" \/><\/a><\/div><\/div><\/div><div class=\"swiper-slide\"><div class=\"fusion-carousel-item-wrapper\"><div class=\"fusion-image-wrapper hover-type-none\"><a data-rel=\"iLightbox[image_carousel_3]\" data-caption=\"C\u00e1mara frigor\u00edfica 3\" data-title=\"Grup CIF &#8211; C\u00e1maras frigor\u00edficas &#8211; C\u00e1maras frigor\u00edficas, con panel industrial &#8211; C\u00e1mara frigor\u00edfica a medida, adaptada totalmente al espacio\" aria-label=\"Grup CIF &#8211; C\u00e1maras frigor\u00edficas &#8211; C\u00e1maras frigor\u00edficas, con panel industrial &#8211; C\u00e1mara frigor\u00edfica a medida, adaptada totalmente al espacio\" href=\"https:\/\/grupcif.com\/wp-content\/uploads\/2023\/12\/Camara_frigorifica_medida4.webp\" target=\"_self\"><img decoding=\"async\" width=\"507\" height=\"345\" src=\"https:\/\/grupcif.com\/wp-content\/uploads\/2023\/12\/Camara_frigorifica_medida4.webp\" class=\"attachment-full size-full\" alt=\"Grup CIF - C\u00e1maras frigor\u00edficas - C\u00e1maras frigor\u00edficas, con panel industrial - C\u00e1mara frigor\u00edfica a medida, adaptada totalmente al espacio\" srcset=\"https:\/\/grupcif.com\/wp-content\/uploads\/2023\/12\/Camara_frigorifica_medida4-200x136.webp 200w, https:\/\/grupcif.com\/wp-content\/uploads\/2023\/12\/Camara_frigorifica_medida4-300x204.webp 300w, https:\/\/grupcif.com\/wp-content\/uploads\/2023\/12\/Camara_frigorifica_medida4-400x272.webp 400w, https:\/\/grupcif.com\/wp-content\/uploads\/2023\/12\/Camara_frigorifica_medida4.webp 507w\" sizes=\"(max-width: 507px) 100vw, 507px\" \/><\/a><\/div><\/div><\/div><div class=\"swiper-slide\"><div class=\"fusion-carousel-item-wrapper\"><div class=\"fusion-image-wrapper hover-type-none\"><a data-rel=\"iLightbox[image_carousel_3]\" data-caption=\"C\u00e1mara frigor\u00edfica 4\" data-title=\"Grup CIF &#8211; C\u00e1maras frigor\u00edficas &#8211; C\u00e1maras frigor\u00edficas, con panel industrial &#8211; C\u00e1mara frigor\u00edfica a medida, adaptada totalmente al espacio\" aria-label=\"Grup CIF &#8211; C\u00e1maras frigor\u00edficas &#8211; C\u00e1maras frigor\u00edficas, con panel industrial &#8211; C\u00e1mara frigor\u00edfica a medida, adaptada totalmente al espacio\" href=\"https:\/\/grupcif.com\/wp-content\/uploads\/2023\/12\/Camara_frigorifica_medida5.webp\" target=\"_self\"><img decoding=\"async\" width=\"469\" height=\"395\" src=\"https:\/\/grupcif.com\/wp-content\/uploads\/2023\/12\/Camara_frigorifica_medida5.webp\" class=\"attachment-full size-full\" alt=\"Grup CIF - C\u00e1maras frigor\u00edficas - C\u00e1maras frigor\u00edficas, con panel industrial - C\u00e1mara frigor\u00edfica a medida, adaptada totalmente al espacio\" srcset=\"https:\/\/grupcif.com\/wp-content\/uploads\/2023\/12\/Camara_frigorifica_medida5-200x168.webp 200w, https:\/\/grupcif.com\/wp-content\/uploads\/2023\/12\/Camara_frigorifica_medida5-300x253.webp 300w, https:\/\/grupcif.com\/wp-content\/uploads\/2023\/12\/Camara_frigorifica_medida5-400x337.webp 400w, https:\/\/grupcif.com\/wp-content\/uploads\/2023\/12\/Camara_frigorifica_medida5.webp 469w\" sizes=\"(max-width: 469px) 100vw, 469px\" \/><\/a><\/div><\/div><\/div><div class=\"swiper-slide\"><div class=\"fusion-carousel-item-wrapper\"><div class=\"fusion-image-wrapper hover-type-none\"><a data-rel=\"iLightbox[image_carousel_3]\" data-caption=\"C\u00e1mara frigor\u00edfica 6\" data-title=\"Grup CIF &#8211; C\u00e1maras frigor\u00edficas &#8211; C\u00e1maras frigor\u00edficas, con panel industrial &#8211; C\u00e1mara frigor\u00edfica a medida, adaptada totalmente al espacio\" aria-label=\"Grup CIF &#8211; C\u00e1maras frigor\u00edficas &#8211; C\u00e1maras frigor\u00edficas, con panel industrial &#8211; C\u00e1mara frigor\u00edfica a medida, adaptada totalmente al espacio\" href=\"https:\/\/grupcif.com\/wp-content\/uploads\/2023\/12\/Camara_frigorifica_medida6.webp\" target=\"_self\"><img decoding=\"async\" width=\"466\" height=\"396\" src=\"https:\/\/grupcif.com\/wp-content\/uploads\/2023\/12\/Camara_frigorifica_medida6.webp\" class=\"attachment-full size-full\" alt=\"Grup CIF - C\u00e1maras frigor\u00edficas - C\u00e1maras frigor\u00edficas, con panel industrial - C\u00e1mara frigor\u00edfica a medida, adaptada totalmente al espacio\" srcset=\"https:\/\/grupcif.com\/wp-content\/uploads\/2023\/12\/Camara_frigorifica_medida6-200x170.webp 200w, https:\/\/grupcif.com\/wp-content\/uploads\/2023\/12\/Camara_frigorifica_medida6-300x255.webp 300w, https:\/\/grupcif.com\/wp-content\/uploads\/2023\/12\/Camara_frigorifica_medida6-400x340.webp 400w, https:\/\/grupcif.com\/wp-content\/uploads\/2023\/12\/Camara_frigorifica_medida6.webp 466w\" sizes=\"(max-width: 466px) 100vw, 466px\" \/><\/a><\/div><\/div><\/div><div class=\"swiper-slide\"><div class=\"fusion-carousel-item-wrapper\"><div class=\"fusion-image-wrapper hover-type-none\"><a data-rel=\"iLightbox[image_carousel_3]\" data-caption=\"C\u00e1mara frigor\u00edfica 5\" data-title=\"Grup CIF &#8211; C\u00e1maras frigor\u00edficas &#8211; C\u00e1maras frigor\u00edficas, con panel industrial &#8211; C\u00e1mara frigor\u00edfica a medida, adaptada totalmente al espacio\" aria-label=\"Grup CIF &#8211; C\u00e1maras frigor\u00edficas &#8211; C\u00e1maras frigor\u00edficas, con panel industrial &#8211; C\u00e1mara frigor\u00edfica a medida, adaptada totalmente al espacio\" href=\"https:\/\/grupcif.com\/wp-content\/uploads\/2023\/12\/Camara_frigorifica_medida7.webp\" target=\"_self\"><img decoding=\"async\" width=\"466\" height=\"394\" src=\"https:\/\/grupcif.com\/wp-content\/uploads\/2023\/12\/Camara_frigorifica_medida7.webp\" class=\"attachment-full size-full\" alt=\"Grup CIF - C\u00e1maras frigor\u00edficas - C\u00e1maras frigor\u00edficas, con panel industrial - C\u00e1mara frigor\u00edfica a medida, adaptada totalmente al espacio\" srcset=\"https:\/\/grupcif.com\/wp-content\/uploads\/2023\/12\/Camara_frigorifica_medida7-200x169.webp 200w, https:\/\/grupcif.com\/wp-content\/uploads\/2023\/12\/Camara_frigorifica_medida7-300x254.webp 300w, https:\/\/grupcif.com\/wp-content\/uploads\/2023\/12\/Camara_frigorifica_medida7-400x338.webp 400w, https:\/\/grupcif.com\/wp-content\/uploads\/2023\/12\/Camara_frigorifica_medida7.webp 466w\" sizes=\"(max-width: 466px) 100vw, 466px\" \/><\/a><\/div><\/div><\/div><div class=\"swiper-slide\"><div class=\"fusion-carousel-item-wrapper\"><div class=\"fusion-image-wrapper hover-type-none\"><a data-rel=\"iLightbox[image_carousel_3]\" data-caption=\"C\u00e1mara frigor\u00edfica estanter\u00eda\" data-title=\"Grup CIF &#8211; C\u00e1maras frigor\u00edficas &#8211; C\u00e1maras frigor\u00edficas, con panel industrial &#8211; C\u00e1mara frigor\u00edfica a medida, adaptada totalmente al espacio\" aria-label=\"Grup CIF &#8211; C\u00e1maras frigor\u00edficas &#8211; C\u00e1maras frigor\u00edficas, con panel industrial &#8211; C\u00e1mara frigor\u00edfica a medida, adaptada totalmente al espacio\" href=\"https:\/\/grupcif.com\/wp-content\/uploads\/2023\/12\/Camara_frigorifica_medida8.webp\" target=\"_self\"><img decoding=\"async\" width=\"467\" height=\"392\" src=\"https:\/\/grupcif.com\/wp-content\/uploads\/2023\/12\/Camara_frigorifica_medida8.webp\" class=\"attachment-full size-full\" alt=\"Grup CIF - C\u00e1maras frigor\u00edficas - C\u00e1maras frigor\u00edficas, con panel industrial - C\u00e1mara frigor\u00edfica a medida, adaptada totalmente al espacio\" srcset=\"https:\/\/grupcif.com\/wp-content\/uploads\/2023\/12\/Camara_frigorifica_medida8-200x168.webp 200w, https:\/\/grupcif.com\/wp-content\/uploads\/2023\/12\/Camara_frigorifica_medida8-300x252.webp 300w, https:\/\/grupcif.com\/wp-content\/uploads\/2023\/12\/Camara_frigorifica_medida8-400x336.webp 400w, https:\/\/grupcif.com\/wp-content\/uploads\/2023\/12\/Camara_frigorifica_medida8.webp 467w\" sizes=\"(max-width: 467px) 100vw, 467px\" \/><\/a><\/div><\/div><\/div><div class=\"swiper-slide\"><div class=\"fusion-carousel-item-wrapper\"><div class=\"fusion-image-wrapper hover-type-none\"><a data-rel=\"iLightbox[image_carousel_3]\" data-caption=\"M\u00e1quina c\u00e1mara frigor\u00edfica\" data-title=\"Grup CIF &#8211; C\u00e1maras frigor\u00edficas &#8211; C\u00e1maras frigor\u00edficas, con panel industrial &#8211; C\u00e1mara frigor\u00edfica a medida, adaptada totalmente al espacio\" aria-label=\"Grup CIF &#8211; C\u00e1maras frigor\u00edficas &#8211; C\u00e1maras frigor\u00edficas, con panel industrial &#8211; C\u00e1mara frigor\u00edfica a medida, adaptada totalmente al espacio\" href=\"https:\/\/grupcif.com\/wp-content\/uploads\/2023\/12\/Camara_frigorifica_medida9.webp\" target=\"_self\"><img decoding=\"async\" width=\"462\" height=\"393\" src=\"https:\/\/grupcif.com\/wp-content\/uploads\/2023\/12\/Camara_frigorifica_medida9.webp\" class=\"attachment-full size-full\" alt=\"Grup CIF - C\u00e1maras frigor\u00edficas - C\u00e1maras frigor\u00edficas, con panel industrial - C\u00e1mara frigor\u00edfica a medida, adaptada totalmente al espacio\" srcset=\"https:\/\/grupcif.com\/wp-content\/uploads\/2023\/12\/Camara_frigorifica_medida9-200x170.webp 200w, https:\/\/grupcif.com\/wp-content\/uploads\/2023\/12\/Camara_frigorifica_medida9-300x255.webp 300w, https:\/\/grupcif.com\/wp-content\/uploads\/2023\/12\/Camara_frigorifica_medida9-400x340.webp 400w, https:\/\/grupcif.com\/wp-content\/uploads\/2023\/12\/Camara_frigorifica_medida9.webp 462w\" sizes=\"(max-width: 462px) 100vw, 462px\" \/><\/a><\/div><\/div><\/div><\/div><div class=\"awb-swiper-button awb-swiper-button-prev\"><i class=\"awb-icon-angle-left\" aria-hidden=\"true\"><\/i><\/div><div class=\"awb-swiper-button awb-swiper-button-next\"><i class=\"awb-icon-angle-right\" aria-hidden=\"true\"><\/i><\/div><\/div><\/div><\/div><\/div><div class=\"fusion-layout-column fusion_builder_column fusion-builder-column-24 fusion_builder_column_1_1 1_1 fusion-flex-column content-golden\" style=\"--awb-bg-size:cover;--awb-width-large:100%;--awb-margin-top-large:0px;--awb-spacing-right-large:1.92%;--awb-margin-bottom-large:20px;--awb-spacing-left-large:1.92%;--awb-width-medium:100%;--awb-order-medium:0;--awb-spacing-right-medium:1.92%;--awb-spacing-left-medium:1.92%;--awb-width-small:100%;--awb-order-small:0;--awb-spacing-right-small:1.92%;--awb-spacing-left-small:1.92%;\" data-scroll-devices=\"small-visibility,medium-visibility,large-visibility\"><div class=\"fusion-column-wrapper fusion-column-has-shadow fusion-flex-justify-content-flex-start fusion-content-layout-column\"><div class=\"fusion-text fusion-text-16\" style=\"--awb-content-alignment:center;--awb-text-color:#151412;\"><h3>C\u00e1maras frigor\u00edficas est\u00e1ndar, modulares, conjunto de c\u00e1mara, industriales y de gran volumen, con puertas de cristal, correderas o pivotantes<\/h3>\n<\/div><div class=\"fusion-image-carousel fusion-image-carousel-auto fusion-image-carousel-4 lightbox-enabled\"><div class=\"awb-carousel awb-swiper awb-swiper-carousel awb-carousel--carousel awb-swiper-dots-position-bottom\" data-layout=\"carousel\" data-autoplay=\"yes\" data-autoplayspeed=\"5000\" data-autoplaypause=\"no\" data-loop=\"yes\" data-columns=\"1\" data-columnsmedium=\"1\" data-columnssmall=\"1\" data-itemmargin=\"13\" data-itemwidth=\"180\" data-touchscroll=\"no\" data-freemode=\"no\" data-imagesize=\"auto\" data-scrollitems=\"0\" data-centeredslides=\"no\" data-rotationangle=\"50\" data-depth=\"100\" data-speed=\"500\" data-shadow=\"no\" data-pagination=\"bullets\" style=\"--awb-columns:1;\"><div class=\"swiper-wrapper awb-image-carousel-wrapper fusion-flex-align-items-center\"><div class=\"swiper-slide\"><div class=\"fusion-carousel-item-wrapper\"><div class=\"fusion-image-wrapper hover-type-none\"><a data-rel=\"iLightbox[image_carousel_4]\" data-caption=\"C\u00e1mara 1\" data-title=\"Grup CIF &#8211; C\u00e1maras frigor\u00edficas &#8211; C\u00e1maras frigor\u00edficas, con panel industrial &#8211; C\u00e1maras frigor\u00edficas est\u00e1ndar, modulares, conjunto de c\u00e1mara, industriales y de gran volumen, con puertas de cristal, correderas o pivotantes\" aria-label=\"Grup CIF &#8211; C\u00e1maras frigor\u00edficas &#8211; C\u00e1maras frigor\u00edficas, con panel industrial &#8211; C\u00e1maras frigor\u00edficas est\u00e1ndar, modulares, conjunto de c\u00e1mara, industriales y de gran volumen, con puertas de cristal, correderas o pivotantes\" href=\"https:\/\/grupcif.com\/wp-content\/uploads\/2024\/02\/camara1.webp\" target=\"_self\"><img decoding=\"async\" width=\"1280\" height=\"720\" src=\"https:\/\/grupcif.com\/wp-content\/uploads\/2024\/02\/camara1.webp\" class=\"attachment-full size-full\" alt=\"Grup CIF - C\u00e1maras frigor\u00edficas - C\u00e1maras frigor\u00edficas, con panel industrial - C\u00e1maras frigor\u00edficas est\u00e1ndar, modulares, conjunto de c\u00e1mara, industriales y de gran volumen, con puertas de cristal, correderas o pivotantes\" srcset=\"https:\/\/grupcif.com\/wp-content\/uploads\/2024\/02\/camara1-200x113.webp 200w, https:\/\/grupcif.com\/wp-content\/uploads\/2024\/02\/camara1-300x169.webp 300w, https:\/\/grupcif.com\/wp-content\/uploads\/2024\/02\/camara1-400x225.webp 400w, https:\/\/grupcif.com\/wp-content\/uploads\/2024\/02\/camara1-600x338.webp 600w, https:\/\/grupcif.com\/wp-content\/uploads\/2024\/02\/camara1-768x432.webp 768w, https:\/\/grupcif.com\/wp-content\/uploads\/2024\/02\/camara1-800x450.webp 800w, https:\/\/grupcif.com\/wp-content\/uploads\/2024\/02\/camara1-1024x576.webp 1024w, https:\/\/grupcif.com\/wp-content\/uploads\/2024\/02\/camara1-1200x675.webp 1200w, https:\/\/grupcif.com\/wp-content\/uploads\/2024\/02\/camara1.webp 1280w\" sizes=\"(max-width: 1280px) 100vw, 1280px\" \/><\/a><\/div><\/div><\/div><div class=\"swiper-slide\"><div class=\"fusion-carousel-item-wrapper\"><div class=\"fusion-image-wrapper hover-type-none\"><a data-rel=\"iLightbox[image_carousel_4]\" data-caption=\"C\u00e1mara 2\" data-title=\"Grup CIF &#8211; C\u00e1maras frigor\u00edficas &#8211; C\u00e1maras frigor\u00edficas, con panel industrial &#8211; C\u00e1maras frigor\u00edficas est\u00e1ndar, modulares, conjunto de c\u00e1mara, industriales y de gran volumen, con puertas de cristal, correderas o pivotantes\" aria-label=\"Grup CIF &#8211; C\u00e1maras frigor\u00edficas &#8211; C\u00e1maras frigor\u00edficas, con panel industrial &#8211; C\u00e1maras frigor\u00edficas est\u00e1ndar, modulares, conjunto de c\u00e1mara, industriales y de gran volumen, con puertas de cristal, correderas o pivotantes\" href=\"https:\/\/grupcif.com\/wp-content\/uploads\/2024\/02\/camara2.webp\" target=\"_self\"><img decoding=\"async\" width=\"1280\" height=\"720\" src=\"https:\/\/grupcif.com\/wp-content\/uploads\/2024\/02\/camara2.webp\" class=\"attachment-full size-full\" alt=\"Grup CIF - C\u00e1maras frigor\u00edficas - C\u00e1maras frigor\u00edficas, con panel industrial - C\u00e1maras frigor\u00edficas est\u00e1ndar, modulares, conjunto de c\u00e1mara, industriales y de gran volumen, con puertas de cristal, correderas o pivotantes\" srcset=\"https:\/\/grupcif.com\/wp-content\/uploads\/2024\/02\/camara2-200x113.webp 200w, https:\/\/grupcif.com\/wp-content\/uploads\/2024\/02\/camara2-300x169.webp 300w, https:\/\/grupcif.com\/wp-content\/uploads\/2024\/02\/camara2-400x225.webp 400w, https:\/\/grupcif.com\/wp-content\/uploads\/2024\/02\/camara2-600x338.webp 600w, https:\/\/grupcif.com\/wp-content\/uploads\/2024\/02\/camara2-768x432.webp 768w, https:\/\/grupcif.com\/wp-content\/uploads\/2024\/02\/camara2-800x450.webp 800w, https:\/\/grupcif.com\/wp-content\/uploads\/2024\/02\/camara2-1024x576.webp 1024w, https:\/\/grupcif.com\/wp-content\/uploads\/2024\/02\/camara2-1200x675.webp 1200w, https:\/\/grupcif.com\/wp-content\/uploads\/2024\/02\/camara2.webp 1280w\" sizes=\"(max-width: 1280px) 100vw, 1280px\" \/><\/a><\/div><\/div><\/div><div class=\"swiper-slide\"><div class=\"fusion-carousel-item-wrapper\"><div class=\"fusion-image-wrapper hover-type-none\"><a data-rel=\"iLightbox[image_carousel_4]\" data-caption=\"C\u00e1mara 3\" data-title=\"Grup CIF &#8211; C\u00e1maras frigor\u00edficas &#8211; C\u00e1maras frigor\u00edficas, con panel industrial &#8211; C\u00e1maras frigor\u00edficas est\u00e1ndar, modulares, conjunto de c\u00e1mara, industriales y de gran volumen, con puertas de cristal, correderas o pivotantes\" aria-label=\"Grup CIF &#8211; C\u00e1maras frigor\u00edficas &#8211; C\u00e1maras frigor\u00edficas, con panel industrial &#8211; C\u00e1maras frigor\u00edficas est\u00e1ndar, modulares, conjunto de c\u00e1mara, industriales y de gran volumen, con puertas de cristal, correderas o pivotantes\" href=\"https:\/\/grupcif.com\/wp-content\/uploads\/2024\/02\/camara3.webp\" target=\"_self\"><img decoding=\"async\" width=\"1280\" height=\"720\" src=\"https:\/\/grupcif.com\/wp-content\/uploads\/2024\/02\/camara3.webp\" class=\"attachment-full size-full\" alt=\"Grup CIF - C\u00e1maras frigor\u00edficas - C\u00e1maras frigor\u00edficas, con panel industrial - C\u00e1maras frigor\u00edficas est\u00e1ndar, modulares, conjunto de c\u00e1mara, industriales y de gran volumen, con puertas de cristal, correderas o pivotantes\" srcset=\"https:\/\/grupcif.com\/wp-content\/uploads\/2024\/02\/camara3-200x113.webp 200w, https:\/\/grupcif.com\/wp-content\/uploads\/2024\/02\/camara3-300x169.webp 300w, https:\/\/grupcif.com\/wp-content\/uploads\/2024\/02\/camara3-400x225.webp 400w, https:\/\/grupcif.com\/wp-content\/uploads\/2024\/02\/camara3-600x338.webp 600w, https:\/\/grupcif.com\/wp-content\/uploads\/2024\/02\/camara3-768x432.webp 768w, https:\/\/grupcif.com\/wp-content\/uploads\/2024\/02\/camara3-800x450.webp 800w, https:\/\/grupcif.com\/wp-content\/uploads\/2024\/02\/camara3-1024x576.webp 1024w, https:\/\/grupcif.com\/wp-content\/uploads\/2024\/02\/camara3-1200x675.webp 1200w, https:\/\/grupcif.com\/wp-content\/uploads\/2024\/02\/camara3.webp 1280w\" sizes=\"(max-width: 1280px) 100vw, 1280px\" \/><\/a><\/div><\/div><\/div><div class=\"swiper-slide\"><div class=\"fusion-carousel-item-wrapper\"><div class=\"fusion-image-wrapper hover-type-none\"><a data-rel=\"iLightbox[image_carousel_4]\" data-caption=\"C\u00e1mara 5\" data-title=\"Grup CIF &#8211; C\u00e1maras frigor\u00edficas &#8211; C\u00e1maras frigor\u00edficas, con panel industrial &#8211; C\u00e1maras frigor\u00edficas est\u00e1ndar, modulares, conjunto de c\u00e1mara, industriales y de gran volumen, con puertas de cristal, correderas o pivotantes\" aria-label=\"Grup CIF &#8211; C\u00e1maras frigor\u00edficas &#8211; C\u00e1maras frigor\u00edficas, con panel industrial &#8211; C\u00e1maras frigor\u00edficas est\u00e1ndar, modulares, conjunto de c\u00e1mara, industriales y de gran volumen, con puertas de cristal, correderas o pivotantes\" href=\"https:\/\/grupcif.com\/wp-content\/uploads\/2024\/02\/camara5.webp\" target=\"_self\"><img decoding=\"async\" width=\"1280\" height=\"622\" src=\"https:\/\/grupcif.com\/wp-content\/uploads\/2024\/02\/camara5.webp\" class=\"attachment-full size-full\" alt=\"Grup CIF - C\u00e1maras frigor\u00edficas - C\u00e1maras frigor\u00edficas, con panel industrial - C\u00e1maras frigor\u00edficas est\u00e1ndar, modulares, conjunto de c\u00e1mara, industriales y de gran volumen, con puertas de cristal, correderas o pivotantes\" srcset=\"https:\/\/grupcif.com\/wp-content\/uploads\/2024\/02\/camara5-200x97.webp 200w, https:\/\/grupcif.com\/wp-content\/uploads\/2024\/02\/camara5-300x146.webp 300w, https:\/\/grupcif.com\/wp-content\/uploads\/2024\/02\/camara5-400x194.webp 400w, https:\/\/grupcif.com\/wp-content\/uploads\/2024\/02\/camara5-600x292.webp 600w, https:\/\/grupcif.com\/wp-content\/uploads\/2024\/02\/camara5-768x373.webp 768w, https:\/\/grupcif.com\/wp-content\/uploads\/2024\/02\/camara5-800x389.webp 800w, https:\/\/grupcif.com\/wp-content\/uploads\/2024\/02\/camara5-1024x498.webp 1024w, https:\/\/grupcif.com\/wp-content\/uploads\/2024\/02\/camara5-1200x583.webp 1200w, https:\/\/grupcif.com\/wp-content\/uploads\/2024\/02\/camara5.webp 1280w\" sizes=\"(max-width: 1280px) 100vw, 1280px\" \/><\/a><\/div><\/div><\/div><div class=\"swiper-slide\"><div class=\"fusion-carousel-item-wrapper\"><div class=\"fusion-image-wrapper hover-type-none\"><a data-rel=\"iLightbox[image_carousel_4]\" data-caption=\"C\u00e1mara 6\" data-title=\"Grup CIF &#8211; C\u00e1maras frigor\u00edficas &#8211; C\u00e1maras frigor\u00edficas, con panel industrial &#8211; C\u00e1maras frigor\u00edficas est\u00e1ndar, modulares, conjunto de c\u00e1mara, industriales y de gran volumen, con puertas de cristal, correderas o pivotantes\" aria-label=\"Grup CIF &#8211; C\u00e1maras frigor\u00edficas &#8211; C\u00e1maras frigor\u00edficas, con panel industrial &#8211; C\u00e1maras frigor\u00edficas est\u00e1ndar, modulares, conjunto de c\u00e1mara, industriales y de gran volumen, con puertas de cristal, correderas o pivotantes\" href=\"https:\/\/grupcif.com\/wp-content\/uploads\/2024\/02\/camara6.webp\" target=\"_self\"><img decoding=\"async\" width=\"1280\" height=\"720\" src=\"https:\/\/grupcif.com\/wp-content\/uploads\/2024\/02\/camara6.webp\" class=\"attachment-full size-full\" alt=\"Grup CIF - C\u00e1maras frigor\u00edficas - C\u00e1maras frigor\u00edficas, con panel industrial - C\u00e1maras frigor\u00edficas est\u00e1ndar, modulares, conjunto de c\u00e1mara, industriales y de gran volumen, con puertas de cristal, correderas o pivotantes\" srcset=\"https:\/\/grupcif.com\/wp-content\/uploads\/2024\/02\/camara6-200x113.webp 200w, https:\/\/grupcif.com\/wp-content\/uploads\/2024\/02\/camara6-300x169.webp 300w, https:\/\/grupcif.com\/wp-content\/uploads\/2024\/02\/camara6-400x225.webp 400w, https:\/\/grupcif.com\/wp-content\/uploads\/2024\/02\/camara6-600x338.webp 600w, https:\/\/grupcif.com\/wp-content\/uploads\/2024\/02\/camara6-768x432.webp 768w, https:\/\/grupcif.com\/wp-content\/uploads\/2024\/02\/camara6-800x450.webp 800w, https:\/\/grupcif.com\/wp-content\/uploads\/2024\/02\/camara6-1024x576.webp 1024w, https:\/\/grupcif.com\/wp-content\/uploads\/2024\/02\/camara6-1200x675.webp 1200w, https:\/\/grupcif.com\/wp-content\/uploads\/2024\/02\/camara6.webp 1280w\" sizes=\"(max-width: 1280px) 100vw, 1280px\" \/><\/a><\/div><\/div><\/div><div class=\"swiper-slide\"><div class=\"fusion-carousel-item-wrapper\"><div class=\"fusion-image-wrapper hover-type-none\"><a data-rel=\"iLightbox[image_carousel_4]\" data-caption=\"C\u00e1mara 7\" data-title=\"Grup CIF &#8211; C\u00e1maras frigor\u00edficas &#8211; C\u00e1maras frigor\u00edficas, con panel industrial &#8211; C\u00e1maras frigor\u00edficas est\u00e1ndar, modulares, conjunto de c\u00e1mara, industriales y de gran volumen, con puertas de cristal, correderas o pivotantes\" aria-label=\"Grup CIF &#8211; C\u00e1maras frigor\u00edficas &#8211; C\u00e1maras frigor\u00edficas, con panel industrial &#8211; C\u00e1maras frigor\u00edficas est\u00e1ndar, modulares, conjunto de c\u00e1mara, industriales y de gran volumen, con puertas de cristal, correderas o pivotantes\" href=\"https:\/\/grupcif.com\/wp-content\/uploads\/2024\/02\/camara7.webp\" target=\"_self\"><img decoding=\"async\" width=\"1600\" height=\"908\" src=\"https:\/\/grupcif.com\/wp-content\/uploads\/2024\/02\/camara7.webp\" class=\"attachment-full size-full\" alt=\"Grup CIF - C\u00e1maras frigor\u00edficas - C\u00e1maras frigor\u00edficas, con panel industrial - C\u00e1maras frigor\u00edficas est\u00e1ndar, modulares, conjunto de c\u00e1mara, industriales y de gran volumen, con puertas de cristal, correderas o pivotantes\" srcset=\"https:\/\/grupcif.com\/wp-content\/uploads\/2024\/02\/camara7-200x114.webp 200w, https:\/\/grupcif.com\/wp-content\/uploads\/2024\/02\/camara7-300x170.webp 300w, https:\/\/grupcif.com\/wp-content\/uploads\/2024\/02\/camara7-400x227.webp 400w, https:\/\/grupcif.com\/wp-content\/uploads\/2024\/02\/camara7-600x341.webp 600w, https:\/\/grupcif.com\/wp-content\/uploads\/2024\/02\/camara7-768x436.webp 768w, https:\/\/grupcif.com\/wp-content\/uploads\/2024\/02\/camara7-800x454.webp 800w, https:\/\/grupcif.com\/wp-content\/uploads\/2024\/02\/camara7-1024x581.webp 1024w, https:\/\/grupcif.com\/wp-content\/uploads\/2024\/02\/camara7-1200x681.webp 1200w, https:\/\/grupcif.com\/wp-content\/uploads\/2024\/02\/camara7-1536x872.webp 1536w, https:\/\/grupcif.com\/wp-content\/uploads\/2024\/02\/camara7.webp 1600w\" sizes=\"(max-width: 1600px) 100vw, 1600px\" \/><\/a><\/div><\/div><\/div><div class=\"swiper-slide\"><div class=\"fusion-carousel-item-wrapper\"><div class=\"fusion-image-wrapper hover-type-none\"><a data-rel=\"iLightbox[image_carousel_4]\" data-caption=\"C\u00e1mara modular\" data-title=\"Grup CIF &#8211; C\u00e1maras frigor\u00edficas &#8211; C\u00e1maras frigor\u00edficas, con panel industrial &#8211; C\u00e1maras frigor\u00edficas est\u00e1ndar, modulares, conjunto de c\u00e1mara, industriales y de gran volumen, con puertas de cristal, correderas o pivotantes\" aria-label=\"Grup CIF &#8211; C\u00e1maras frigor\u00edficas &#8211; C\u00e1maras frigor\u00edficas, con panel industrial &#8211; C\u00e1maras frigor\u00edficas est\u00e1ndar, modulares, conjunto de c\u00e1mara, industriales y de gran volumen, con puertas de cristal, correderas o pivotantes\" href=\"https:\/\/grupcif.com\/wp-content\/uploads\/2024\/02\/camara-modular-2.webp\" target=\"_self\"><img decoding=\"async\" width=\"1280\" height=\"720\" src=\"https:\/\/grupcif.com\/wp-content\/uploads\/2024\/02\/camara-modular-2.webp\" class=\"attachment-full size-full\" alt=\"Grup CIF - C\u00e1maras frigor\u00edficas - C\u00e1maras frigor\u00edficas, con panel industrial - C\u00e1maras frigor\u00edficas est\u00e1ndar, modulares, conjunto de c\u00e1mara, industriales y de gran volumen, con puertas de cristal, correderas o pivotantes\" srcset=\"https:\/\/grupcif.com\/wp-content\/uploads\/2024\/02\/camara-modular-2-200x113.webp 200w, https:\/\/grupcif.com\/wp-content\/uploads\/2024\/02\/camara-modular-2-300x169.webp 300w, https:\/\/grupcif.com\/wp-content\/uploads\/2024\/02\/camara-modular-2-400x225.webp 400w, https:\/\/grupcif.com\/wp-content\/uploads\/2024\/02\/camara-modular-2-600x338.webp 600w, https:\/\/grupcif.com\/wp-content\/uploads\/2024\/02\/camara-modular-2-768x432.webp 768w, https:\/\/grupcif.com\/wp-content\/uploads\/2024\/02\/camara-modular-2-800x450.webp 800w, https:\/\/grupcif.com\/wp-content\/uploads\/2024\/02\/camara-modular-2-1024x576.webp 1024w, https:\/\/grupcif.com\/wp-content\/uploads\/2024\/02\/camara-modular-2-1200x675.webp 1200w, https:\/\/grupcif.com\/wp-content\/uploads\/2024\/02\/camara-modular-2.webp 1280w\" sizes=\"(max-width: 1280px) 100vw, 1280px\" \/><\/a><\/div><\/div><\/div><div class=\"swiper-slide\"><div class=\"fusion-carousel-item-wrapper\"><div class=\"fusion-image-wrapper hover-type-none\"><a data-rel=\"iLightbox[image_carousel_4]\" data-caption=\"C\u00e1mara modular\" data-title=\"Grup CIF &#8211; C\u00e1maras frigor\u00edficas &#8211; C\u00e1maras frigor\u00edficas, con panel industrial &#8211; C\u00e1maras frigor\u00edficas est\u00e1ndar, modulares, conjunto de c\u00e1mara, industriales y de gran volumen, con puertas de cristal, correderas o pivotantes\" aria-label=\"Grup CIF &#8211; C\u00e1maras frigor\u00edficas &#8211; C\u00e1maras frigor\u00edficas, con panel industrial &#8211; C\u00e1maras frigor\u00edficas est\u00e1ndar, modulares, conjunto de c\u00e1mara, industriales y de gran volumen, con puertas de cristal, correderas o pivotantes\" href=\"https:\/\/grupcif.com\/wp-content\/uploads\/2024\/02\/camara-modular.webp\" target=\"_self\"><img decoding=\"async\" width=\"1280\" height=\"720\" src=\"https:\/\/grupcif.com\/wp-content\/uploads\/2024\/02\/camara-modular.webp\" class=\"attachment-full size-full\" alt=\"Grup CIF - C\u00e1maras frigor\u00edficas - C\u00e1maras frigor\u00edficas, con panel industrial - C\u00e1maras frigor\u00edficas est\u00e1ndar, modulares, conjunto de c\u00e1mara, industriales y de gran volumen, con puertas de cristal, correderas o pivotantes\" srcset=\"https:\/\/grupcif.com\/wp-content\/uploads\/2024\/02\/camara-modular-200x113.webp 200w, https:\/\/grupcif.com\/wp-content\/uploads\/2024\/02\/camara-modular-300x169.webp 300w, https:\/\/grupcif.com\/wp-content\/uploads\/2024\/02\/camara-modular-400x225.webp 400w, https:\/\/grupcif.com\/wp-content\/uploads\/2024\/02\/camara-modular-600x338.webp 600w, https:\/\/grupcif.com\/wp-content\/uploads\/2024\/02\/camara-modular-768x432.webp 768w, https:\/\/grupcif.com\/wp-content\/uploads\/2024\/02\/camara-modular-800x450.webp 800w, https:\/\/grupcif.com\/wp-content\/uploads\/2024\/02\/camara-modular-1024x576.webp 1024w, https:\/\/grupcif.com\/wp-content\/uploads\/2024\/02\/camara-modular-1200x675.webp 1200w, https:\/\/grupcif.com\/wp-content\/uploads\/2024\/02\/camara-modular.webp 1280w\" sizes=\"(max-width: 1280px) 100vw, 1280px\" \/><\/a><\/div><\/div><\/div><\/div><div class=\"awb-swiper-button awb-swiper-button-prev\"><i class=\"awb-icon-angle-left\" aria-hidden=\"true\"><\/i><\/div><div class=\"awb-swiper-button awb-swiper-button-next\"><i class=\"awb-icon-angle-right\" aria-hidden=\"true\"><\/i><\/div><\/div><\/div><\/div><\/div><div class=\"fusion-layout-column fusion_builder_column fusion-builder-column-25 fusion_builder_column_1_1 1_1 fusion-flex-column content-golden\" style=\"--awb-bg-size:cover;--awb-width-large:100%;--awb-margin-top-large:0px;--awb-spacing-right-large:1.92%;--awb-margin-bottom-large:20px;--awb-spacing-left-large:1.92%;--awb-width-medium:100%;--awb-order-medium:0;--awb-spacing-right-medium:1.92%;--awb-spacing-left-medium:1.92%;--awb-width-small:100%;--awb-order-small:0;--awb-spacing-right-small:1.92%;--awb-spacing-left-small:1.92%;\" data-scroll-devices=\"small-visibility,medium-visibility,large-visibility\"><div class=\"fusion-column-wrapper fusion-column-has-shadow fusion-flex-justify-content-flex-start fusion-content-layout-column\"><div class=\"fusion-text fusion-text-17\" style=\"--awb-content-alignment:center;--awb-text-color:#151412;\"><h3>Conjuntos de c\u00e1maras frigor\u00edficas<\/h3>\n<\/div><div class=\"fusion-text fusion-text-18\" style=\"--awb-text-color:#151412;\"><p style=\"text-align: center;\">Galer\u00edas: presione sobre la imagen para ampliarla<\/p>\n<\/div><div class=\"awb-gallery-wrapper awb-gallery-wrapper-3 button-span-no\" style=\"--more-btn-alignment:center;\"><div style=\"margin:-5px;--awb-bordersize:0px;\" class=\"fusion-gallery fusion-gallery-container fusion-grid-3 fusion-columns-total-6 fusion-gallery-layout-grid fusion-gallery-3\"><div style=\"padding:5px;\" class=\"fusion-grid-column fusion-gallery-column fusion-gallery-column-3 hover-type-none\"><div class=\"fusion-gallery-image\"><a href=\"https:\/\/grupcif.com\/wp-content\/uploads\/2023\/12\/Conjuntos_de_camaras_frigorificas1.webp\" data-caption=\"C\u00e1mara frigor\u00edfica gran volumen para todo tipo de productos refrigerados y congelados\" rel=\"noreferrer\" data-rel=\"iLightbox[gallery_image_3]\" class=\"fusion-lightbox\" target=\"_self\"><img decoding=\"async\" src=\"https:\/\/grupcif.com\/wp-content\/uploads\/2023\/12\/Conjuntos_de_camaras_frigorificas1.webp\" width=\"663\" height=\"441\" alt=\"Grup CIF - C\u00e1maras frigor\u00edficas - C\u00e1maras frigor\u00edficas, con panel industrial - Conjuntos de c\u00e1maras frigor\u00edficas\" title=\"Grup CIF &#8211; C\u00e1maras frigor\u00edficas &#8211; C\u00e1maras frigor\u00edficas, con panel industrial &#8211; Conjuntos de c\u00e1maras frigor\u00edficas\" aria-label=\"Grup CIF &#8211; C\u00e1maras frigor\u00edficas &#8211; C\u00e1maras frigor\u00edficas, con panel industrial &#8211; Conjuntos de c\u00e1maras frigor\u00edficas\" class=\"img-responsive wp-image-183\" srcset=\"https:\/\/grupcif.com\/wp-content\/uploads\/2023\/12\/Conjuntos_de_camaras_frigorificas1-200x133.webp 200w, https:\/\/grupcif.com\/wp-content\/uploads\/2023\/12\/Conjuntos_de_camaras_frigorificas1-400x266.webp 400w, https:\/\/grupcif.com\/wp-content\/uploads\/2023\/12\/Conjuntos_de_camaras_frigorificas1-600x399.webp 600w, https:\/\/grupcif.com\/wp-content\/uploads\/2023\/12\/Conjuntos_de_camaras_frigorificas1.webp 663w\" sizes=\"(min-width: 2200px) 100vw, (min-width: 784px) 423px, (min-width: 712px) 635px, (min-width: 640px) 712px, \" \/><\/a><\/div><\/div><div style=\"padding:5px;\" class=\"fusion-grid-column fusion-gallery-column fusion-gallery-column-3 hover-type-none\"><div class=\"fusion-gallery-image\"><a href=\"https:\/\/grupcif.com\/wp-content\/uploads\/2023\/12\/Conjuntos_de_camaras_frigorificas2.webp\" data-caption=\"C\u00e1mara frigor\u00edfica gran volumen para todo tipo de productos refrigerados y congelados, con puerta corredera y cortina de lamas\" rel=\"noreferrer\" data-rel=\"iLightbox[gallery_image_3]\" class=\"fusion-lightbox\" target=\"_self\"><img decoding=\"async\" src=\"https:\/\/grupcif.com\/wp-content\/uploads\/2023\/12\/Conjuntos_de_camaras_frigorificas2.webp\" width=\"360\" height=\"424\" alt=\"Grup CIF - C\u00e1maras frigor\u00edficas - C\u00e1maras frigor\u00edficas, con panel industrial - Conjuntos de c\u00e1maras frigor\u00edficas\" title=\"Grup CIF &#8211; C\u00e1maras frigor\u00edficas &#8211; C\u00e1maras frigor\u00edficas, con panel industrial &#8211; Conjuntos de c\u00e1maras frigor\u00edficas\" aria-label=\"Grup CIF &#8211; C\u00e1maras frigor\u00edficas &#8211; C\u00e1maras frigor\u00edficas, con panel industrial &#8211; Conjuntos de c\u00e1maras frigor\u00edficas\" class=\"img-responsive wp-image-181\" srcset=\"https:\/\/grupcif.com\/wp-content\/uploads\/2023\/12\/Conjuntos_de_camaras_frigorificas2-200x236.webp 200w, https:\/\/grupcif.com\/wp-content\/uploads\/2023\/12\/Conjuntos_de_camaras_frigorificas2.webp 360w\" sizes=\"(min-width: 2200px) 100vw, (min-width: 784px) 423px, (min-width: 712px) 635px, (min-width: 640px) 712px, \" \/><\/a><\/div><\/div><div style=\"padding:5px;\" class=\"fusion-grid-column fusion-gallery-column fusion-gallery-column-3 hover-type-none\"><div class=\"fusion-gallery-image\"><a href=\"https:\/\/grupcif.com\/wp-content\/uploads\/2023\/12\/Conjuntos_de_camaras_frigorificas3.webp\" data-caption=\"C\u00e1mara frigor\u00edfica gran volumen para todo tipo de productos refrigerados y congelados, con puertas ign\u00edfugas\" rel=\"noreferrer\" data-rel=\"iLightbox[gallery_image_3]\" class=\"fusion-lightbox\" target=\"_self\"><img decoding=\"async\" src=\"https:\/\/grupcif.com\/wp-content\/uploads\/2023\/12\/Conjuntos_de_camaras_frigorificas3.webp\" width=\"636\" height=\"424\" alt=\"Grup CIF - C\u00e1maras frigor\u00edficas - C\u00e1maras frigor\u00edficas, con panel industrial - Conjuntos de c\u00e1maras frigor\u00edficas\" title=\"Grup CIF &#8211; C\u00e1maras frigor\u00edficas &#8211; C\u00e1maras frigor\u00edficas, con panel industrial &#8211; Conjuntos de c\u00e1maras frigor\u00edficas\" aria-label=\"Grup CIF &#8211; C\u00e1maras frigor\u00edficas &#8211; C\u00e1maras frigor\u00edficas, con panel industrial &#8211; Conjuntos de c\u00e1maras frigor\u00edficas\" class=\"img-responsive wp-image-186\" srcset=\"https:\/\/grupcif.com\/wp-content\/uploads\/2023\/12\/Conjuntos_de_camaras_frigorificas3-200x133.webp 200w, https:\/\/grupcif.com\/wp-content\/uploads\/2023\/12\/Conjuntos_de_camaras_frigorificas3-400x267.webp 400w, https:\/\/grupcif.com\/wp-content\/uploads\/2023\/12\/Conjuntos_de_camaras_frigorificas3-600x400.webp 600w, https:\/\/grupcif.com\/wp-content\/uploads\/2023\/12\/Conjuntos_de_camaras_frigorificas3.webp 636w\" sizes=\"(min-width: 2200px) 100vw, (min-width: 784px) 423px, (min-width: 712px) 635px, (min-width: 640px) 712px, \" \/><\/a><\/div><\/div><div class=\"clearfix\"><\/div><div style=\"padding:5px;\" class=\"fusion-grid-column fusion-gallery-column fusion-gallery-column-3 hover-type-none\"><div class=\"fusion-gallery-image\"><a href=\"https:\/\/grupcif.com\/wp-content\/uploads\/2023\/12\/Conjuntos_de_camaras_frigorificas4.webp\" data-caption=\"C\u00e1mara frigor\u00edfica gran volumen para todo tipo de productos refrigerados y congelados, con puertas seccionables r\u00e1pidas\" rel=\"noreferrer\" data-rel=\"iLightbox[gallery_image_3]\" class=\"fusion-lightbox\" target=\"_self\"><img decoding=\"async\" src=\"https:\/\/grupcif.com\/wp-content\/uploads\/2023\/12\/Conjuntos_de_camaras_frigorificas4.webp\" width=\"636\" height=\"424\" alt=\"Grup CIF - C\u00e1maras frigor\u00edficas - C\u00e1maras frigor\u00edficas, con panel industrial - Conjuntos de c\u00e1maras frigor\u00edficas\" title=\"Grup CIF &#8211; C\u00e1maras frigor\u00edficas &#8211; C\u00e1maras frigor\u00edficas, con panel industrial &#8211; Conjuntos de c\u00e1maras frigor\u00edficas\" aria-label=\"Grup CIF &#8211; C\u00e1maras frigor\u00edficas &#8211; C\u00e1maras frigor\u00edficas, con panel industrial &#8211; Conjuntos de c\u00e1maras frigor\u00edficas\" class=\"img-responsive wp-image-184\" srcset=\"https:\/\/grupcif.com\/wp-content\/uploads\/2023\/12\/Conjuntos_de_camaras_frigorificas4-200x133.webp 200w, https:\/\/grupcif.com\/wp-content\/uploads\/2023\/12\/Conjuntos_de_camaras_frigorificas4-400x267.webp 400w, https:\/\/grupcif.com\/wp-content\/uploads\/2023\/12\/Conjuntos_de_camaras_frigorificas4-600x400.webp 600w, https:\/\/grupcif.com\/wp-content\/uploads\/2023\/12\/Conjuntos_de_camaras_frigorificas4.webp 636w\" sizes=\"(min-width: 2200px) 100vw, (min-width: 784px) 423px, (min-width: 712px) 635px, (min-width: 640px) 712px, \" \/><\/a><\/div><\/div><div style=\"padding:5px;\" class=\"fusion-grid-column fusion-gallery-column fusion-gallery-column-3 hover-type-none\"><div class=\"fusion-gallery-image\"><a href=\"https:\/\/grupcif.com\/wp-content\/uploads\/2023\/12\/Conjuntos_de_camaras_frigorificas5.webp\" data-caption=\"Conjunto de c\u00e1maras frigor\u00edficas con panel frigor\u00edfico y puertas correderas\" rel=\"noreferrer\" data-rel=\"iLightbox[gallery_image_3]\" class=\"fusion-lightbox\" target=\"_self\"><img decoding=\"async\" src=\"https:\/\/grupcif.com\/wp-content\/uploads\/2023\/12\/Conjuntos_de_camaras_frigorificas5.webp\" width=\"663\" height=\"441\" alt=\"Grup CIF - C\u00e1maras frigor\u00edficas - C\u00e1maras frigor\u00edficas, con panel industrial - Conjuntos de c\u00e1maras frigor\u00edficas\" title=\"Grup CIF &#8211; C\u00e1maras frigor\u00edficas &#8211; C\u00e1maras frigor\u00edficas, con panel industrial &#8211; Conjuntos de c\u00e1maras frigor\u00edficas\" aria-label=\"Grup CIF &#8211; C\u00e1maras frigor\u00edficas &#8211; C\u00e1maras frigor\u00edficas, con panel industrial &#8211; Conjuntos de c\u00e1maras frigor\u00edficas\" class=\"img-responsive wp-image-182\" srcset=\"https:\/\/grupcif.com\/wp-content\/uploads\/2023\/12\/Conjuntos_de_camaras_frigorificas5-200x133.webp 200w, https:\/\/grupcif.com\/wp-content\/uploads\/2023\/12\/Conjuntos_de_camaras_frigorificas5-400x266.webp 400w, https:\/\/grupcif.com\/wp-content\/uploads\/2023\/12\/Conjuntos_de_camaras_frigorificas5-600x399.webp 600w, https:\/\/grupcif.com\/wp-content\/uploads\/2023\/12\/Conjuntos_de_camaras_frigorificas5.webp 663w\" sizes=\"(min-width: 2200px) 100vw, (min-width: 784px) 423px, (min-width: 712px) 635px, (min-width: 640px) 712px, \" \/><\/a><\/div><\/div><div style=\"padding:5px;\" class=\"fusion-grid-column fusion-gallery-column fusion-gallery-column-3 hover-type-none\"><div class=\"fusion-gallery-image\"><a href=\"https:\/\/grupcif.com\/wp-content\/uploads\/2023\/12\/Conjuntos_de_camaras_frigorificas6.webp\" data-caption=\"Sala de trabajo refrigerada con c\u00e1mara frigor\u00edfica y otras salas de trabajo\" rel=\"noreferrer\" data-rel=\"iLightbox[gallery_image_3]\" class=\"fusion-lightbox\" target=\"_self\"><img decoding=\"async\" src=\"https:\/\/grupcif.com\/wp-content\/uploads\/2023\/12\/Conjuntos_de_camaras_frigorificas6.webp\" width=\"588\" height=\"441\" alt=\"Grup CIF - C\u00e1maras frigor\u00edficas - C\u00e1maras frigor\u00edficas, con panel industrial - Conjuntos de c\u00e1maras frigor\u00edficas\" title=\"Grup CIF &#8211; C\u00e1maras frigor\u00edficas &#8211; C\u00e1maras frigor\u00edficas, con panel industrial &#8211; Conjuntos de c\u00e1maras frigor\u00edficas\" aria-label=\"Grup CIF &#8211; C\u00e1maras frigor\u00edficas &#8211; C\u00e1maras frigor\u00edficas, con panel industrial &#8211; Conjuntos de c\u00e1maras frigor\u00edficas\" class=\"img-responsive wp-image-185\" srcset=\"https:\/\/grupcif.com\/wp-content\/uploads\/2023\/12\/Conjuntos_de_camaras_frigorificas6-200x150.webp 200w, https:\/\/grupcif.com\/wp-content\/uploads\/2023\/12\/Conjuntos_de_camaras_frigorificas6-400x300.webp 400w, https:\/\/grupcif.com\/wp-content\/uploads\/2023\/12\/Conjuntos_de_camaras_frigorificas6.webp 588w\" sizes=\"(min-width: 2200px) 100vw, (min-width: 784px) 423px, (min-width: 712px) 635px, (min-width: 640px) 712px, \" \/><\/a><\/div><\/div><div class=\"clearfix\"><\/div><\/div><\/div><\/div><\/div><div class=\"fusion-layout-column fusion_builder_column fusion-builder-column-26 fusion_builder_column_1_1 1_1 fusion-flex-column content-golden\" style=\"--awb-bg-size:cover;--awb-width-large:100%;--awb-margin-top-large:30px;--awb-spacing-right-large:1.92%;--awb-margin-bottom-large:20px;--awb-spacing-left-large:1.92%;--awb-width-medium:100%;--awb-order-medium:0;--awb-spacing-right-medium:1.92%;--awb-spacing-left-medium:1.92%;--awb-width-small:100%;--awb-order-small:0;--awb-spacing-right-small:1.92%;--awb-spacing-left-small:1.92%;\" data-scroll-devices=\"small-visibility,medium-visibility,large-visibility\"><div class=\"fusion-column-wrapper fusion-column-has-shadow fusion-flex-justify-content-flex-start fusion-content-layout-column\"><div class=\"fusion-text fusion-text-19\" style=\"--awb-content-alignment:center;--awb-text-color:#151412;\"><h3>C\u00e1maras frigor\u00edficas de gran volumen<\/h3>\n<\/div><div class=\"fusion-text fusion-text-20\" style=\"--awb-text-color:#151412;\"><p style=\"text-align: center;\">Galer\u00edas: presione sobre la imagen para ampliarla<\/p>\n<\/div><div class=\"awb-gallery-wrapper awb-gallery-wrapper-4 button-span-no\" style=\"--more-btn-alignment:center;\"><div style=\"margin:-5px;--awb-bordersize:0px;\" class=\"fusion-gallery fusion-gallery-container fusion-grid-3 fusion-columns-total-6 fusion-gallery-layout-grid fusion-gallery-4\"><div style=\"padding:5px;\" class=\"fusion-grid-column fusion-gallery-column fusion-gallery-column-3 hover-type-none\"><div class=\"fusion-gallery-image\"><a href=\"https:\/\/grupcif.com\/wp-content\/uploads\/2023\/12\/Camaras_frigorificas_de_gran_volumen1.webp\" data-caption=\"Pasillo de servicio con panel frigor\u00edfico. Puede estar refrigerado o no, dependiendo de las necesidades de trabajo\" rel=\"noreferrer\" data-rel=\"iLightbox[gallery_image_4]\" class=\"fusion-lightbox\" target=\"_self\"><img decoding=\"async\" src=\"https:\/\/grupcif.com\/wp-content\/uploads\/2023\/12\/Camaras_frigorificas_de_gran_volumen1.webp\" width=\"637\" height=\"424\" alt=\"Grup CIF - C\u00e1maras frigor\u00edficas - C\u00e1maras frigor\u00edficas, con panel industrial - C\u00e1maras frigor\u00edficas de gran volumen\" title=\"Grup CIF &#8211; C\u00e1maras frigor\u00edficas &#8211; C\u00e1maras frigor\u00edficas, con panel industrial &#8211; C\u00e1maras frigor\u00edficas de gran volumen\" aria-label=\"Grup CIF &#8211; C\u00e1maras frigor\u00edficas &#8211; C\u00e1maras frigor\u00edficas, con panel industrial &#8211; C\u00e1maras frigor\u00edficas de gran volumen\" class=\"img-responsive wp-image-193 fusion-gallery-image-size-fixed\" srcset=\"https:\/\/grupcif.com\/wp-content\/uploads\/2023\/12\/Camaras_frigorificas_de_gran_volumen1-200x133.webp 200w, https:\/\/grupcif.com\/wp-content\/uploads\/2023\/12\/Camaras_frigorificas_de_gran_volumen1-400x266.webp 400w, https:\/\/grupcif.com\/wp-content\/uploads\/2023\/12\/Camaras_frigorificas_de_gran_volumen1-600x399.webp 600w, https:\/\/grupcif.com\/wp-content\/uploads\/2023\/12\/Camaras_frigorificas_de_gran_volumen1.webp 637w\" sizes=\"(min-width: 2200px) 100vw, (min-width: 784px) 423px, (min-width: 712px) 635px, (min-width: 640px) 712px, \" \/><\/a><\/div><\/div><div style=\"padding:5px;\" class=\"fusion-grid-column fusion-gallery-column fusion-gallery-column-3 hover-type-none\"><div class=\"fusion-gallery-image\"><a href=\"https:\/\/grupcif.com\/wp-content\/uploads\/2023\/12\/Camaras_frigorificas_de_gran_volumen2.webp\" data-caption=\"Ante sala de conjunto de c\u00e1maras, normalmente suelen estar refrigeradas, dependiendo de las necesidades de trabajo\" rel=\"noreferrer\" data-rel=\"iLightbox[gallery_image_4]\" class=\"fusion-lightbox\" target=\"_self\"><img decoding=\"async\" src=\"https:\/\/grupcif.com\/wp-content\/uploads\/2023\/12\/Camaras_frigorificas_de_gran_volumen2.webp\" width=\"293\" height=\"390\" alt=\"Grup CIF - C\u00e1maras frigor\u00edficas - C\u00e1maras frigor\u00edficas, con panel industrial - C\u00e1maras frigor\u00edficas de gran volumen\" title=\"Grup CIF &#8211; C\u00e1maras frigor\u00edficas &#8211; C\u00e1maras frigor\u00edficas, con panel industrial &#8211; C\u00e1maras frigor\u00edficas de gran volumen\" aria-label=\"Grup CIF &#8211; C\u00e1maras frigor\u00edficas &#8211; C\u00e1maras frigor\u00edficas, con panel industrial &#8211; C\u00e1maras frigor\u00edficas de gran volumen\" class=\"img-responsive wp-image-195 fusion-gallery-image-size-fixed\" srcset=\"https:\/\/grupcif.com\/wp-content\/uploads\/2023\/12\/Camaras_frigorificas_de_gran_volumen2-200x266.webp 200w, https:\/\/grupcif.com\/wp-content\/uploads\/2023\/12\/Camaras_frigorificas_de_gran_volumen2.webp 293w\" sizes=\"(min-width: 2200px) 100vw, (min-width: 784px) 423px, (min-width: 712px) 635px, (min-width: 640px) 712px, \" \/><\/a><\/div><\/div><div style=\"padding:5px;\" class=\"fusion-grid-column fusion-gallery-column fusion-gallery-column-3 hover-type-none\"><div class=\"fusion-gallery-image\"><a href=\"https:\/\/grupcif.com\/wp-content\/uploads\/2023\/12\/Camaras_frigorificas_de_gran_volumen3.webp\" data-caption=\"Sala de trabajo refrigerada con puerta pivotante\" rel=\"noreferrer\" data-rel=\"iLightbox[gallery_image_4]\" class=\"fusion-lightbox\" target=\"_self\"><img decoding=\"async\" src=\"https:\/\/grupcif.com\/wp-content\/uploads\/2023\/12\/Camaras_frigorificas_de_gran_volumen3.webp\" width=\"663\" height=\"441\" alt=\"Grup CIF - C\u00e1maras frigor\u00edficas - C\u00e1maras frigor\u00edficas, con panel industrial - C\u00e1maras frigor\u00edficas de gran volumen\" title=\"Grup CIF &#8211; C\u00e1maras frigor\u00edficas &#8211; C\u00e1maras frigor\u00edficas, con panel industrial &#8211; C\u00e1maras frigor\u00edficas de gran volumen\" aria-label=\"Grup CIF &#8211; C\u00e1maras frigor\u00edficas &#8211; C\u00e1maras frigor\u00edficas, con panel industrial &#8211; C\u00e1maras frigor\u00edficas de gran volumen\" class=\"img-responsive wp-image-190 fusion-gallery-image-size-fixed\" srcset=\"https:\/\/grupcif.com\/wp-content\/uploads\/2023\/12\/Camaras_frigorificas_de_gran_volumen3-200x133.webp 200w, https:\/\/grupcif.com\/wp-content\/uploads\/2023\/12\/Camaras_frigorificas_de_gran_volumen3-400x266.webp 400w, https:\/\/grupcif.com\/wp-content\/uploads\/2023\/12\/Camaras_frigorificas_de_gran_volumen3-600x399.webp 600w, https:\/\/grupcif.com\/wp-content\/uploads\/2023\/12\/Camaras_frigorificas_de_gran_volumen3.webp 663w\" sizes=\"(min-width: 2200px) 100vw, (min-width: 784px) 423px, (min-width: 712px) 635px, (min-width: 640px) 712px, \" \/><\/a><\/div><\/div><div class=\"clearfix\"><\/div><div style=\"padding:5px;\" class=\"fusion-grid-column fusion-gallery-column fusion-gallery-column-3 hover-type-none\"><div class=\"fusion-gallery-image\"><a href=\"https:\/\/grupcif.com\/wp-content\/uploads\/2023\/12\/Camaras_frigorificas_de_gran_volumen4.webp\" data-caption=\"C\u00e1mara frigor\u00edfica con rail incorporado para el transporte de carne\" rel=\"noreferrer\" data-rel=\"iLightbox[gallery_image_4]\" class=\"fusion-lightbox\" target=\"_self\"><img decoding=\"async\" src=\"https:\/\/grupcif.com\/wp-content\/uploads\/2023\/12\/Camaras_frigorificas_de_gran_volumen4.webp\" width=\"588\" height=\"441\" alt=\"Grup CIF - C\u00e1maras frigor\u00edficas - C\u00e1maras frigor\u00edficas, con panel industrial - C\u00e1maras frigor\u00edficas de gran volumen\" title=\"Grup CIF &#8211; C\u00e1maras frigor\u00edficas &#8211; C\u00e1maras frigor\u00edficas, con panel industrial &#8211; C\u00e1maras frigor\u00edficas de gran volumen\" aria-label=\"Grup CIF &#8211; C\u00e1maras frigor\u00edficas &#8211; C\u00e1maras frigor\u00edficas, con panel industrial &#8211; C\u00e1maras frigor\u00edficas de gran volumen\" class=\"img-responsive wp-image-191 fusion-gallery-image-size-fixed\" srcset=\"https:\/\/grupcif.com\/wp-content\/uploads\/2023\/12\/Camaras_frigorificas_de_gran_volumen4-200x150.webp 200w, https:\/\/grupcif.com\/wp-content\/uploads\/2023\/12\/Camaras_frigorificas_de_gran_volumen4-400x300.webp 400w, https:\/\/grupcif.com\/wp-content\/uploads\/2023\/12\/Camaras_frigorificas_de_gran_volumen4.webp 588w\" sizes=\"(min-width: 2200px) 100vw, (min-width: 784px) 423px, (min-width: 712px) 635px, (min-width: 640px) 712px, \" \/><\/a><\/div><\/div><div style=\"padding:5px;\" class=\"fusion-grid-column fusion-gallery-column fusion-gallery-column-3 hover-type-none\"><div class=\"fusion-gallery-image\"><a href=\"https:\/\/grupcif.com\/wp-content\/uploads\/2023\/12\/Camaras_frigorificas_de_gran_volumen5.webp\" data-caption=\"Pasillo de servicio con panel frigor\u00edfico. Puede estar refrigerado o no, dependiendo de las necesidades de trabajo. Con diferentes habit\u00e1culos de servicio\" rel=\"noreferrer\" data-rel=\"iLightbox[gallery_image_4]\" class=\"fusion-lightbox\" target=\"_self\"><img decoding=\"async\" src=\"https:\/\/grupcif.com\/wp-content\/uploads\/2023\/12\/Camaras_frigorificas_de_gran_volumen5.webp\" width=\"565\" height=\"424\" alt=\"Grup CIF - C\u00e1maras frigor\u00edficas - C\u00e1maras frigor\u00edficas, con panel industrial - C\u00e1maras frigor\u00edficas de gran volumen\" title=\"Grup CIF &#8211; C\u00e1maras frigor\u00edficas &#8211; C\u00e1maras frigor\u00edficas, con panel industrial &#8211; C\u00e1maras frigor\u00edficas de gran volumen\" aria-label=\"Grup CIF &#8211; C\u00e1maras frigor\u00edficas &#8211; C\u00e1maras frigor\u00edficas, con panel industrial &#8211; C\u00e1maras frigor\u00edficas de gran volumen\" class=\"img-responsive wp-image-192 fusion-gallery-image-size-fixed\" srcset=\"https:\/\/grupcif.com\/wp-content\/uploads\/2023\/12\/Camaras_frigorificas_de_gran_volumen5-200x150.webp 200w, https:\/\/grupcif.com\/wp-content\/uploads\/2023\/12\/Camaras_frigorificas_de_gran_volumen5-400x300.webp 400w, https:\/\/grupcif.com\/wp-content\/uploads\/2023\/12\/Camaras_frigorificas_de_gran_volumen5.webp 565w\" sizes=\"(min-width: 2200px) 100vw, (min-width: 784px) 423px, (min-width: 712px) 635px, (min-width: 640px) 712px, \" \/><\/a><\/div><\/div><div style=\"padding:5px;\" class=\"fusion-grid-column fusion-gallery-column fusion-gallery-column-3 hover-type-none\"><div class=\"fusion-gallery-image\"><a href=\"https:\/\/grupcif.com\/wp-content\/uploads\/2023\/12\/Camaras_frigorificas_de_gran_volumen6.webp\" data-caption=\"C\u00e1maras frigor\u00edficas gran volumen. Preparaci\u00f3n y recepci\u00f3n de pedidos con puertas r\u00e1pidas\" rel=\"noreferrer\" data-rel=\"iLightbox[gallery_image_4]\" class=\"fusion-lightbox\" target=\"_self\"><img decoding=\"async\" src=\"https:\/\/grupcif.com\/wp-content\/uploads\/2023\/12\/Camaras_frigorificas_de_gran_volumen6.webp\" width=\"663\" height=\"441\" alt=\"Grup CIF - C\u00e1maras frigor\u00edficas - C\u00e1maras frigor\u00edficas, con panel industrial - C\u00e1maras frigor\u00edficas de gran volumen\" title=\"Grup CIF &#8211; C\u00e1maras frigor\u00edficas &#8211; C\u00e1maras frigor\u00edficas, con panel industrial &#8211; C\u00e1maras frigor\u00edficas de gran volumen\" aria-label=\"Grup CIF &#8211; C\u00e1maras frigor\u00edficas &#8211; C\u00e1maras frigor\u00edficas, con panel industrial &#8211; C\u00e1maras frigor\u00edficas de gran volumen\" class=\"img-responsive wp-image-194 fusion-gallery-image-size-fixed\" srcset=\"https:\/\/grupcif.com\/wp-content\/uploads\/2023\/12\/Camaras_frigorificas_de_gran_volumen6-200x133.webp 200w, https:\/\/grupcif.com\/wp-content\/uploads\/2023\/12\/Camaras_frigorificas_de_gran_volumen6-400x266.webp 400w, https:\/\/grupcif.com\/wp-content\/uploads\/2023\/12\/Camaras_frigorificas_de_gran_volumen6-600x399.webp 600w, https:\/\/grupcif.com\/wp-content\/uploads\/2023\/12\/Camaras_frigorificas_de_gran_volumen6.webp 663w\" sizes=\"(min-width: 2200px) 100vw, (min-width: 784px) 423px, (min-width: 712px) 635px, (min-width: 640px) 712px, \" \/><\/a><\/div><\/div><div class=\"clearfix\"><\/div><\/div><\/div><\/div><\/div><\/div><\/div><div class=\"fusion-fullwidth fullwidth-box fusion-builder-row-6 fusion-flex-container has-pattern-background has-mask-background nonhundred-percent-fullwidth non-hundred-percent-height-scrolling\" style=\"--awb-border-radius-top-left:0px;--awb-border-radius-top-right:0px;--awb-border-radius-bottom-right:0px;--awb-border-radius-bottom-left:0px;--awb-flex-wrap:wrap;\" ><div class=\"fusion-builder-row fusion-row fusion-flex-align-items-flex-start fusion-flex-content-wrap\" style=\"max-width:1331.2px;margin-left: calc(-4% \/ 2 );margin-right: calc(-4% \/ 2 );\"><div class=\"fusion-layout-column fusion_builder_column fusion-builder-column-27 fusion_builder_column_1_1 1_1 fusion-flex-column\" style=\"--awb-bg-size:cover;--awb-width-large:100%;--awb-margin-top-large:0px;--awb-spacing-right-large:1.92%;--awb-margin-bottom-large:20px;--awb-spacing-left-large:1.92%;--awb-width-medium:100%;--awb-order-medium:0;--awb-spacing-right-medium:1.92%;--awb-spacing-left-medium:1.92%;--awb-width-small:100%;--awb-order-small:0;--awb-spacing-right-small:1.92%;--awb-spacing-left-small:1.92%;\"><div class=\"fusion-column-wrapper fusion-column-has-shadow fusion-flex-justify-content-flex-start fusion-content-layout-column\"><div style=\"text-align:center;\"><a class=\"fusion-button button-flat button-large button-default fusion-button-default button-1 fusion-button-default-span fusion-button-default-type\" target=\"_self\" href=\"https:\/\/grupcif.com\/es\/contacto\/\"><span class=\"fusion-button-text awb-button__text awb-button__text--default\">Consulte otras necesidades<\/span><\/a><\/div><\/div><\/div><\/div><\/div><\/p>\n","protected":false},"excerpt":{"rendered":"","protected":false},"author":1,"featured_media":0,"parent":0,"menu_order":0,"comment_status":"closed","ping_status":"closed","template":"","meta":{"footnotes":""},"class_list":["post-17","page","type-page","status-publish","hentry"],"aioseo_notices":[],"_links":{"self":[{"href":"https:\/\/grupcif.com\/es\/wp-json\/wp\/v2\/pages\/17","targetHints":{"allow":["GET"]}}],"collection":[{"href":"https:\/\/grupcif.com\/es\/wp-json\/wp\/v2\/pages"}],"about":[{"href":"https:\/\/grupcif.com\/es\/wp-json\/wp\/v2\/types\/page"}],"author":[{"embeddable":true,"href":"https:\/\/grupcif.com\/es\/wp-json\/wp\/v2\/users\/1"}],"replies":[{"embeddable":true,"href":"https:\/\/grupcif.com\/es\/wp-json\/wp\/v2\/comments?post=17"}],"version-history":[{"count":63,"href":"https:\/\/grupcif.com\/es\/wp-json\/wp\/v2\/pages\/17\/revisions"}],"predecessor-version":[{"id":910,"href":"https:\/\/grupcif.com\/es\/wp-json\/wp\/v2\/pages\/17\/revisions\/910"}],"wp:attachment":[{"href":"https:\/\/grupcif.com\/es\/wp-json\/wp\/v2\/media?parent=17"}],"curies":[{"name":"wp","href":"https:\/\/api.w.org\/{rel}","templated":true}]}}