{"id":2,"date":"2023-04-04T15:47:58","date_gmt":"2023-04-04T15:47:58","guid":{"rendered":"https:\/\/grupcif.com\/?page_id=2"},"modified":"2024-03-08T09:16:51","modified_gmt":"2024-03-08T09:16:51","slug":"inicio","status":"publish","type":"page","link":"https:\/\/grupcif.com\/es\/","title":{"rendered":"Inicio"},"content":{"rendered":"<p><div class=\"fusion-fullwidth fullwidth-box fusion-builder-row-1 fusion-flex-container has-pattern-background has-mask-background nonhundred-percent-fullwidth non-hundred-percent-height-scrolling fusion-no-small-visibility\" style=\"--awb-border-radius-top-left:0px;--awb-border-radius-top-right:0px;--awb-border-radius-bottom-right:0px;--awb-border-radius-bottom-left:0px;--awb-margin-top:40px;--awb-flex-wrap:wrap;\" ><div class=\"fusion-builder-row fusion-row fusion-flex-align-items-stretch fusion-flex-content-wrap\" style=\"max-width:calc( 1280px + 30px );margin-left: calc(-30px \/ 2 );margin-right: calc(-30px \/ 2 );\"><div class=\"fusion-layout-column fusion_builder_column fusion-builder-column-0 fusion_builder_column_1_2 1_2 fusion-flex-column\" style=\"--awb-bg-size:cover;--awb-width-large:50%;--awb-margin-top-large:0px;--awb-spacing-right-large:15px;--awb-margin-bottom-large:20px;--awb-spacing-left-large:15px;--awb-width-medium:50%;--awb-order-medium:0;--awb-spacing-right-medium:15px;--awb-spacing-left-medium:15px;--awb-width-small:100%;--awb-order-small:0;--awb-spacing-right-small:15px;--awb-spacing-left-small:15px;\" data-scroll-devices=\"small-visibility,medium-visibility,large-visibility\"><div class=\"fusion-column-wrapper fusion-column-has-shadow fusion-flex-justify-content-center fusion-content-layout-column\"><div class=\"fusion-text fusion-text-1\"><h1>NOSOTROS<\/h1>\n<p>Central Industrial del fred CIF s.l. (GRUPCIF)\u00a0es una empresa instaladora y mantenedora habilitada por la delegaci\u00f3n de Industria, para montar, mantener y conservar instalaciones comerciales e industriales.<\/p>\n<p>Contamos con m\u00e1s de 30 a\u00f1os de experiencia instalando y manteniendo instalaciones comerciales e industriales. Disponemos de un departamento t\u00e9cnico especializado en buscar las soluciones m\u00e1s adecuadas a cada necesidad de nuestros clientes.<\/p>\n<p>Nuestra larga experiencia como empresa instaladora nos avala en la b\u00fasqueda de las mejores soluciones para nuestros clientes, buscando siempre la m\u00e1xima calidad y eficiencia energ\u00e9tica. \u200b<\/p>\n<p>A la hora de dise\u00f1ar cada una de nuestras instalaciones, es fundamental aplicar el principio de racionalidad buscando las mejores m\u00e1quinas con el mejor rendimiento posible para cada necesidad.<\/p>\n<\/div><div ><a class=\"fusion-button button-flat fusion-button-default-size button-default fusion-button-default button-1 fusion-button-default-span fusion-button-default-type\" style=\"--awb-margin-top:30px;\" target=\"_self\" href=\"https:\/\/grupcif.com\/es\/empresa\/\"><span class=\"fusion-button-text awb-button__text awb-button__text--default\">LEER M\u00c1S<\/span><\/a><\/div><\/div><\/div><div class=\"fusion-layout-column fusion_builder_column fusion-builder-column-1 fusion_builder_column_1_2 1_2 fusion-flex-column\" style=\"--awb-bg-size:cover;--awb-width-large:50%;--awb-margin-top-large:0px;--awb-spacing-right-large:15px;--awb-margin-bottom-large:20px;--awb-spacing-left-large:15px;--awb-width-medium:50%;--awb-order-medium:0;--awb-spacing-right-medium:15px;--awb-spacing-left-medium:15px;--awb-width-small:100%;--awb-order-small:0;--awb-spacing-right-small:15px;--awb-spacing-left-small:15px;\"><div class=\"fusion-column-wrapper fusion-column-has-shadow fusion-flex-justify-content-flex-start fusion-content-layout-column\"><div class=\"fusion-image-element \" style=\"--awb-caption-title-font-family:var(--h2_typography-font-family);--awb-caption-title-font-weight:var(--h2_typography-font-weight);--awb-caption-title-font-style:var(--h2_typography-font-style);--awb-caption-title-size:var(--h2_typography-font-size);--awb-caption-title-transform:var(--h2_typography-text-transform);--awb-caption-title-line-height:var(--h2_typography-line-height);--awb-caption-title-letter-spacing:var(--h2_typography-letter-spacing);\"><span class=\" fusion-imageframe imageframe-none imageframe-1 hover-type-none\"><img decoding=\"async\" width=\"600\" height=\"580\" alt=\"Grup CIF - Nosotros\" title=\"Grup CIF &#8211; Nosotros\" src=\"https:\/\/grupcif.com\/wp-content\/uploads\/2023\/12\/foto-nosotros-600x580.png\" class=\"img-responsive wp-image-122\" srcset=\"https:\/\/grupcif.com\/wp-content\/uploads\/2023\/12\/foto-nosotros-200x193.png 200w, https:\/\/grupcif.com\/wp-content\/uploads\/2023\/12\/foto-nosotros-400x387.png 400w, https:\/\/grupcif.com\/wp-content\/uploads\/2023\/12\/foto-nosotros-600x580.png 600w, https:\/\/grupcif.com\/wp-content\/uploads\/2023\/12\/foto-nosotros.png 671w\" sizes=\"(max-width: 640px) 100vw, 600px\" \/><\/span><\/div><\/div><\/div><\/div><\/div><div class=\"fusion-fullwidth fullwidth-box fusion-builder-row-2 fusion-flex-container has-pattern-background has-mask-background nonhundred-percent-fullwidth non-hundred-percent-height-scrolling fusion-no-medium-visibility fusion-no-large-visibility\" style=\"--awb-border-radius-top-left:0px;--awb-border-radius-top-right:0px;--awb-border-radius-bottom-right:0px;--awb-border-radius-bottom-left:0px;--awb-margin-top:40px;--awb-flex-wrap:wrap;\" ><div class=\"fusion-builder-row fusion-row fusion-flex-align-items-stretch fusion-flex-content-wrap\" style=\"max-width:calc( 1280px + 30px );margin-left: calc(-30px \/ 2 );margin-right: calc(-30px \/ 2 );\"><div class=\"fusion-layout-column fusion_builder_column fusion-builder-column-2 fusion_builder_column_1_1 1_1 fusion-flex-column\" style=\"--awb-bg-size:cover;--awb-width-large:100%;--awb-margin-top-large:0px;--awb-spacing-right-large:15px;--awb-margin-bottom-large:20px;--awb-spacing-left-large:15px;--awb-width-medium:100%;--awb-order-medium:0;--awb-spacing-right-medium:15px;--awb-spacing-left-medium:15px;--awb-width-small:100%;--awb-order-small:0;--awb-spacing-right-small:15px;--awb-spacing-left-small:15px;\" data-scroll-devices=\"small-visibility,medium-visibility,large-visibility\"><div class=\"fusion-column-wrapper fusion-column-has-shadow fusion-flex-justify-content-center fusion-content-layout-column\"><div class=\"fusion-text fusion-text-2\"><h1>NOSOTROS<\/h1>\n<p>Central Industrial del fred CIF s.l. (GRUPCIF)\u00a0es una empresa instaladora y mantenedora habilitada por la delegaci\u00f3n de Industria, para montar, mantener y conservar instalaciones comerciales e industriales.<\/p>\n<p>Contamos con m\u00e1s de 30 a\u00f1os de experiencia instalando y manteniendo instalaciones comerciales e industriales. Disponemos de un departamento t\u00e9cnico especializado en buscar las soluciones m\u00e1s adecuadas a cada necesidad de nuestros clientes.<\/p>\n<p>Nuestra larga experiencia como empresa instaladora nos avala en la b\u00fasqueda de las mejores soluciones para nuestros clientes, buscando siempre la m\u00e1xima calidad y eficiencia energ\u00e9tica. \u200b<\/p>\n<p>A la hora de dise\u00f1ar cada una de nuestras instalaciones, es fundamental aplicar el principio de racionalidad buscando las mejores m\u00e1quinas con el mejor rendimiento posible para cada necesidad.<\/p>\n<\/div><div class=\"fusion-image-element \" style=\"--awb-caption-title-font-family:var(--h2_typography-font-family);--awb-caption-title-font-weight:var(--h2_typography-font-weight);--awb-caption-title-font-style:var(--h2_typography-font-style);--awb-caption-title-size:var(--h2_typography-font-size);--awb-caption-title-transform:var(--h2_typography-text-transform);--awb-caption-title-line-height:var(--h2_typography-line-height);--awb-caption-title-letter-spacing:var(--h2_typography-letter-spacing);\"><span class=\" fusion-imageframe imageframe-none imageframe-2 hover-type-none\"><img decoding=\"async\" width=\"600\" height=\"580\" alt=\"Grup CIF - Nosotros\" title=\"Grup CIF &#8211; Nosotros\" src=\"https:\/\/grupcif.com\/wp-content\/uploads\/2023\/12\/foto-nosotros-600x580.png\" class=\"img-responsive wp-image-122\" srcset=\"https:\/\/grupcif.com\/wp-content\/uploads\/2023\/12\/foto-nosotros-200x193.png 200w, https:\/\/grupcif.com\/wp-content\/uploads\/2023\/12\/foto-nosotros-400x387.png 400w, https:\/\/grupcif.com\/wp-content\/uploads\/2023\/12\/foto-nosotros-600x580.png 600w, https:\/\/grupcif.com\/wp-content\/uploads\/2023\/12\/foto-nosotros.png 671w\" sizes=\"(max-width: 640px) 100vw, 600px\" \/><\/span><\/div><div style=\"text-align:center;\"><a class=\"fusion-button button-flat fusion-button-default-size button-default fusion-button-default button-2 fusion-button-default-span fusion-button-default-type\" style=\"--awb-margin-top:30px;\" target=\"_self\" href=\"https:\/\/grupcif.com\/es\/empresa\/\"><span class=\"fusion-button-text awb-button__text awb-button__text--default\">LEER M\u00c1S<\/span><\/a><\/div><\/div><\/div><\/div><\/div><div class=\"fusion-fullwidth fullwidth-box fusion-builder-row-3 fusion-flex-container has-pattern-background has-mask-background nonhundred-percent-fullwidth non-hundred-percent-height-scrolling\" style=\"--awb-border-radius-top-left:0px;--awb-border-radius-top-right:0px;--awb-border-radius-bottom-right:0px;--awb-border-radius-bottom-left:0px;--awb-margin-top:40px;--awb-margin-bottom:40px;--awb-flex-wrap:wrap;\" ><div class=\"fusion-builder-row fusion-row fusion-flex-align-items-stretch fusion-flex-content-wrap\" style=\"max-width:calc( 1280px + 30px );margin-left: calc(-30px \/ 2 );margin-right: calc(-30px \/ 2 );\"><div class=\"fusion-layout-column fusion_builder_column fusion-builder-column-3 fusion_builder_column_1_1 1_1 fusion-flex-column\" style=\"--awb-bg-size:cover;--awb-width-large:100%;--awb-margin-top-large:0px;--awb-spacing-right-large:15px;--awb-margin-bottom-large:20px;--awb-spacing-left-large:15px;--awb-width-medium:100%;--awb-order-medium:0;--awb-spacing-right-medium:15px;--awb-spacing-left-medium:15px;--awb-width-small:100%;--awb-order-small:0;--awb-spacing-right-small:15px;--awb-spacing-left-small:15px;\"><div class=\"fusion-column-wrapper fusion-column-has-shadow fusion-flex-justify-content-flex-start fusion-content-layout-column\"><div class=\"fusion-title title fusion-title-1 fusion-sep-none fusion-title-center fusion-title-text fusion-title-size-one\" style=\"--awb-margin-top-small:10px;--awb-margin-right-small:0px;--awb-margin-bottom-small:10px;--awb-margin-left-small:0px;\"><h1 class=\"fusion-title-heading title-heading-center fusion-responsive-typography-calculated\" style=\"margin:0;--fontSize:36;line-height:var(--awb-typography1-line-height);\">C\u00c1MARAS FRIGOR\u00cdFICAS<\/h1><\/div><\/div><\/div><div class=\"fusion-layout-column fusion_builder_column fusion-builder-column-4 fusion_builder_column_1_3 1_3 fusion-flex-column\" style=\"--awb-bg-size:cover;--awb-width-large:33.333333333333%;--awb-margin-top-large:0px;--awb-spacing-right-large:15px;--awb-margin-bottom-large:20px;--awb-spacing-left-large:15px;--awb-width-medium:33.333333333333%;--awb-order-medium:0;--awb-spacing-right-medium:15px;--awb-spacing-left-medium:15px;--awb-width-small:100%;--awb-order-small:0;--awb-spacing-right-small:15px;--awb-margin-bottom-small:50px;--awb-spacing-left-small:15px;\" data-scroll-devices=\"small-visibility,medium-visibility,large-visibility\"><div class=\"fusion-column-wrapper fusion-column-has-shadow fusion-flex-justify-content-center fusion-content-layout-column\"><div class=\"fusion-text fusion-text-3\" style=\"--awb-content-alignment:center;\"><h2>MODULARES<\/h2>\n<p>Somos especialistas en fr\u00edo industrial y en c\u00e1maras frigor\u00edficas, precios competitivos, nuestros productos e instalaciones est\u00e1n garantizadas, utilizamos paneles y equipos frigor\u00edficos de alta calidad.\u00a0<strong>C\u00e1maras de congelaci\u00f3n,\u00a0c\u00e1maras de conservaci\u00f3n,\u00a0c\u00e1maras de refrigeraci\u00f3n<\/strong>. \u200bModulaciones desde 90 x 90 cm.\u00a0 Vea nuestra secci\u00f3n de c\u00e1maras frigor\u00edficas modulares. Consulte sus necesidades.<\/p>\n<\/div><div style=\"text-align:center;\"><a class=\"fusion-button button-flat fusion-button-default-size button-default fusion-button-default button-3 fusion-button-default-span fusion-button-default-type\" style=\"--awb-margin-top:30px;\" target=\"_self\" href=\"https:\/\/grupcif.com\/es\/camaras-frigorificas\/\"><span class=\"fusion-button-text awb-button__text awb-button__text--default\">LEER M\u00c1S<\/span><\/a><\/div><\/div><\/div><div class=\"fusion-layout-column fusion_builder_column fusion-builder-column-5 fusion_builder_column_1_3 1_3 fusion-flex-column\" style=\"--awb-bg-size:cover;--awb-width-large:33.333333333333%;--awb-margin-top-large:0px;--awb-spacing-right-large:15px;--awb-margin-bottom-large:20px;--awb-spacing-left-large:15px;--awb-width-medium:33.333333333333%;--awb-order-medium:0;--awb-spacing-right-medium:15px;--awb-spacing-left-medium:15px;--awb-width-small:100%;--awb-order-small:0;--awb-spacing-right-small:15px;--awb-margin-bottom-small:50px;--awb-spacing-left-small:15px;\" data-scroll-devices=\"small-visibility,medium-visibility,large-visibility\"><div class=\"fusion-column-wrapper fusion-column-has-shadow fusion-flex-justify-content-flex-start fusion-content-layout-column\"><div class=\"fusion-text fusion-text-4\" style=\"--awb-content-alignment:center;\"><h2>INDUSTRIALES<\/h2>\n<p>Instalamos y mantenemos c\u00e1maras frigorificas industriales para todas temperaturas, c\u00e1maras de refrigeraci\u00f3n, c\u00e1maras de congelaci\u00f3n o c\u00e1maras para la investigaci\u00f3n.<\/p>\n<p>Utilizamos panel industrial con uni\u00f3n mediante gancho, lo cual facilita la uni\u00f3n entre paneles. Espesores entre \u00a040 y 250mm. Diferentes acabados en color, espesor y componente t\u00e9rmico.<\/p>\n<\/div><div style=\"text-align:center;\"><a class=\"fusion-button button-flat fusion-button-default-size button-default fusion-button-default button-4 fusion-button-default-span fusion-button-default-type\" style=\"--awb-margin-top:30px;\" target=\"_self\" href=\"https:\/\/grupcif.com\/es\/camaras-frigorificas\/\"><span class=\"fusion-button-text awb-button__text awb-button__text--default\">LEER M\u00c1S<\/span><\/a><\/div><\/div><\/div><div class=\"fusion-layout-column fusion_builder_column fusion-builder-column-6 fusion_builder_column_1_3 1_3 fusion-flex-column\" style=\"--awb-bg-size:cover;--awb-width-large:33.333333333333%;--awb-margin-top-large:0px;--awb-spacing-right-large:15px;--awb-margin-bottom-large:20px;--awb-spacing-left-large:15px;--awb-width-medium:33.333333333333%;--awb-order-medium:0;--awb-spacing-right-medium:15px;--awb-spacing-left-medium:15px;--awb-width-small:100%;--awb-order-small:0;--awb-spacing-right-small:15px;--awb-margin-bottom-small:50px;--awb-spacing-left-small:15px;\" data-scroll-devices=\"small-visibility,medium-visibility,large-visibility\"><div class=\"fusion-column-wrapper fusion-column-has-shadow fusion-flex-justify-content-flex-start fusion-content-layout-column\"><div class=\"fusion-text fusion-text-5\" style=\"--awb-content-alignment:center;\"><h2>INSTALACIONES FRIGOR\u00cdFICAS<\/h2>\n<p>A la hora de seleccionar los componentes para una instalaci\u00f3n frigor\u00edfica es necesario estudiar los componentes mas adecuados a cada instalaci\u00f3n, lo que funciona bien en una instalaci\u00f3n frigor\u00edfica, no obligatoriamente funciona bien para otro tipo de instalaci\u00f3n. Es necesario buscar la racionalidad: necesidades, utilizaci\u00f3n, consumo el\u00e9ctrico, duraci\u00f3n y fiabilidad.<\/p>\n<\/div><div style=\"text-align:center;\"><a class=\"fusion-button button-flat fusion-button-default-size button-default fusion-button-default button-5 fusion-button-default-span fusion-button-default-type\" style=\"--awb-margin-top:30px;\" target=\"_self\" href=\"https:\/\/grupcif.com\/es\/instalaciones\/\"><span class=\"fusion-button-text awb-button__text awb-button__text--default\">LEER M\u00c1S<\/span><\/a><\/div><\/div><\/div><\/div><\/div><div class=\"fusion-fullwidth fullwidth-box fusion-builder-row-4 fusion-flex-container has-pattern-background has-mask-background nonhundred-percent-fullwidth non-hundred-percent-height-scrolling\" style=\"--awb-border-radius-top-left:0px;--awb-border-radius-top-right:0px;--awb-border-radius-bottom-right:0px;--awb-border-radius-bottom-left:0px;--awb-margin-bottom:30px;--awb-background-color:#6bbef9;--awb-flex-wrap:wrap;\" ><div class=\"fusion-builder-row fusion-row fusion-flex-align-items-stretch fusion-flex-content-wrap\" style=\"max-width:1331.2px;margin-left: calc(-4% \/ 2 );margin-right: calc(-4% \/ 2 );\"><div class=\"fusion-layout-column fusion_builder_column fusion-builder-column-7 fusion_builder_column_1_2 1_2 fusion-flex-column\" style=\"--awb-bg-size:cover;--awb-width-large:50%;--awb-margin-top-large:-30px;--awb-spacing-right-large:3.84%;--awb-margin-bottom-large:0px;--awb-spacing-left-large:3.84%;--awb-width-medium:50%;--awb-order-medium:0;--awb-spacing-right-medium:3.84%;--awb-spacing-left-medium:3.84%;--awb-width-small:100%;--awb-order-small:0;--awb-spacing-right-small:1.92%;--awb-spacing-left-small:1.92%;\" data-scroll-devices=\"small-visibility,medium-visibility,large-visibility\"><div class=\"fusion-column-wrapper fusion-column-has-shadow fusion-flex-justify-content-flex-start fusion-content-layout-column\"><div class=\"fusion-image-element \" style=\"--awb-caption-title-font-family:var(--h2_typography-font-family);--awb-caption-title-font-weight:var(--h2_typography-font-weight);--awb-caption-title-font-style:var(--h2_typography-font-style);--awb-caption-title-size:var(--h2_typography-font-size);--awb-caption-title-transform:var(--h2_typography-text-transform);--awb-caption-title-line-height:var(--h2_typography-line-height);--awb-caption-title-letter-spacing:var(--h2_typography-letter-spacing);\"><span class=\" fusion-imageframe imageframe-none imageframe-3 hover-type-none\"><img decoding=\"async\" width=\"463\" height=\"670\" alt=\"Grup CIF - Equipos compactos y semi-compactos\" title=\"Grup CIF &#8211; Equipos compactos y semi-compactos\" src=\"https:\/\/grupcif.com\/wp-content\/uploads\/2023\/12\/compactos.png\" class=\"img-responsive wp-image-307\" srcset=\"https:\/\/grupcif.com\/wp-content\/uploads\/2023\/12\/compactos-200x289.png 200w, https:\/\/grupcif.com\/wp-content\/uploads\/2023\/12\/compactos-400x579.png 400w, https:\/\/grupcif.com\/wp-content\/uploads\/2023\/12\/compactos.png 463w\" sizes=\"(max-width: 640px) 100vw, 463px\" \/><\/span><\/div><\/div><\/div><div class=\"fusion-layout-column fusion_builder_column fusion-builder-column-8 fusion_builder_column_1_2 1_2 fusion-flex-column\" style=\"--awb-padding-top:30px;--awb-padding-right:30px;--awb-padding-bottom:30px;--awb-padding-top-medium:30px;--awb-padding-right-medium:30px;--awb-padding-bottom-medium:30px;--awb-padding-left-medium:30px;--awb-padding-top-small:30px;--awb-padding-right-small:30px;--awb-padding-bottom-small:30px;--awb-padding-left-small:30px;--awb-bg-size:cover;--awb-width-large:50%;--awb-margin-top-large:0px;--awb-spacing-right-large:3.84%;--awb-margin-bottom-large:0px;--awb-spacing-left-large:3.84%;--awb-width-medium:50%;--awb-order-medium:0;--awb-spacing-right-medium:3.84%;--awb-spacing-left-medium:3.84%;--awb-width-small:100%;--awb-order-small:0;--awb-spacing-right-small:1.92%;--awb-spacing-left-small:1.92%;\" data-scroll-devices=\"small-visibility,medium-visibility,large-visibility\"><div class=\"fusion-column-wrapper fusion-column-has-shadow fusion-flex-justify-content-center fusion-content-layout-column\"><div class=\"fusion-title title fusion-title-2 fusion-sep-none fusion-title-text fusion-title-size-one\" style=\"--awb-text-color:#000000;--awb-margin-top-small:10px;--awb-margin-right-small:0px;--awb-margin-bottom-small:10px;--awb-margin-left-small:0px;\"><h1 class=\"fusion-title-heading title-heading-left fusion-responsive-typography-calculated\" style=\"margin:0;--fontSize:36;line-height:var(--awb-typography1-line-height);\">EQUIPOS COMPACTOS Y SEMI-COMPACTOS<\/h1><\/div><div class=\"fusion-text fusion-text-6 fusion-text-no-margin\" style=\"--awb-text-color:#000000;--awb-margin-bottom:0px;\"><p>Para c\u00e1maras frigor\u00edficas, dise\u00f1ados especialmente para c\u00e1maras frigor\u00edficas, ya sean de conservaci\u00f3n o congelaci\u00f3n, pueden ser de techo, en la pared de la c\u00e1mara o a distancia (semi-compactos).<\/p>\n<\/div><\/div><\/div><\/div><\/div><div class=\"fusion-fullwidth fullwidth-box fusion-builder-row-5 fusion-flex-container has-pattern-background has-mask-background nonhundred-percent-fullwidth non-hundred-percent-height-scrolling\" style=\"--awb-border-radius-top-left:0px;--awb-border-radius-top-right:0px;--awb-border-radius-bottom-right:0px;--awb-border-radius-bottom-left:0px;--awb-margin-top:40px;--awb-margin-bottom:30px;--awb-flex-wrap:wrap;\" ><div class=\"fusion-builder-row fusion-row fusion-flex-align-items-stretch fusion-flex-content-wrap\" style=\"max-width:calc( 1280px + 30px );margin-left: calc(-30px \/ 2 );margin-right: calc(-30px \/ 2 );\"><div class=\"fusion-layout-column fusion_builder_column fusion-builder-column-9 fusion_builder_column_1_1 1_1 fusion-flex-column\" style=\"--awb-bg-size:cover;--awb-width-large:100%;--awb-margin-top-large:0px;--awb-spacing-right-large:15px;--awb-margin-bottom-large:20px;--awb-spacing-left-large:15px;--awb-width-medium:100%;--awb-order-medium:0;--awb-spacing-right-medium:15px;--awb-spacing-left-medium:15px;--awb-width-small:100%;--awb-order-small:0;--awb-spacing-right-small:15px;--awb-spacing-left-small:15px;\"><div class=\"fusion-column-wrapper fusion-column-has-shadow fusion-flex-justify-content-flex-start fusion-content-layout-column\"><div class=\"fusion-text fusion-text-7\" style=\"--awb-content-alignment:center;\"><h1>Mobiliario frigor\u00edfico<\/h1>\n<\/div><\/div><\/div><div class=\"fusion-layout-column fusion_builder_column fusion-builder-column-10 fusion_builder_column_1_2 1_2 fusion-flex-column fusion-flex-align-self-stretch\" style=\"--awb-bg-size:cover;--awb-width-large:50%;--awb-margin-top-large:0px;--awb-spacing-right-large:15px;--awb-margin-bottom-large:20px;--awb-spacing-left-large:15px;--awb-width-medium:50%;--awb-order-medium:0;--awb-spacing-right-medium:15px;--awb-spacing-left-medium:15px;--awb-width-small:100%;--awb-order-small:0;--awb-spacing-right-small:15px;--awb-margin-bottom-small:50px;--awb-spacing-left-small:15px;\" data-scroll-devices=\"small-visibility,medium-visibility,large-visibility\"><div class=\"fusion-column-wrapper fusion-column-has-shadow fusion-flex-justify-content-center fusion-content-layout-column\"><div class=\"fusion-text fusion-text-8\" style=\"--awb-content-alignment:center;\"><h2>MOBILIARIO SUPERMARKET<\/h2>\n<p>Comercializamos, e instalamos, muebles frigor\u00edficos de la gama supermercado (generalmente con instalaciones a distancia). Distribuimos e instalamos los mejores productos existentes en el mercado, seleccionamos los m\u00e1s adecuados a para cada establecimiento primando la mejor calidad combinada con el mejor precio y menor consumo.<\/p>\n<\/div><div style=\"text-align:center;\"><a class=\"fusion-button button-flat fusion-button-default-size button-default fusion-button-default button-6 fusion-button-default-span fusion-button-default-type\" style=\"--awb-margin-top:30px;\" target=\"_self\" href=\"https:\/\/grupcif.com\/es\/mobiliario\/\"><span class=\"fusion-button-text awb-button__text awb-button__text--default\">LEER M\u00c1S<\/span><\/a><\/div><\/div><\/div><div class=\"fusion-layout-column fusion_builder_column fusion-builder-column-11 fusion_builder_column_1_2 1_2 fusion-flex-column fusion-flex-align-self-stretch\" style=\"--awb-bg-size:cover;--awb-width-large:50%;--awb-margin-top-large:0px;--awb-spacing-right-large:15px;--awb-margin-bottom-large:20px;--awb-spacing-left-large:15px;--awb-width-medium:50%;--awb-order-medium:0;--awb-spacing-right-medium:15px;--awb-spacing-left-medium:15px;--awb-width-small:100%;--awb-order-small:0;--awb-spacing-right-small:15px;--awb-margin-bottom-small:50px;--awb-spacing-left-small:15px;\" data-scroll-devices=\"small-visibility,medium-visibility,large-visibility\"><div class=\"fusion-column-wrapper fusion-column-has-shadow fusion-flex-justify-content-flex-start fusion-content-layout-column\"><div class=\"fusion-text fusion-text-9\" style=\"--awb-content-alignment:center;\"><h2>MUEBLES FRIGOR\u00cdFICOS<\/h2>\n<p>Extensa gama de muebles frigor\u00edficos, armarios frigor\u00edficos, vitrinas, congeladores, todo lo que necesite para conservar o congelar.<\/p>\n<\/div><div style=\"text-align:center;\"><a class=\"fusion-button button-flat fusion-button-default-size button-default fusion-button-default button-7 fusion-button-default-span fusion-button-default-type\" style=\"--awb-margin-top:30px;\" target=\"_self\" href=\"https:\/\/grupcif.com\/es\/mobiliario\/mobiliario-frigorifico\/\"><span class=\"fusion-button-text awb-button__text awb-button__text--default\">LEER M\u00c1S<\/span><\/a><\/div><\/div><\/div><\/div><\/div><div class=\"fusion-fullwidth fullwidth-box fusion-builder-row-6 fusion-flex-container has-pattern-background has-mask-background nonhundred-percent-fullwidth non-hundred-percent-height-scrolling fusion-no-small-visibility\" style=\"--awb-border-radius-top-left:0px;--awb-border-radius-top-right:0px;--awb-border-radius-bottom-right:0px;--awb-border-radius-bottom-left:0px;--awb-margin-bottom:30px;--awb-background-color:#6bbef9;--awb-flex-wrap:wrap;\" ><div class=\"fusion-builder-row fusion-row fusion-flex-align-items-stretch fusion-flex-content-wrap\" style=\"max-width:1331.2px;margin-left: calc(-4% \/ 2 );margin-right: calc(-4% \/ 2 );\"><div class=\"fusion-layout-column fusion_builder_column fusion-builder-column-12 fusion_builder_column_1_2 1_2 fusion-flex-column\" style=\"--awb-padding-top:30px;--awb-padding-bottom:30px;--awb-padding-left:30px;--awb-bg-size:cover;--awb-width-large:50%;--awb-margin-top-large:0px;--awb-spacing-right-large:3.84%;--awb-margin-bottom-large:0px;--awb-spacing-left-large:3.84%;--awb-width-medium:50%;--awb-order-medium:0;--awb-spacing-right-medium:3.84%;--awb-spacing-left-medium:3.84%;--awb-width-small:100%;--awb-order-small:0;--awb-spacing-right-small:1.92%;--awb-spacing-left-small:1.92%;\" data-scroll-devices=\"small-visibility,medium-visibility,large-visibility\"><div class=\"fusion-column-wrapper fusion-column-has-shadow fusion-flex-justify-content-center fusion-content-layout-column\"><div class=\"fusion-title title fusion-title-3 fusion-sep-none fusion-title-text fusion-title-size-one\" style=\"--awb-text-color:#000000;--awb-margin-top-small:10px;--awb-margin-right-small:0px;--awb-margin-bottom-small:10px;--awb-margin-left-small:0px;\"><h1 class=\"fusion-title-heading title-heading-left fusion-responsive-typography-calculated\" style=\"margin:0;--fontSize:36;line-height:var(--awb-typography1-line-height);\">AIRE ACONDICIONADO \u2013 CLIMATIZACI\u00d3N<\/h1><\/div><div class=\"fusion-text fusion-text-10 fusion-text-no-margin\" style=\"--awb-text-color:#000000;--awb-margin-bottom:0px;\"><p>Suministramos, instalamos y reparamos sistemas de climatizaci\u00f3n y aire acondicionado, desde un simple esplit a grandes enfriadoras para edificios.<\/p>\n<\/div><div ><a class=\"fusion-button button-flat fusion-button-default-size button-custom fusion-button-default button-8 fusion-button-default-span fusion-button-default-type button-alternative\" style=\"--awb-margin-top:30px;--button_accent_color:#151412;--button_accent_hover_color:#ffffff;--button_border_hover_color:#6bbef9;--button_gradient_top_color:#6bbef9;--button_gradient_bottom_color:#6bbef9;--button_gradient_top_color_hover:#6bbef9;--button_gradient_bottom_color_hover:#6bbef9;\" target=\"_self\" href=\"https:\/\/grupcif.com\/es\/climatizacion\/\"><span class=\"fusion-button-text awb-button__text awb-button__text--default\">LEER M\u00c1S<\/span><\/a><\/div><\/div><\/div><div class=\"fusion-layout-column fusion_builder_column fusion-builder-column-13 fusion_builder_column_1_2 1_2 fusion-flex-column\" style=\"--awb-bg-size:cover;--awb-width-large:50%;--awb-margin-top-large:-30px;--awb-spacing-right-large:3.84%;--awb-margin-bottom-large:0px;--awb-spacing-left-large:3.84%;--awb-width-medium:50%;--awb-order-medium:0;--awb-spacing-right-medium:3.84%;--awb-spacing-left-medium:3.84%;--awb-width-small:100%;--awb-order-small:0;--awb-spacing-right-small:1.92%;--awb-spacing-left-small:1.92%;\" data-scroll-devices=\"small-visibility,medium-visibility,large-visibility\"><div class=\"fusion-column-wrapper fusion-column-has-shadow fusion-flex-justify-content-flex-start fusion-content-layout-column\"><div class=\"fusion-image-carousel fusion-image-carousel-auto fusion-image-carousel-1\" style=\"margin-top:0px;margin-bottom:0px;\"><div class=\"awb-carousel awb-swiper awb-swiper-carousel awb-carousel--carousel awb-swiper-dots-position-bottom\" data-layout=\"carousel\" data-autoplay=\"yes\" data-autoplayspeed=\"5000\" data-autoplaypause=\"no\" data-loop=\"yes\" data-columns=\"1\" data-columnsmedium=\"1\" data-columnssmall=\"1\" data-itemmargin=\"1\" data-itemwidth=\"180\" data-touchscroll=\"no\" data-freemode=\"no\" data-imagesize=\"auto\" data-scrollitems=\"0\" data-centeredslides=\"no\" data-rotationangle=\"50\" data-depth=\"100\" data-speed=\"500\" data-shadow=\"no\" data-pagination=\"bullets\" style=\"--awb-columns:1;--awb-column-spacing:1px;\"><div class=\"swiper-wrapper awb-image-carousel-wrapper fusion-flex-align-items-center\"><div class=\"swiper-slide\"><div class=\"fusion-carousel-item-wrapper\"><div class=\"fusion-image-wrapper hover-type-none\"><img decoding=\"async\" width=\"1056\" height=\"752\" src=\"https:\/\/grupcif.com\/wp-content\/uploads\/2024\/02\/Aire_Acondicionado_Climatizacion1-_transparente.webp\" class=\"attachment-full size-full\" alt=\"Grup CIF - Aire acondicionado - climatizaci\u00f3n\" srcset=\"https:\/\/grupcif.com\/wp-content\/uploads\/2024\/02\/Aire_Acondicionado_Climatizacion1-_transparente-200x142.webp 200w, https:\/\/grupcif.com\/wp-content\/uploads\/2024\/02\/Aire_Acondicionado_Climatizacion1-_transparente-300x214.webp 300w, https:\/\/grupcif.com\/wp-content\/uploads\/2024\/02\/Aire_Acondicionado_Climatizacion1-_transparente-400x285.webp 400w, https:\/\/grupcif.com\/wp-content\/uploads\/2024\/02\/Aire_Acondicionado_Climatizacion1-_transparente-600x427.webp 600w, https:\/\/grupcif.com\/wp-content\/uploads\/2024\/02\/Aire_Acondicionado_Climatizacion1-_transparente-768x547.webp 768w, https:\/\/grupcif.com\/wp-content\/uploads\/2024\/02\/Aire_Acondicionado_Climatizacion1-_transparente-800x570.webp 800w, https:\/\/grupcif.com\/wp-content\/uploads\/2024\/02\/Aire_Acondicionado_Climatizacion1-_transparente-1024x729.webp 1024w, https:\/\/grupcif.com\/wp-content\/uploads\/2024\/02\/Aire_Acondicionado_Climatizacion1-_transparente.webp 1056w\" sizes=\"(max-width: 1056px) 100vw, 1056px\" \/><\/div><\/div><\/div><div class=\"swiper-slide\"><div class=\"fusion-carousel-item-wrapper\"><div class=\"fusion-image-wrapper hover-type-none\"><img decoding=\"async\" width=\"1056\" height=\"752\" src=\"https:\/\/grupcif.com\/wp-content\/uploads\/2024\/02\/Aire_Acondicionado_Climatizacion_transparente.webp\" class=\"attachment-full size-full\" alt=\"Grup CIF - Aire acondicionado - climatizaci\u00f3n\" srcset=\"https:\/\/grupcif.com\/wp-content\/uploads\/2024\/02\/Aire_Acondicionado_Climatizacion_transparente-200x142.webp 200w, https:\/\/grupcif.com\/wp-content\/uploads\/2024\/02\/Aire_Acondicionado_Climatizacion_transparente-300x214.webp 300w, https:\/\/grupcif.com\/wp-content\/uploads\/2024\/02\/Aire_Acondicionado_Climatizacion_transparente-400x285.webp 400w, https:\/\/grupcif.com\/wp-content\/uploads\/2024\/02\/Aire_Acondicionado_Climatizacion_transparente-600x427.webp 600w, https:\/\/grupcif.com\/wp-content\/uploads\/2024\/02\/Aire_Acondicionado_Climatizacion_transparente-768x547.webp 768w, https:\/\/grupcif.com\/wp-content\/uploads\/2024\/02\/Aire_Acondicionado_Climatizacion_transparente-800x570.webp 800w, https:\/\/grupcif.com\/wp-content\/uploads\/2024\/02\/Aire_Acondicionado_Climatizacion_transparente-1024x729.webp 1024w, https:\/\/grupcif.com\/wp-content\/uploads\/2024\/02\/Aire_Acondicionado_Climatizacion_transparente.webp 1056w\" sizes=\"(max-width: 1056px) 100vw, 1056px\" \/><\/div><\/div><\/div><\/div><div class=\"awb-swiper-button awb-swiper-button-prev\"><i class=\"awb-icon-angle-left\" aria-hidden=\"true\"><\/i><\/div><div class=\"awb-swiper-button awb-swiper-button-next\"><i class=\"awb-icon-angle-right\" aria-hidden=\"true\"><\/i><\/div><\/div><\/div><\/div><\/div><\/div><\/div><div class=\"fusion-fullwidth fullwidth-box fusion-builder-row-7 fusion-flex-container has-pattern-background has-mask-background nonhundred-percent-fullwidth non-hundred-percent-height-scrolling fusion-no-medium-visibility fusion-no-large-visibility\" style=\"--awb-border-radius-top-left:0px;--awb-border-radius-top-right:0px;--awb-border-radius-bottom-right:0px;--awb-border-radius-bottom-left:0px;--awb-margin-bottom:30px;--awb-background-color:#6bbef9;--awb-flex-wrap:wrap;\" ><div class=\"fusion-builder-row fusion-row fusion-flex-align-items-stretch fusion-flex-content-wrap\" style=\"max-width:1331.2px;margin-left: calc(-4% \/ 2 );margin-right: calc(-4% \/ 2 );\"><div class=\"fusion-layout-column fusion_builder_column fusion-builder-column-14 fusion_builder_column_1_2 1_2 fusion-flex-column\" style=\"--awb-bg-size:cover;--awb-width-large:50%;--awb-margin-top-large:-30px;--awb-spacing-right-large:3.84%;--awb-margin-bottom-large:0px;--awb-spacing-left-large:3.84%;--awb-width-medium:50%;--awb-order-medium:0;--awb-spacing-right-medium:3.84%;--awb-spacing-left-medium:3.84%;--awb-width-small:100%;--awb-order-small:0;--awb-spacing-right-small:1.92%;--awb-spacing-left-small:1.92%;\" data-scroll-devices=\"small-visibility,medium-visibility,large-visibility\"><div class=\"fusion-column-wrapper fusion-column-has-shadow fusion-flex-justify-content-flex-start fusion-content-layout-column\"><div class=\"fusion-image-carousel fusion-image-carousel-auto fusion-image-carousel-2\" style=\"margin-top:0px;margin-bottom:0px;\"><div class=\"awb-carousel awb-swiper awb-swiper-carousel awb-carousel--carousel awb-swiper-dots-position-bottom\" data-layout=\"carousel\" data-autoplay=\"yes\" data-autoplayspeed=\"5000\" data-autoplaypause=\"no\" data-loop=\"yes\" data-columns=\"1\" data-columnsmedium=\"1\" data-columnssmall=\"1\" data-itemmargin=\"1\" data-itemwidth=\"180\" data-touchscroll=\"no\" data-freemode=\"no\" data-imagesize=\"auto\" data-scrollitems=\"0\" data-centeredslides=\"no\" data-rotationangle=\"50\" data-depth=\"100\" data-speed=\"500\" data-shadow=\"no\" data-pagination=\"bullets\" style=\"--awb-columns:1;--awb-column-spacing:1px;\"><div class=\"swiper-wrapper awb-image-carousel-wrapper fusion-flex-align-items-center\"><div class=\"swiper-slide\"><div class=\"fusion-carousel-item-wrapper\"><div class=\"fusion-image-wrapper hover-type-none\"><img decoding=\"async\" width=\"1056\" height=\"752\" src=\"https:\/\/grupcif.com\/wp-content\/uploads\/2024\/02\/Aire_Acondicionado_Climatizacion1-_transparente.webp\" class=\"attachment-full size-full\" alt=\"Grup CIF - Aire acondicionado - climatizaci\u00f3n\" srcset=\"https:\/\/grupcif.com\/wp-content\/uploads\/2024\/02\/Aire_Acondicionado_Climatizacion1-_transparente-200x142.webp 200w, https:\/\/grupcif.com\/wp-content\/uploads\/2024\/02\/Aire_Acondicionado_Climatizacion1-_transparente-300x214.webp 300w, https:\/\/grupcif.com\/wp-content\/uploads\/2024\/02\/Aire_Acondicionado_Climatizacion1-_transparente-400x285.webp 400w, https:\/\/grupcif.com\/wp-content\/uploads\/2024\/02\/Aire_Acondicionado_Climatizacion1-_transparente-600x427.webp 600w, https:\/\/grupcif.com\/wp-content\/uploads\/2024\/02\/Aire_Acondicionado_Climatizacion1-_transparente-768x547.webp 768w, https:\/\/grupcif.com\/wp-content\/uploads\/2024\/02\/Aire_Acondicionado_Climatizacion1-_transparente-800x570.webp 800w, https:\/\/grupcif.com\/wp-content\/uploads\/2024\/02\/Aire_Acondicionado_Climatizacion1-_transparente-1024x729.webp 1024w, https:\/\/grupcif.com\/wp-content\/uploads\/2024\/02\/Aire_Acondicionado_Climatizacion1-_transparente.webp 1056w\" sizes=\"(max-width: 1056px) 100vw, 1056px\" \/><\/div><\/div><\/div><div class=\"swiper-slide\"><div class=\"fusion-carousel-item-wrapper\"><div class=\"fusion-image-wrapper hover-type-none\"><img decoding=\"async\" width=\"1056\" height=\"752\" src=\"https:\/\/grupcif.com\/wp-content\/uploads\/2024\/02\/Aire_Acondicionado_Climatizacion_transparente.webp\" class=\"attachment-full size-full\" alt=\"Grup CIF - Aire acondicionado - climatizaci\u00f3n\" srcset=\"https:\/\/grupcif.com\/wp-content\/uploads\/2024\/02\/Aire_Acondicionado_Climatizacion_transparente-200x142.webp 200w, https:\/\/grupcif.com\/wp-content\/uploads\/2024\/02\/Aire_Acondicionado_Climatizacion_transparente-300x214.webp 300w, https:\/\/grupcif.com\/wp-content\/uploads\/2024\/02\/Aire_Acondicionado_Climatizacion_transparente-400x285.webp 400w, https:\/\/grupcif.com\/wp-content\/uploads\/2024\/02\/Aire_Acondicionado_Climatizacion_transparente-600x427.webp 600w, https:\/\/grupcif.com\/wp-content\/uploads\/2024\/02\/Aire_Acondicionado_Climatizacion_transparente-768x547.webp 768w, https:\/\/grupcif.com\/wp-content\/uploads\/2024\/02\/Aire_Acondicionado_Climatizacion_transparente-800x570.webp 800w, https:\/\/grupcif.com\/wp-content\/uploads\/2024\/02\/Aire_Acondicionado_Climatizacion_transparente-1024x729.webp 1024w, https:\/\/grupcif.com\/wp-content\/uploads\/2024\/02\/Aire_Acondicionado_Climatizacion_transparente.webp 1056w\" sizes=\"(max-width: 1056px) 100vw, 1056px\" \/><\/div><\/div><\/div><\/div><div class=\"awb-swiper-button awb-swiper-button-prev\"><i class=\"awb-icon-angle-left\" aria-hidden=\"true\"><\/i><\/div><div class=\"awb-swiper-button awb-swiper-button-next\"><i class=\"awb-icon-angle-right\" aria-hidden=\"true\"><\/i><\/div><\/div><\/div><\/div><\/div><div class=\"fusion-layout-column fusion_builder_column fusion-builder-column-15 fusion_builder_column_1_2 1_2 fusion-flex-column\" style=\"--awb-padding-top:30px;--awb-padding-right:30px;--awb-padding-bottom:30px;--awb-padding-left:30px;--awb-bg-size:cover;--awb-width-large:50%;--awb-margin-top-large:0px;--awb-spacing-right-large:3.84%;--awb-margin-bottom-large:0px;--awb-spacing-left-large:3.84%;--awb-width-medium:50%;--awb-order-medium:0;--awb-spacing-right-medium:3.84%;--awb-spacing-left-medium:3.84%;--awb-width-small:100%;--awb-order-small:0;--awb-spacing-right-small:1.92%;--awb-spacing-left-small:1.92%;\" data-scroll-devices=\"small-visibility,medium-visibility,large-visibility\"><div class=\"fusion-column-wrapper fusion-column-has-shadow fusion-flex-justify-content-center fusion-content-layout-column\"><div class=\"fusion-title title fusion-title-4 fusion-sep-none fusion-title-text fusion-title-size-one\" style=\"--awb-text-color:#000000;--awb-margin-top-small:10px;--awb-margin-right-small:0px;--awb-margin-bottom-small:10px;--awb-margin-left-small:0px;\"><h1 class=\"fusion-title-heading title-heading-left fusion-responsive-typography-calculated\" style=\"margin:0;--fontSize:36;line-height:var(--awb-typography1-line-height);\">AIRE ACONDICIONADO \u2013 CLIMATIZACI\u00d3N<\/h1><\/div><div class=\"fusion-text fusion-text-11 fusion-text-no-margin\" style=\"--awb-text-color:#000000;--awb-margin-bottom:0px;\"><p>Suministramos, instalamos y reparamos sistemas de climatizaci\u00f3n y aire acondicionado, desde un simple esplit a grandes enfriadoras para edificios.<\/p>\n<\/div><div ><a class=\"fusion-button button-flat fusion-button-default-size button-custom fusion-button-default button-9 fusion-button-default-span fusion-button-default-type button-alternative\" style=\"--awb-margin-top:30px;--button_accent_color:#151412;--button_accent_hover_color:#ffffff;--button_border_hover_color:#6bbef9;--button_gradient_top_color:#6bbef9;--button_gradient_bottom_color:#6bbef9;--button_gradient_top_color_hover:#6bbef9;--button_gradient_bottom_color_hover:#6bbef9;\" target=\"_self\" href=\"https:\/\/grupcif.com\/es\/climatizacion\/\"><span class=\"fusion-button-text awb-button__text awb-button__text--default\">LEER M\u00c1S<\/span><\/a><\/div><\/div><\/div><\/div><\/div><div class=\"fusion-fullwidth fullwidth-box fusion-builder-row-8 fusion-flex-container has-pattern-background has-mask-background nonhundred-percent-fullwidth non-hundred-percent-height-scrolling\" style=\"--awb-border-radius-top-left:0px;--awb-border-radius-top-right:0px;--awb-border-radius-bottom-right:0px;--awb-border-radius-bottom-left:0px;--awb-padding-top:0px;--awb-padding-bottom:0px;--awb-margin-bottom:30px;--awb-background-color:#6bbef9;--awb-flex-wrap:wrap;\" ><div class=\"fusion-builder-row fusion-row fusion-flex-align-items-stretch fusion-flex-content-wrap\" style=\"max-width:1331.2px;margin-left: calc(-4% \/ 2 );margin-right: calc(-4% \/ 2 );\"><div class=\"fusion-layout-column fusion_builder_column fusion-builder-column-16 fusion_builder_column_1_2 1_2 fusion-flex-column\" style=\"--awb-bg-size:cover;--awb-width-large:50%;--awb-margin-top-large:0px;--awb-spacing-right-large:3.84%;--awb-margin-bottom-large:0px;--awb-spacing-left-large:3.84%;--awb-width-medium:50%;--awb-order-medium:0;--awb-spacing-right-medium:3.84%;--awb-spacing-left-medium:3.84%;--awb-width-small:100%;--awb-order-small:0;--awb-spacing-right-small:1.92%;--awb-spacing-left-small:1.92%;\" data-scroll-devices=\"small-visibility,medium-visibility,large-visibility\"><div class=\"fusion-column-wrapper fusion-column-has-shadow fusion-flex-justify-content-flex-start fusion-content-layout-column\"><div class=\"fusion-image-carousel fusion-image-carousel-auto fusion-image-carousel-3\" style=\"margin-top:0px;margin-bottom:0px;\"><div class=\"awb-carousel awb-swiper awb-swiper-carousel awb-carousel--carousel awb-swiper-dots-position-bottom\" data-layout=\"carousel\" data-autoplay=\"yes\" data-autoplayspeed=\"5000\" data-autoplaypause=\"no\" data-loop=\"yes\" data-columns=\"1\" data-columnsmedium=\"1\" data-columnssmall=\"1\" data-itemmargin=\"1\" data-itemwidth=\"180\" data-touchscroll=\"no\" data-freemode=\"no\" data-imagesize=\"auto\" data-scrollitems=\"0\" data-centeredslides=\"no\" data-rotationangle=\"50\" data-depth=\"100\" data-speed=\"500\" data-shadow=\"no\" data-pagination=\"bullets\" style=\"--awb-columns:1;--awb-column-spacing:1px;\"><div class=\"swiper-wrapper awb-image-carousel-wrapper fusion-flex-align-items-center\"><div class=\"swiper-slide\"><div class=\"fusion-carousel-item-wrapper\"><div class=\"fusion-image-wrapper hover-type-none\"><img decoding=\"async\" width=\"589\" height=\"441\" src=\"https:\/\/grupcif.com\/wp-content\/uploads\/2023\/12\/Camaras_de_ensayos1.webp\" class=\"attachment-full size-full\" alt=\"Grup CIF - M\u00e9dico cient\u00edfico - C\u00e1maras de ensayos\" srcset=\"https:\/\/grupcif.com\/wp-content\/uploads\/2023\/12\/Camaras_de_ensayos1-200x150.webp 200w, https:\/\/grupcif.com\/wp-content\/uploads\/2023\/12\/Camaras_de_ensayos1-300x225.webp 300w, https:\/\/grupcif.com\/wp-content\/uploads\/2023\/12\/Camaras_de_ensayos1-400x299.webp 400w, https:\/\/grupcif.com\/wp-content\/uploads\/2023\/12\/Camaras_de_ensayos1.webp 589w\" sizes=\"(max-width: 589px) 100vw, 589px\" \/><\/div><\/div><\/div><\/div><\/div><\/div><\/div><\/div><div class=\"fusion-layout-column fusion_builder_column fusion-builder-column-17 fusion_builder_column_1_2 1_2 fusion-flex-column\" style=\"--awb-padding-top:30px;--awb-padding-right:30px;--awb-padding-bottom:30px;--awb-padding-top-small:30px;--awb-padding-right-small:30px;--awb-padding-bottom-small:30px;--awb-padding-left-small:30px;--awb-bg-size:cover;--awb-width-large:50%;--awb-margin-top-large:0px;--awb-spacing-right-large:3.84%;--awb-margin-bottom-large:0px;--awb-spacing-left-large:3.84%;--awb-width-medium:50%;--awb-order-medium:0;--awb-spacing-right-medium:3.84%;--awb-spacing-left-medium:3.84%;--awb-width-small:100%;--awb-order-small:0;--awb-spacing-right-small:1.92%;--awb-spacing-left-small:1.92%;\" data-scroll-devices=\"small-visibility,medium-visibility,large-visibility\"><div class=\"fusion-column-wrapper fusion-column-has-shadow fusion-flex-justify-content-center fusion-content-layout-column\"><div class=\"fusion-title title fusion-title-5 fusion-sep-none fusion-title-text fusion-title-size-one\" style=\"--awb-text-color:#000000;--awb-margin-top-small:10px;--awb-margin-right-small:0px;--awb-margin-bottom-small:10px;--awb-margin-left-small:0px;\"><h1 class=\"fusion-title-heading title-heading-left fusion-responsive-typography-calculated\" style=\"margin:0;--fontSize:36;line-height:var(--awb-typography1-line-height);\">SECTOR M\u00c9DICO CIENT\u00cdFICO<\/h1><\/div><div class=\"fusion-text fusion-text-12 fusion-text-no-margin\" style=\"--awb-text-color:#000000;--awb-margin-bottom:0px;\"><p>Nuestra empresa est\u00e1 especializada en instalaciones para hospitales, investigaci\u00f3n, producci\u00f3n (c\u00e1maras de ensayo), manteniendo e instalando todo tipo de c\u00e1maras ya sea en el sector p\u00fablico como en el sector privado.<\/p>\n<\/div><div ><a class=\"fusion-button button-flat fusion-button-default-size button-custom fusion-button-default button-10 fusion-button-default-span fusion-button-default-type button-alternative\" style=\"--awb-margin-top:30px;--awb-margin-bottom:0px;--button_accent_color:#151412;--button_accent_hover_color:#ffffff;--button_border_hover_color:#6bbef9;--button_gradient_top_color:#6bbef9;--button_gradient_bottom_color:#6bbef9;--button_gradient_top_color_hover:#6bbef9;--button_gradient_bottom_color_hover:#6bbef9;\" target=\"_self\" href=\"https:\/\/grupcif.com\/es\/medico-cientifico\/\"><span class=\"fusion-button-text awb-button__text awb-button__text--default\">LEER M\u00c1S<\/span><\/a><\/div><\/div><\/div><\/div><\/div><div class=\"fusion-fullwidth fullwidth-box fusion-builder-row-9 fusion-flex-container has-pattern-background has-mask-background nonhundred-percent-fullwidth non-hundred-percent-height-scrolling fusion-animated\" style=\"--awb-border-radius-top-left:0px;--awb-border-radius-top-right:0px;--awb-border-radius-bottom-right:0px;--awb-border-radius-bottom-left:0px;--awb-padding-top:30px;--awb-padding-right:30px;--awb-padding-bottom:30px;--awb-padding-left:30px;--awb-background-color:#6bbef9;--awb-flex-wrap:wrap;\" data-animationType=\"zoomInUp\" data-animationDuration=\"2.0\" data-animationDelay=\"0.5\" data-animationOffset=\"top-into-view\" ><div class=\"fusion-builder-row fusion-row fusion-flex-align-items-flex-start fusion-flex-content-wrap\" style=\"max-width:1331.2px;margin-left: calc(-4% \/ 2 );margin-right: calc(-4% \/ 2 );\"><div class=\"fusion-layout-column fusion_builder_column fusion-builder-column-18 fusion_builder_column_1_1 1_1 fusion-flex-column\" style=\"--awb-padding-top:60px;--awb-padding-right:60px;--awb-padding-bottom:60px;--awb-padding-left:60px;--awb-padding-top-medium:30px;--awb-padding-right-medium:30px;--awb-padding-bottom-medium:30px;--awb-padding-left-medium:30px;--awb-padding-top-small:10px;--awb-padding-right-small:10px;--awb-padding-bottom-small:10px;--awb-padding-left-small:10px;--awb-bg-size:cover;--awb-width-large:100%;--awb-margin-top-large:0px;--awb-spacing-right-large:1.92%;--awb-margin-bottom-large:0px;--awb-spacing-left-large:1.92%;--awb-width-medium:100%;--awb-order-medium:0;--awb-spacing-right-medium:1.92%;--awb-spacing-left-medium:1.92%;--awb-width-small:100%;--awb-order-small:0;--awb-spacing-right-small:1.92%;--awb-spacing-left-small:1.92%;\" data-scroll-devices=\"small-visibility,medium-visibility,large-visibility\"><div class=\"fusion-column-wrapper fusion-column-has-shadow fusion-flex-justify-content-flex-start fusion-content-layout-column\"><div class=\"fusion-text fusion-text-13 fusion-text-no-margin\" style=\"--awb-text-color:#151412;--awb-margin-bottom:0px;\"><p><strong>Nuestra empresa est\u00e1 autorizada para instalar todas las instalaciones que enumeramos en nuestra web. Habilitada para realizar instalaciones de cualquier potencia, manipular gases fluorados. Nuestro personal est\u00e1 autorizado en cada sector.<\/strong><\/p>\n<p><strong>Todo el personal son trabajadores en plantilla, no utilizamos aut\u00f3nomos, y todos sin excepci\u00f3n, todos est\u00e1n dados de alta en la Seguridad Social.<\/strong><\/p>\n<p><strong>Nuestra empresa cuenta con personal especializado en cada materia para poder dar el servicio adecuado a las necesidades de nuestros clientes. <\/strong><\/p>\n<p><strong>Realizamos desde mantenimientos preventivos, correctivos o reglamentarios.<\/strong><\/p>\n<\/div><\/div><\/div><\/div><\/div><div class=\"fusion-fullwidth fullwidth-box fusion-builder-row-10 fusion-flex-container has-pattern-background has-mask-background nonhundred-percent-fullwidth non-hundred-percent-height-scrolling fusion-animated\" style=\"--awb-border-radius-top-left:0px;--awb-border-radius-top-right:0px;--awb-border-radius-bottom-right:0px;--awb-border-radius-bottom-left:0px;--awb-flex-wrap:wrap;\" data-animationType=\"zoomInUp\" data-animationDuration=\"2.0\" data-animationDelay=\"0.5\" data-animationOffset=\"top-into-view\" ><div class=\"fusion-builder-row fusion-row fusion-flex-align-items-flex-start fusion-flex-content-wrap\" style=\"max-width:1331.2px;margin-left: calc(-4% \/ 2 );margin-right: calc(-4% \/ 2 );\"><div class=\"fusion-layout-column fusion_builder_column fusion-builder-column-19 fusion_builder_column_1_1 1_1 fusion-flex-column\" style=\"--awb-bg-size:cover;--awb-width-large:100%;--awb-margin-top-large:0px;--awb-spacing-right-large:1.92%;--awb-margin-bottom-large:20px;--awb-spacing-left-large:1.92%;--awb-width-medium:100%;--awb-order-medium:0;--awb-spacing-right-medium:1.92%;--awb-spacing-left-medium:1.92%;--awb-width-small:100%;--awb-order-small:0;--awb-spacing-right-small:1.92%;--awb-spacing-left-small:1.92%;\"><div class=\"fusion-column-wrapper fusion-column-has-shadow fusion-flex-justify-content-flex-start fusion-content-layout-column\"><div style=\"text-align:center;\"><a class=\"fusion-button button-flat fusion-button-default-size button-default fusion-button-default button-11 fusion-button-default-span fusion-button-default-type\" style=\"--awb-margin-top:30px;\" target=\"_self\" href=\"https:\/\/grupcif.com\/es\/contacto\/\"><span class=\"fusion-button-text awb-button__text awb-button__text--default\">CONSULTE SUS NECESIDADES<\/span><\/a><\/div><\/div><\/div><\/div><\/div><\/p>\n","protected":false},"excerpt":{"rendered":"","protected":false},"author":1,"featured_media":0,"parent":0,"menu_order":0,"comment_status":"closed","ping_status":"closed","template":"","meta":{"footnotes":""},"class_list":["post-2","page","type-page","status-publish","hentry"],"aioseo_notices":[],"_links":{"self":[{"href":"https:\/\/grupcif.com\/es\/wp-json\/wp\/v2\/pages\/2","targetHints":{"allow":["GET"]}}],"collection":[{"href":"https:\/\/grupcif.com\/es\/wp-json\/wp\/v2\/pages"}],"about":[{"href":"https:\/\/grupcif.com\/es\/wp-json\/wp\/v2\/types\/page"}],"author":[{"embeddable":true,"href":"https:\/\/grupcif.com\/es\/wp-json\/wp\/v2\/users\/1"}],"replies":[{"embeddable":true,"href":"https:\/\/grupcif.com\/es\/wp-json\/wp\/v2\/comments?post=2"}],"version-history":[{"count":117,"href":"https:\/\/grupcif.com\/es\/wp-json\/wp\/v2\/pages\/2\/revisions"}],"predecessor-version":[{"id":881,"href":"https:\/\/grupcif.com\/es\/wp-json\/wp\/v2\/pages\/2\/revisions\/881"}],"wp:attachment":[{"href":"https:\/\/grupcif.com\/es\/wp-json\/wp\/v2\/media?parent=2"}],"curies":[{"name":"wp","href":"https:\/\/api.w.org\/{rel}","templated":true}]}}