{"id":55,"date":"2023-11-11T08:42:52","date_gmt":"2023-11-11T08:42:52","guid":{"rendered":"https:\/\/grupcif.com\/?page_id=55"},"modified":"2024-03-08T09:14:41","modified_gmt":"2024-03-08T09:14:41","slug":"mobiliario","status":"publish","type":"page","link":"https:\/\/grupcif.com\/es\/mobiliario\/","title":{"rendered":"Mobiliario"},"content":{"rendered":"<p><div class=\"fusion-fullwidth fullwidth-box fusion-builder-row-1 fusion-flex-container has-pattern-background has-mask-background nonhundred-percent-fullwidth non-hundred-percent-height-scrolling\" style=\"--awb-border-radius-top-left:0px;--awb-border-radius-top-right:0px;--awb-border-radius-bottom-right:0px;--awb-border-radius-bottom-left:0px;--awb-flex-wrap:wrap;\" ><div class=\"fusion-builder-row fusion-row fusion-flex-align-items-flex-start fusion-flex-content-wrap\" style=\"max-width:1331.2px;margin-left: calc(-4% \/ 2 );margin-right: calc(-4% \/ 2 );\"><div class=\"fusion-layout-column fusion_builder_column fusion-builder-column-0 fusion_builder_column_1_1 1_1 fusion-flex-column\" style=\"--awb-bg-size:cover;--awb-width-large:100%;--awb-margin-top-large:0px;--awb-spacing-right-large:1.92%;--awb-margin-bottom-large:20px;--awb-spacing-left-large:1.92%;--awb-width-medium:100%;--awb-order-medium:0;--awb-spacing-right-medium:1.92%;--awb-spacing-left-medium:1.92%;--awb-width-small:100%;--awb-order-small:0;--awb-spacing-right-small:1.92%;--awb-spacing-left-small:1.92%;\"><div class=\"fusion-column-wrapper fusion-column-has-shadow fusion-flex-justify-content-flex-start fusion-content-layout-column\"><div class=\"fusion-text fusion-text-1\" style=\"--awb-content-alignment:center;\"><h1>Muebles frigor\u00edficos para supermercados\u200b<\/h1>\n<\/div><\/div><\/div><div class=\"fusion-layout-column fusion_builder_column fusion-builder-column-1 fusion_builder_column_1_1 1_1 fusion-flex-column\" style=\"--awb-bg-size:cover;--awb-width-large:100%;--awb-margin-top-large:0px;--awb-spacing-right-large:1.92%;--awb-margin-bottom-large:20px;--awb-spacing-left-large:1.92%;--awb-width-medium:100%;--awb-order-medium:0;--awb-spacing-right-medium:1.92%;--awb-spacing-left-medium:1.92%;--awb-width-small:100%;--awb-order-small:0;--awb-spacing-right-small:1.92%;--awb-spacing-left-small:1.92%;\"><div class=\"fusion-column-wrapper fusion-column-has-shadow fusion-flex-justify-content-flex-start fusion-content-layout-column\"><div class=\"fusion-text fusion-text-2\"><p>Nuestra experiencia en el sector nos hace valederos para distribuir los mejores muebles dentro de la gama Supermarket de la marca EXKAL, de la que somos distribuidores, comercializadores y instaladores.<\/p>\n<\/div><\/div><\/div><div class=\"fusion-layout-column fusion_builder_column fusion-builder-column-2 fusion_builder_column_1_1 1_1 fusion-flex-column\" style=\"--awb-bg-size:cover;--awb-width-large:100%;--awb-margin-top-large:0px;--awb-spacing-right-large:1.92%;--awb-margin-bottom-large:20px;--awb-spacing-left-large:1.92%;--awb-width-medium:100%;--awb-order-medium:0;--awb-spacing-right-medium:1.92%;--awb-spacing-left-medium:1.92%;--awb-width-small:100%;--awb-order-small:0;--awb-spacing-right-small:1.92%;--awb-spacing-left-small:1.92%;\"><div class=\"fusion-column-wrapper fusion-column-has-shadow fusion-flex-justify-content-flex-start fusion-content-layout-column\"><div class=\"fusion-text fusion-text-3\"><h2>Mobiliario Supermercado<\/h2>\n<p>El mobiliario de la gama supermarket (supermercado) est\u00e1 concebido para llevar la instalaci\u00f3n frigor\u00edfica a distancia, instalando los motores fuera de la zona donde est\u00e1n los muebles frigor\u00edficos, de esta manera se evita una gran concentraci\u00f3n de calor en las salas de venta y por tanto menos consumo en climatizaci\u00f3n y m\u00e1s capacidad de producto, estos muebles se unen entre s\u00ed formando grandes l\u00edneas para alimentos refrigerados o congelados.<\/p>\n<\/div><\/div><\/div><\/div><\/div><div class=\"fusion-fullwidth fullwidth-box fusion-builder-row-2 fusion-flex-container has-pattern-background has-mask-background nonhundred-percent-fullwidth non-hundred-percent-height-scrolling fusion-no-small-visibility\" style=\"--awb-border-radius-top-left:0px;--awb-border-radius-top-right:0px;--awb-border-radius-bottom-right:0px;--awb-border-radius-bottom-left:0px;--awb-margin-bottom:30px;--awb-background-color:#6bbef9;--awb-flex-wrap:wrap;\" ><div class=\"fusion-builder-row fusion-row fusion-flex-align-items-stretch fusion-flex-content-wrap\" style=\"max-width:1331.2px;margin-left: calc(-4% \/ 2 );margin-right: calc(-4% \/ 2 );\"><div class=\"fusion-layout-column fusion_builder_column fusion-builder-column-3 fusion_builder_column_1_2 1_2 fusion-flex-column\" style=\"--awb-bg-size:cover;--awb-width-large:50%;--awb-margin-top-large:0px;--awb-spacing-right-large:3.84%;--awb-margin-bottom-large:0px;--awb-spacing-left-large:3.84%;--awb-width-medium:50%;--awb-order-medium:0;--awb-spacing-right-medium:3.84%;--awb-spacing-left-medium:3.84%;--awb-width-small:100%;--awb-order-small:0;--awb-spacing-right-small:1.92%;--awb-spacing-left-small:1.92%;\" data-scroll-devices=\"small-visibility,medium-visibility,large-visibility\"><div class=\"fusion-column-wrapper fusion-column-has-shadow fusion-flex-justify-content-flex-start fusion-content-layout-column\"><div class=\"fusion-image-carousel fusion-image-carousel-auto fusion-image-carousel-1 lightbox-enabled\" style=\"margin-top:0px;margin-bottom:0px;\"><div class=\"awb-carousel awb-swiper awb-swiper-carousel awb-carousel--carousel awb-swiper-dots-position-bottom\" data-layout=\"carousel\" data-autoplay=\"no\" data-autoplayspeed=\"5000\" data-autoplaypause=\"no\" data-loop=\"yes\" data-columns=\"1\" data-columnsmedium=\"1\" data-columnssmall=\"1\" data-itemmargin=\"1\" data-itemwidth=\"180\" data-touchscroll=\"no\" data-freemode=\"no\" data-imagesize=\"auto\" data-scrollitems=\"0\" data-centeredslides=\"no\" data-rotationangle=\"50\" data-depth=\"100\" data-speed=\"500\" data-shadow=\"no\" data-pagination=\"bullets\" style=\"--awb-columns:1;--awb-column-spacing:1px;--awb-caption-title-font-family:&quot;Montserrat&quot;;--awb-caption-title-font-style:normal;--awb-caption-title-font-weight:400;--awb-caption-text-font-family:&quot;Montserrat&quot;;--awb-caption-text-font-style:normal;--awb-caption-text-font-weight:400;\"><div class=\"swiper-wrapper awb-image-carousel-wrapper fusion-flex-align-items-center\"><div class=\"swiper-slide\"><div class=\"fusion-carousel-item-wrapper\"><div class=\"fusion-image-wrapper hover-type-none\"><a data-rel=\"iLightbox[image_carousel_1]\" data-caption=\"Vitrina frigor\u00edfica\" data-title=\"Grup CIF &#8211; Vitrinas frigor\u00edficas\" aria-label=\"Grup CIF &#8211; Vitrinas frigor\u00edficas\" href=\"https:\/\/grupcif.com\/wp-content\/uploads\/2024\/02\/Vitrinas_frigorificas1.webp\" target=\"_self\"><img decoding=\"async\" width=\"541\" height=\"363\" src=\"https:\/\/grupcif.com\/wp-content\/uploads\/2024\/02\/Vitrinas_frigorificas1.webp\" class=\"attachment-full size-full\" alt=\"Grup CIF - Vitrinas frigor\u00edficas\" srcset=\"https:\/\/grupcif.com\/wp-content\/uploads\/2024\/02\/Vitrinas_frigorificas1-200x134.webp 200w, https:\/\/grupcif.com\/wp-content\/uploads\/2024\/02\/Vitrinas_frigorificas1-300x201.webp 300w, https:\/\/grupcif.com\/wp-content\/uploads\/2024\/02\/Vitrinas_frigorificas1-400x268.webp 400w, https:\/\/grupcif.com\/wp-content\/uploads\/2024\/02\/Vitrinas_frigorificas1.webp 541w\" sizes=\"(max-width: 541px) 100vw, 541px\" \/><\/a><\/div><\/div><\/div><div class=\"swiper-slide\"><div class=\"fusion-carousel-item-wrapper\"><div class=\"fusion-image-wrapper hover-type-none\"><a data-rel=\"iLightbox[image_carousel_1]\" data-caption=\"Vitrina frigor\u00edfica\" data-title=\"Grup CIF &#8211; Vitrinas frigor\u00edficas\" aria-label=\"Grup CIF &#8211; Vitrinas frigor\u00edficas\" href=\"https:\/\/grupcif.com\/wp-content\/uploads\/2024\/02\/Vitrinas_frigorificas2.webp\" target=\"_self\"><img decoding=\"async\" width=\"695\" height=\"474\" src=\"https:\/\/grupcif.com\/wp-content\/uploads\/2024\/02\/Vitrinas_frigorificas2.webp\" class=\"attachment-full size-full\" alt=\"Grup CIF - Vitrinas frigor\u00edficas\" srcset=\"https:\/\/grupcif.com\/wp-content\/uploads\/2024\/02\/Vitrinas_frigorificas2-200x136.webp 200w, https:\/\/grupcif.com\/wp-content\/uploads\/2024\/02\/Vitrinas_frigorificas2-300x205.webp 300w, https:\/\/grupcif.com\/wp-content\/uploads\/2024\/02\/Vitrinas_frigorificas2-400x273.webp 400w, https:\/\/grupcif.com\/wp-content\/uploads\/2024\/02\/Vitrinas_frigorificas2-600x409.webp 600w, https:\/\/grupcif.com\/wp-content\/uploads\/2024\/02\/Vitrinas_frigorificas2.webp 695w\" sizes=\"(max-width: 695px) 100vw, 695px\" \/><\/a><\/div><\/div><\/div><div class=\"swiper-slide\"><div class=\"fusion-carousel-item-wrapper\"><div class=\"fusion-image-wrapper hover-type-none\"><a data-rel=\"iLightbox[image_carousel_1]\" data-caption=\"Vitrina frigor\u00edfica\" data-title=\"Grup CIF &#8211; Vitrinas frigor\u00edficas\" aria-label=\"Grup CIF &#8211; Vitrinas frigor\u00edficas\" href=\"https:\/\/grupcif.com\/wp-content\/uploads\/2024\/02\/Vitrinas_frigorificas3.webp\" target=\"_self\"><img decoding=\"async\" width=\"675\" height=\"476\" src=\"https:\/\/grupcif.com\/wp-content\/uploads\/2024\/02\/Vitrinas_frigorificas3.webp\" class=\"attachment-full size-full\" alt=\"Grup CIF - Vitrinas frigor\u00edficas\" srcset=\"https:\/\/grupcif.com\/wp-content\/uploads\/2024\/02\/Vitrinas_frigorificas3-200x141.webp 200w, https:\/\/grupcif.com\/wp-content\/uploads\/2024\/02\/Vitrinas_frigorificas3-300x212.webp 300w, https:\/\/grupcif.com\/wp-content\/uploads\/2024\/02\/Vitrinas_frigorificas3-400x282.webp 400w, https:\/\/grupcif.com\/wp-content\/uploads\/2024\/02\/Vitrinas_frigorificas3-600x423.webp 600w, https:\/\/grupcif.com\/wp-content\/uploads\/2024\/02\/Vitrinas_frigorificas3.webp 675w\" sizes=\"(max-width: 675px) 100vw, 675px\" \/><\/a><\/div><\/div><\/div><div class=\"swiper-slide\"><div class=\"fusion-carousel-item-wrapper\"><div class=\"fusion-image-wrapper hover-type-none\"><a data-rel=\"iLightbox[image_carousel_1]\" data-caption=\"Vitrina para productos de c\u00e1rnicos. Temperatura positiva de +01 \u00ba C\" data-title=\"Grup CIF &#8211; Vitrinas frigor\u00edficas\" aria-label=\"Grup CIF &#8211; Vitrinas frigor\u00edficas\" href=\"https:\/\/grupcif.com\/wp-content\/uploads\/2023\/12\/Vitrinas_frigorificas4.webp\" target=\"_self\"><img decoding=\"async\" width=\"588\" height=\"441\" src=\"https:\/\/grupcif.com\/wp-content\/uploads\/2023\/12\/Vitrinas_frigorificas4.webp\" class=\"attachment-full size-full\" alt=\"Grup CIF - Vitrinas frigor\u00edficas\" srcset=\"https:\/\/grupcif.com\/wp-content\/uploads\/2023\/12\/Vitrinas_frigorificas4-200x150.webp 200w, https:\/\/grupcif.com\/wp-content\/uploads\/2023\/12\/Vitrinas_frigorificas4-300x225.webp 300w, https:\/\/grupcif.com\/wp-content\/uploads\/2023\/12\/Vitrinas_frigorificas4-400x300.webp 400w, https:\/\/grupcif.com\/wp-content\/uploads\/2023\/12\/Vitrinas_frigorificas4.webp 588w\" sizes=\"(max-width: 588px) 100vw, 588px\" \/><\/a><\/div><\/div><\/div><\/div><div class=\"awb-swiper-button awb-swiper-button-prev\"><i class=\"awb-icon-angle-left\" aria-hidden=\"true\"><\/i><\/div><div class=\"awb-swiper-button awb-swiper-button-next\"><i class=\"awb-icon-angle-right\" aria-hidden=\"true\"><\/i><\/div><\/div><\/div><\/div><\/div><div class=\"fusion-layout-column fusion_builder_column fusion-builder-column-4 fusion_builder_column_1_2 1_2 fusion-flex-column\" style=\"--awb-padding-top:30px;--awb-padding-right:30px;--awb-padding-bottom:30px;--awb-bg-size:cover;--awb-width-large:50%;--awb-margin-top-large:0px;--awb-spacing-right-large:3.84%;--awb-margin-bottom-large:0px;--awb-spacing-left-large:3.84%;--awb-width-medium:50%;--awb-order-medium:0;--awb-spacing-right-medium:3.84%;--awb-spacing-left-medium:3.84%;--awb-width-small:100%;--awb-order-small:0;--awb-spacing-right-small:1.92%;--awb-spacing-left-small:1.92%;\" data-scroll-devices=\"small-visibility,medium-visibility,large-visibility\"><div class=\"fusion-column-wrapper fusion-column-has-shadow fusion-flex-justify-content-center fusion-content-layout-column\"><div class=\"fusion-title title fusion-title-1 fusion-sep-none fusion-title-text fusion-title-size-three\" style=\"--awb-text-color:#000000;--awb-margin-top-small:10px;--awb-margin-right-small:0px;--awb-margin-bottom-small:10px;--awb-margin-left-small:0px;\"><h3 class=\"fusion-title-heading title-heading-left fusion-responsive-typography-calculated\" style=\"margin:0;--fontSize:28;line-height:var(--awb-typography1-line-height);\">Vitrinas frigor\u00edficas<\/h3><\/div><div class=\"fusion-text fusion-text-4 fusion-text-no-margin\" style=\"--awb-text-color:#000000;--awb-margin-bottom:0px;\"><p>\u200bVitrinas Frigor\u00edficas. Extensa gama de vitrinas frigor\u00edficas, para productos frescos, con diferentes combinaciones en colores, y modulaciones, diferentes medidas.<\/p>\n<\/div><\/div><\/div><\/div><\/div><div class=\"fusion-fullwidth fullwidth-box fusion-builder-row-3 fusion-flex-container has-pattern-background has-mask-background nonhundred-percent-fullwidth non-hundred-percent-height-scrolling fusion-no-medium-visibility fusion-no-large-visibility\" style=\"--awb-border-radius-top-left:0px;--awb-border-radius-top-right:0px;--awb-border-radius-bottom-right:0px;--awb-border-radius-bottom-left:0px;--awb-margin-bottom:30px;--awb-background-color:#6bbef9;--awb-flex-wrap:wrap;\" ><div class=\"fusion-builder-row fusion-row fusion-flex-align-items-stretch fusion-flex-content-wrap\" style=\"max-width:1331.2px;margin-left: calc(-4% \/ 2 );margin-right: calc(-4% \/ 2 );\"><div class=\"fusion-layout-column fusion_builder_column fusion-builder-column-5 fusion_builder_column_1_2 1_2 fusion-flex-column\" style=\"--awb-bg-size:cover;--awb-width-large:50%;--awb-margin-top-large:0px;--awb-spacing-right-large:3.84%;--awb-margin-bottom-large:0px;--awb-spacing-left-large:3.84%;--awb-width-medium:50%;--awb-order-medium:0;--awb-spacing-right-medium:3.84%;--awb-spacing-left-medium:3.84%;--awb-width-small:100%;--awb-order-small:0;--awb-spacing-right-small:1.92%;--awb-spacing-left-small:1.92%;\" data-scroll-devices=\"small-visibility,medium-visibility,large-visibility\"><div class=\"fusion-column-wrapper fusion-column-has-shadow fusion-flex-justify-content-flex-start fusion-content-layout-column\"><div class=\"fusion-image-carousel fusion-image-carousel-auto fusion-image-carousel-2 lightbox-enabled\" style=\"margin-top:0px;margin-bottom:0px;\"><div class=\"awb-carousel awb-swiper awb-swiper-carousel awb-carousel--carousel awb-swiper-dots-position-bottom\" data-layout=\"carousel\" data-autoplay=\"no\" data-autoplayspeed=\"5000\" data-autoplaypause=\"no\" data-loop=\"yes\" data-columns=\"1\" data-columnsmedium=\"1\" data-columnssmall=\"1\" data-itemmargin=\"1\" data-itemwidth=\"180\" data-touchscroll=\"no\" data-freemode=\"no\" data-imagesize=\"auto\" data-scrollitems=\"0\" data-centeredslides=\"no\" data-rotationangle=\"50\" data-depth=\"100\" data-speed=\"500\" data-shadow=\"no\" data-pagination=\"bullets\" style=\"--awb-columns:1;--awb-column-spacing:1px;--awb-caption-title-font-family:&quot;Montserrat&quot;;--awb-caption-title-font-style:normal;--awb-caption-title-font-weight:400;--awb-caption-text-font-family:&quot;Montserrat&quot;;--awb-caption-text-font-style:normal;--awb-caption-text-font-weight:400;\"><div class=\"swiper-wrapper awb-image-carousel-wrapper fusion-flex-align-items-center\"><div class=\"swiper-slide\"><div class=\"fusion-carousel-item-wrapper\"><div class=\"fusion-image-wrapper hover-type-none\"><a data-rel=\"iLightbox[image_carousel_2]\" data-caption=\"Vitrina frigor\u00edfica\" data-title=\"Grup CIF &#8211; Vitrinas frigor\u00edficas\" aria-label=\"Grup CIF &#8211; Vitrinas frigor\u00edficas\" href=\"https:\/\/grupcif.com\/wp-content\/uploads\/2024\/02\/Vitrinas_frigorificas1.webp\" target=\"_self\"><img decoding=\"async\" width=\"541\" height=\"363\" src=\"https:\/\/grupcif.com\/wp-content\/uploads\/2024\/02\/Vitrinas_frigorificas1.webp\" class=\"attachment-full size-full\" alt=\"Grup CIF - Vitrinas frigor\u00edficas\" srcset=\"https:\/\/grupcif.com\/wp-content\/uploads\/2024\/02\/Vitrinas_frigorificas1-200x134.webp 200w, https:\/\/grupcif.com\/wp-content\/uploads\/2024\/02\/Vitrinas_frigorificas1-300x201.webp 300w, https:\/\/grupcif.com\/wp-content\/uploads\/2024\/02\/Vitrinas_frigorificas1-400x268.webp 400w, https:\/\/grupcif.com\/wp-content\/uploads\/2024\/02\/Vitrinas_frigorificas1.webp 541w\" sizes=\"(max-width: 541px) 100vw, 541px\" \/><\/a><\/div><\/div><\/div><div class=\"swiper-slide\"><div class=\"fusion-carousel-item-wrapper\"><div class=\"fusion-image-wrapper hover-type-none\"><a data-rel=\"iLightbox[image_carousel_2]\" data-caption=\"Vitrina frigor\u00edfica\" data-title=\"Grup CIF &#8211; Vitrinas frigor\u00edficas\" aria-label=\"Grup CIF &#8211; Vitrinas frigor\u00edficas\" href=\"https:\/\/grupcif.com\/wp-content\/uploads\/2024\/02\/Vitrinas_frigorificas2.webp\" target=\"_self\"><img decoding=\"async\" width=\"695\" height=\"474\" src=\"https:\/\/grupcif.com\/wp-content\/uploads\/2024\/02\/Vitrinas_frigorificas2.webp\" class=\"attachment-full size-full\" alt=\"Grup CIF - Vitrinas frigor\u00edficas\" srcset=\"https:\/\/grupcif.com\/wp-content\/uploads\/2024\/02\/Vitrinas_frigorificas2-200x136.webp 200w, https:\/\/grupcif.com\/wp-content\/uploads\/2024\/02\/Vitrinas_frigorificas2-300x205.webp 300w, https:\/\/grupcif.com\/wp-content\/uploads\/2024\/02\/Vitrinas_frigorificas2-400x273.webp 400w, https:\/\/grupcif.com\/wp-content\/uploads\/2024\/02\/Vitrinas_frigorificas2-600x409.webp 600w, https:\/\/grupcif.com\/wp-content\/uploads\/2024\/02\/Vitrinas_frigorificas2.webp 695w\" sizes=\"(max-width: 695px) 100vw, 695px\" \/><\/a><\/div><\/div><\/div><div class=\"swiper-slide\"><div class=\"fusion-carousel-item-wrapper\"><div class=\"fusion-image-wrapper hover-type-none\"><a data-rel=\"iLightbox[image_carousel_2]\" data-caption=\"Vitrina frigor\u00edfica\" data-title=\"Grup CIF &#8211; Vitrinas frigor\u00edficas\" aria-label=\"Grup CIF &#8211; Vitrinas frigor\u00edficas\" href=\"https:\/\/grupcif.com\/wp-content\/uploads\/2024\/02\/Vitrinas_frigorificas3.webp\" target=\"_self\"><img decoding=\"async\" width=\"675\" height=\"476\" src=\"https:\/\/grupcif.com\/wp-content\/uploads\/2024\/02\/Vitrinas_frigorificas3.webp\" class=\"attachment-full size-full\" alt=\"Grup CIF - Vitrinas frigor\u00edficas\" srcset=\"https:\/\/grupcif.com\/wp-content\/uploads\/2024\/02\/Vitrinas_frigorificas3-200x141.webp 200w, https:\/\/grupcif.com\/wp-content\/uploads\/2024\/02\/Vitrinas_frigorificas3-300x212.webp 300w, https:\/\/grupcif.com\/wp-content\/uploads\/2024\/02\/Vitrinas_frigorificas3-400x282.webp 400w, https:\/\/grupcif.com\/wp-content\/uploads\/2024\/02\/Vitrinas_frigorificas3-600x423.webp 600w, https:\/\/grupcif.com\/wp-content\/uploads\/2024\/02\/Vitrinas_frigorificas3.webp 675w\" sizes=\"(max-width: 675px) 100vw, 675px\" \/><\/a><\/div><\/div><\/div><div class=\"swiper-slide\"><div class=\"fusion-carousel-item-wrapper\"><div class=\"fusion-image-wrapper hover-type-none\"><a data-rel=\"iLightbox[image_carousel_2]\" data-caption=\"Vitrina para productos de c\u00e1rnicos. Temperatura positiva de +01 \u00ba C\" data-title=\"Grup CIF &#8211; Vitrinas frigor\u00edficas\" aria-label=\"Grup CIF &#8211; Vitrinas frigor\u00edficas\" href=\"https:\/\/grupcif.com\/wp-content\/uploads\/2023\/12\/Vitrinas_frigorificas4.webp\" target=\"_self\"><img decoding=\"async\" width=\"588\" height=\"441\" src=\"https:\/\/grupcif.com\/wp-content\/uploads\/2023\/12\/Vitrinas_frigorificas4.webp\" class=\"attachment-full size-full\" alt=\"Grup CIF - Vitrinas frigor\u00edficas\" srcset=\"https:\/\/grupcif.com\/wp-content\/uploads\/2023\/12\/Vitrinas_frigorificas4-200x150.webp 200w, https:\/\/grupcif.com\/wp-content\/uploads\/2023\/12\/Vitrinas_frigorificas4-300x225.webp 300w, https:\/\/grupcif.com\/wp-content\/uploads\/2023\/12\/Vitrinas_frigorificas4-400x300.webp 400w, https:\/\/grupcif.com\/wp-content\/uploads\/2023\/12\/Vitrinas_frigorificas4.webp 588w\" sizes=\"(max-width: 588px) 100vw, 588px\" \/><\/a><\/div><\/div><\/div><\/div><div class=\"awb-swiper-button awb-swiper-button-prev\"><i class=\"awb-icon-angle-left\" aria-hidden=\"true\"><\/i><\/div><div class=\"awb-swiper-button awb-swiper-button-next\"><i class=\"awb-icon-angle-right\" aria-hidden=\"true\"><\/i><\/div><\/div><\/div><\/div><\/div><div class=\"fusion-layout-column fusion_builder_column fusion-builder-column-6 fusion_builder_column_1_2 1_2 fusion-flex-column\" style=\"--awb-padding-top:30px;--awb-padding-right:30px;--awb-padding-bottom:30px;--awb-padding-left:30px;--awb-bg-size:cover;--awb-width-large:50%;--awb-margin-top-large:0px;--awb-spacing-right-large:3.84%;--awb-margin-bottom-large:0px;--awb-spacing-left-large:3.84%;--awb-width-medium:50%;--awb-order-medium:0;--awb-spacing-right-medium:3.84%;--awb-spacing-left-medium:3.84%;--awb-width-small:100%;--awb-order-small:0;--awb-spacing-right-small:1.92%;--awb-spacing-left-small:1.92%;\" data-scroll-devices=\"small-visibility,medium-visibility,large-visibility\"><div class=\"fusion-column-wrapper fusion-column-has-shadow fusion-flex-justify-content-center fusion-content-layout-column\"><div class=\"fusion-title title fusion-title-2 fusion-sep-none fusion-title-text fusion-title-size-three\" style=\"--awb-text-color:#000000;--awb-margin-top-small:10px;--awb-margin-right-small:0px;--awb-margin-bottom-small:10px;--awb-margin-left-small:0px;\"><h3 class=\"fusion-title-heading title-heading-left fusion-responsive-typography-calculated\" style=\"margin:0;--fontSize:28;line-height:var(--awb-typography1-line-height);\">Vitrinas frigor\u00edficas<\/h3><\/div><div class=\"fusion-text fusion-text-5 fusion-text-no-margin\" style=\"--awb-text-color:#000000;--awb-margin-bottom:0px;\"><p>\u200bVitrinas Frigor\u00edficas. Extensa gama de vitrinas frigor\u00edficas, para productos frescos, con diferentes combinaciones en colores, y modulaciones, diferentes medidas.<\/p>\n<\/div><\/div><\/div><\/div><\/div><div class=\"fusion-fullwidth fullwidth-box fusion-builder-row-4 fusion-flex-container has-pattern-background has-mask-background nonhundred-percent-fullwidth non-hundred-percent-height-scrolling fusion-no-small-visibility\" style=\"--awb-border-radius-top-left:0px;--awb-border-radius-top-right:0px;--awb-border-radius-bottom-right:0px;--awb-border-radius-bottom-left:0px;--awb-margin-bottom:30px;--awb-background-color:#6bbef9;--awb-flex-wrap:wrap;\" ><div class=\"fusion-builder-row fusion-row fusion-flex-align-items-stretch fusion-flex-content-wrap\" style=\"max-width:1331.2px;margin-left: calc(-4% \/ 2 );margin-right: calc(-4% \/ 2 );\"><div class=\"fusion-layout-column fusion_builder_column fusion-builder-column-7 fusion_builder_column_1_2 1_2 fusion-flex-column\" style=\"--awb-padding-top:30px;--awb-padding-bottom:30px;--awb-padding-left:30px;--awb-bg-size:cover;--awb-width-large:50%;--awb-margin-top-large:0px;--awb-spacing-right-large:3.84%;--awb-margin-bottom-large:0px;--awb-spacing-left-large:3.84%;--awb-width-medium:50%;--awb-order-medium:0;--awb-spacing-right-medium:3.84%;--awb-spacing-left-medium:3.84%;--awb-width-small:100%;--awb-order-small:0;--awb-spacing-right-small:1.92%;--awb-spacing-left-small:1.92%;\" data-scroll-devices=\"small-visibility,medium-visibility,large-visibility\"><div class=\"fusion-column-wrapper fusion-column-has-shadow fusion-flex-justify-content-center fusion-content-layout-column\"><div class=\"fusion-title title fusion-title-3 fusion-sep-none fusion-title-text fusion-title-size-three\" style=\"--awb-text-color:#000000;--awb-margin-top-small:10px;--awb-margin-right-small:0px;--awb-margin-bottom-small:10px;--awb-margin-left-small:0px;\"><h3 class=\"fusion-title-heading title-heading-left fusion-responsive-typography-calculated\" style=\"margin:0;--fontSize:28;line-height:var(--awb-typography1-line-height);\">Murales frigor\u00edficos<\/h3><\/div><div class=\"fusion-text fusion-text-6 fusion-text-no-margin\" style=\"--awb-text-color:#000000;--awb-margin-bottom:0px;\"><p>Extensa gama de murales frigor\u00edficos, para productos frescos, con diferentes combinaciones en colores, y modulaciones, diferentes medidas.<\/p>\n<\/div><\/div><\/div><div class=\"fusion-layout-column fusion_builder_column fusion-builder-column-8 fusion_builder_column_1_2 1_2 fusion-flex-column\" style=\"--awb-bg-size:cover;--awb-width-large:50%;--awb-margin-top-large:0px;--awb-spacing-right-large:3.84%;--awb-margin-bottom-large:0px;--awb-spacing-left-large:3.84%;--awb-width-medium:50%;--awb-order-medium:0;--awb-spacing-right-medium:3.84%;--awb-spacing-left-medium:3.84%;--awb-width-small:100%;--awb-order-small:0;--awb-spacing-right-small:1.92%;--awb-spacing-left-small:1.92%;\" data-scroll-devices=\"small-visibility,medium-visibility,large-visibility\"><div class=\"fusion-column-wrapper fusion-column-has-shadow fusion-flex-justify-content-flex-start fusion-content-layout-column\"><div class=\"fusion-image-carousel fusion-image-carousel-auto fusion-image-carousel-3 lightbox-enabled\" style=\"margin-top:0px;margin-bottom:0px;\"><div class=\"awb-carousel awb-swiper awb-swiper-carousel awb-carousel--carousel awb-swiper-dots-position-bottom\" data-layout=\"carousel\" data-autoplay=\"no\" data-autoplayspeed=\"5000\" data-autoplaypause=\"no\" data-loop=\"yes\" data-columns=\"1\" data-columnsmedium=\"1\" data-columnssmall=\"1\" data-itemmargin=\"1\" data-itemwidth=\"180\" data-touchscroll=\"no\" data-freemode=\"no\" data-imagesize=\"auto\" data-scrollitems=\"0\" data-centeredslides=\"no\" data-rotationangle=\"50\" data-depth=\"100\" data-speed=\"500\" data-shadow=\"no\" data-pagination=\"bullets\" style=\"--awb-columns:1;--awb-column-spacing:1px;\"><div class=\"swiper-wrapper awb-image-carousel-wrapper fusion-flex-align-items-center\"><div class=\"swiper-slide\"><div class=\"fusion-carousel-item-wrapper\"><div class=\"fusion-image-wrapper hover-type-none\"><a data-rel=\"iLightbox[image_carousel_3]\" data-caption=\"Semi mural refrigerada\" data-title=\"Grup CIF &#8211; Murales frigor\u00edficos\" aria-label=\"Grup CIF &#8211; Murales frigor\u00edficos\" href=\"https:\/\/grupcif.com\/wp-content\/uploads\/2024\/02\/Murales_frigorificos1.webp\" target=\"_self\"><img decoding=\"async\" width=\"498\" height=\"354\" src=\"https:\/\/grupcif.com\/wp-content\/uploads\/2024\/02\/Murales_frigorificos1.webp\" class=\"attachment-full size-full\" alt=\"Grup CIF - Murales frigor\u00edficos\" srcset=\"https:\/\/grupcif.com\/wp-content\/uploads\/2024\/02\/Murales_frigorificos1-200x142.webp 200w, https:\/\/grupcif.com\/wp-content\/uploads\/2024\/02\/Murales_frigorificos1-300x213.webp 300w, https:\/\/grupcif.com\/wp-content\/uploads\/2024\/02\/Murales_frigorificos1-400x284.webp 400w, https:\/\/grupcif.com\/wp-content\/uploads\/2024\/02\/Murales_frigorificos1.webp 498w\" sizes=\"(max-width: 498px) 100vw, 498px\" \/><\/a><\/div><\/div><\/div><div class=\"swiper-slide\"><div class=\"fusion-carousel-item-wrapper\"><div class=\"fusion-image-wrapper hover-type-none\"><a data-rel=\"iLightbox[image_carousel_3]\" data-caption=\"Mural refrigerada\" data-title=\"Grup CIF &#8211; Murales frigor\u00edficos\" aria-label=\"Grup CIF &#8211; Murales frigor\u00edficos\" href=\"https:\/\/grupcif.com\/wp-content\/uploads\/2024\/02\/Murales_frigorificos3.webp\" target=\"_self\"><img decoding=\"async\" width=\"498\" height=\"350\" src=\"https:\/\/grupcif.com\/wp-content\/uploads\/2024\/02\/Murales_frigorificos3.webp\" class=\"attachment-full size-full\" alt=\"Grup CIF - Murales frigor\u00edficos\" srcset=\"https:\/\/grupcif.com\/wp-content\/uploads\/2024\/02\/Murales_frigorificos3-200x141.webp 200w, https:\/\/grupcif.com\/wp-content\/uploads\/2024\/02\/Murales_frigorificos3-300x211.webp 300w, https:\/\/grupcif.com\/wp-content\/uploads\/2024\/02\/Murales_frigorificos3-400x281.webp 400w, https:\/\/grupcif.com\/wp-content\/uploads\/2024\/02\/Murales_frigorificos3.webp 498w\" sizes=\"(max-width: 498px) 100vw, 498px\" \/><\/a><\/div><\/div><\/div><div class=\"swiper-slide\"><div class=\"fusion-carousel-item-wrapper\"><div class=\"fusion-image-wrapper hover-type-none\"><a data-rel=\"iLightbox[image_carousel_3]\" data-caption=\"Mural para productos c\u00e1rnicos. Temperatura positiva de +0 \u00ba c\" data-title=\"Grup CIF &#8211; Murales frigor\u00edficos\" aria-label=\"Grup CIF &#8211; Murales frigor\u00edficos\" href=\"https:\/\/grupcif.com\/wp-content\/uploads\/2023\/12\/Murales_frigorificos5.webp\" target=\"_self\"><img decoding=\"async\" width=\"588\" height=\"441\" src=\"https:\/\/grupcif.com\/wp-content\/uploads\/2023\/12\/Murales_frigorificos5.webp\" class=\"attachment-full size-full\" alt=\"Grup CIF - Murales frigor\u00edficos\" srcset=\"https:\/\/grupcif.com\/wp-content\/uploads\/2023\/12\/Murales_frigorificos5-200x150.webp 200w, https:\/\/grupcif.com\/wp-content\/uploads\/2023\/12\/Murales_frigorificos5-300x225.webp 300w, https:\/\/grupcif.com\/wp-content\/uploads\/2023\/12\/Murales_frigorificos5-400x300.webp 400w, https:\/\/grupcif.com\/wp-content\/uploads\/2023\/12\/Murales_frigorificos5.webp 588w\" sizes=\"(max-width: 588px) 100vw, 588px\" \/><\/a><\/div><\/div><\/div><div class=\"swiper-slide\"><div class=\"fusion-carousel-item-wrapper\"><div class=\"fusion-image-wrapper hover-type-none\"><a data-rel=\"iLightbox[image_carousel_3]\" data-caption=\"Mural delicatessen&lt;br&gt;Mural para productos especiales. Temperatura positiva de +2 \u00ba C\" data-title=\"Grup CIF &#8211; Murales frigor\u00edficos\" aria-label=\"Grup CIF &#8211; Murales frigor\u00edficos\" href=\"https:\/\/grupcif.com\/wp-content\/uploads\/2023\/12\/Murales_frigorificos6.webp\" target=\"_self\"><img decoding=\"async\" width=\"588\" height=\"441\" src=\"https:\/\/grupcif.com\/wp-content\/uploads\/2023\/12\/Murales_frigorificos6.webp\" class=\"attachment-full size-full\" alt=\"Grup CIF - Murales frigor\u00edficos\" srcset=\"https:\/\/grupcif.com\/wp-content\/uploads\/2023\/12\/Murales_frigorificos6-200x150.webp 200w, https:\/\/grupcif.com\/wp-content\/uploads\/2023\/12\/Murales_frigorificos6-300x225.webp 300w, https:\/\/grupcif.com\/wp-content\/uploads\/2023\/12\/Murales_frigorificos6-400x300.webp 400w, https:\/\/grupcif.com\/wp-content\/uploads\/2023\/12\/Murales_frigorificos6.webp 588w\" sizes=\"(max-width: 588px) 100vw, 588px\" \/><\/a><\/div><\/div><\/div><\/div><div class=\"awb-swiper-button awb-swiper-button-prev\"><i class=\"awb-icon-angle-left\" aria-hidden=\"true\"><\/i><\/div><div class=\"awb-swiper-button awb-swiper-button-next\"><i class=\"awb-icon-angle-right\" aria-hidden=\"true\"><\/i><\/div><\/div><\/div><\/div><\/div><\/div><\/div><div class=\"fusion-fullwidth fullwidth-box fusion-builder-row-5 fusion-flex-container has-pattern-background has-mask-background nonhundred-percent-fullwidth non-hundred-percent-height-scrolling fusion-no-medium-visibility fusion-no-large-visibility\" style=\"--awb-border-radius-top-left:0px;--awb-border-radius-top-right:0px;--awb-border-radius-bottom-right:0px;--awb-border-radius-bottom-left:0px;--awb-margin-bottom:30px;--awb-background-color:#6bbef9;--awb-flex-wrap:wrap;\" ><div class=\"fusion-builder-row fusion-row fusion-flex-align-items-stretch fusion-flex-content-wrap\" style=\"max-width:1331.2px;margin-left: calc(-4% \/ 2 );margin-right: calc(-4% \/ 2 );\"><div class=\"fusion-layout-column fusion_builder_column fusion-builder-column-9 fusion_builder_column_1_2 1_2 fusion-flex-column\" style=\"--awb-bg-size:cover;--awb-width-large:50%;--awb-margin-top-large:0px;--awb-spacing-right-large:3.84%;--awb-margin-bottom-large:0px;--awb-spacing-left-large:3.84%;--awb-width-medium:50%;--awb-order-medium:0;--awb-spacing-right-medium:3.84%;--awb-spacing-left-medium:3.84%;--awb-width-small:100%;--awb-order-small:0;--awb-spacing-right-small:1.92%;--awb-spacing-left-small:1.92%;\" data-scroll-devices=\"small-visibility,medium-visibility,large-visibility\"><div class=\"fusion-column-wrapper fusion-column-has-shadow fusion-flex-justify-content-flex-start fusion-content-layout-column\"><div class=\"fusion-image-carousel fusion-image-carousel-auto fusion-image-carousel-4 lightbox-enabled\" style=\"margin-top:0px;margin-bottom:0px;\"><div class=\"awb-carousel awb-swiper awb-swiper-carousel awb-carousel--carousel awb-swiper-dots-position-bottom\" data-layout=\"carousel\" data-autoplay=\"no\" data-autoplayspeed=\"5000\" data-autoplaypause=\"no\" data-loop=\"yes\" data-columns=\"1\" data-columnsmedium=\"1\" data-columnssmall=\"1\" data-itemmargin=\"1\" data-itemwidth=\"180\" data-touchscroll=\"no\" data-freemode=\"no\" data-imagesize=\"auto\" data-scrollitems=\"0\" data-centeredslides=\"no\" data-rotationangle=\"50\" data-depth=\"100\" data-speed=\"500\" data-shadow=\"no\" data-pagination=\"bullets\" style=\"--awb-columns:1;--awb-column-spacing:1px;\"><div class=\"swiper-wrapper awb-image-carousel-wrapper fusion-flex-align-items-center\"><div class=\"swiper-slide\"><div class=\"fusion-carousel-item-wrapper\"><div class=\"fusion-image-wrapper hover-type-none\"><a data-rel=\"iLightbox[image_carousel_4]\" data-caption=\"Semi mural refrigerada\" data-title=\"Grup CIF &#8211; Murales frigor\u00edficos\" aria-label=\"Grup CIF &#8211; Murales frigor\u00edficos\" href=\"https:\/\/grupcif.com\/wp-content\/uploads\/2024\/02\/Murales_frigorificos1.webp\" target=\"_self\"><img decoding=\"async\" width=\"498\" height=\"354\" src=\"https:\/\/grupcif.com\/wp-content\/uploads\/2024\/02\/Murales_frigorificos1.webp\" class=\"attachment-full size-full\" alt=\"Grup CIF - Murales frigor\u00edficos\" srcset=\"https:\/\/grupcif.com\/wp-content\/uploads\/2024\/02\/Murales_frigorificos1-200x142.webp 200w, https:\/\/grupcif.com\/wp-content\/uploads\/2024\/02\/Murales_frigorificos1-300x213.webp 300w, https:\/\/grupcif.com\/wp-content\/uploads\/2024\/02\/Murales_frigorificos1-400x284.webp 400w, https:\/\/grupcif.com\/wp-content\/uploads\/2024\/02\/Murales_frigorificos1.webp 498w\" sizes=\"(max-width: 498px) 100vw, 498px\" \/><\/a><\/div><\/div><\/div><div class=\"swiper-slide\"><div class=\"fusion-carousel-item-wrapper\"><div class=\"fusion-image-wrapper hover-type-none\"><a data-rel=\"iLightbox[image_carousel_4]\" data-caption=\"Mural refrigerada\" data-title=\"Grup CIF &#8211; Murales frigor\u00edficos\" aria-label=\"Grup CIF &#8211; Murales frigor\u00edficos\" href=\"https:\/\/grupcif.com\/wp-content\/uploads\/2024\/02\/Murales_frigorificos3.webp\" target=\"_self\"><img decoding=\"async\" width=\"498\" height=\"350\" src=\"https:\/\/grupcif.com\/wp-content\/uploads\/2024\/02\/Murales_frigorificos3.webp\" class=\"attachment-full size-full\" alt=\"Grup CIF - Murales frigor\u00edficos\" srcset=\"https:\/\/grupcif.com\/wp-content\/uploads\/2024\/02\/Murales_frigorificos3-200x141.webp 200w, https:\/\/grupcif.com\/wp-content\/uploads\/2024\/02\/Murales_frigorificos3-300x211.webp 300w, https:\/\/grupcif.com\/wp-content\/uploads\/2024\/02\/Murales_frigorificos3-400x281.webp 400w, https:\/\/grupcif.com\/wp-content\/uploads\/2024\/02\/Murales_frigorificos3.webp 498w\" sizes=\"(max-width: 498px) 100vw, 498px\" \/><\/a><\/div><\/div><\/div><div class=\"swiper-slide\"><div class=\"fusion-carousel-item-wrapper\"><div class=\"fusion-image-wrapper hover-type-none\"><a data-rel=\"iLightbox[image_carousel_4]\" data-caption=\"Mural para productos c\u00e1rnicos. Temperatura positiva de +0 \u00ba c\" data-title=\"Grup CIF &#8211; Murales frigor\u00edficos\" aria-label=\"Grup CIF &#8211; Murales frigor\u00edficos\" href=\"https:\/\/grupcif.com\/wp-content\/uploads\/2023\/12\/Murales_frigorificos5.webp\" target=\"_self\"><img decoding=\"async\" width=\"588\" height=\"441\" src=\"https:\/\/grupcif.com\/wp-content\/uploads\/2023\/12\/Murales_frigorificos5.webp\" class=\"attachment-full size-full\" alt=\"Grup CIF - Murales frigor\u00edficos\" srcset=\"https:\/\/grupcif.com\/wp-content\/uploads\/2023\/12\/Murales_frigorificos5-200x150.webp 200w, https:\/\/grupcif.com\/wp-content\/uploads\/2023\/12\/Murales_frigorificos5-300x225.webp 300w, https:\/\/grupcif.com\/wp-content\/uploads\/2023\/12\/Murales_frigorificos5-400x300.webp 400w, https:\/\/grupcif.com\/wp-content\/uploads\/2023\/12\/Murales_frigorificos5.webp 588w\" sizes=\"(max-width: 588px) 100vw, 588px\" \/><\/a><\/div><\/div><\/div><div class=\"swiper-slide\"><div class=\"fusion-carousel-item-wrapper\"><div class=\"fusion-image-wrapper hover-type-none\"><a data-rel=\"iLightbox[image_carousel_4]\" data-caption=\"Mural delicatessen&lt;br&gt;Mural para productos especiales. Temperatura positiva de +2 \u00ba C\" data-title=\"Grup CIF &#8211; Murales frigor\u00edficos\" aria-label=\"Grup CIF &#8211; Murales frigor\u00edficos\" href=\"https:\/\/grupcif.com\/wp-content\/uploads\/2023\/12\/Murales_frigorificos6.webp\" target=\"_self\"><img decoding=\"async\" width=\"588\" height=\"441\" src=\"https:\/\/grupcif.com\/wp-content\/uploads\/2023\/12\/Murales_frigorificos6.webp\" class=\"attachment-full size-full\" alt=\"Grup CIF - Murales frigor\u00edficos\" srcset=\"https:\/\/grupcif.com\/wp-content\/uploads\/2023\/12\/Murales_frigorificos6-200x150.webp 200w, https:\/\/grupcif.com\/wp-content\/uploads\/2023\/12\/Murales_frigorificos6-300x225.webp 300w, https:\/\/grupcif.com\/wp-content\/uploads\/2023\/12\/Murales_frigorificos6-400x300.webp 400w, https:\/\/grupcif.com\/wp-content\/uploads\/2023\/12\/Murales_frigorificos6.webp 588w\" sizes=\"(max-width: 588px) 100vw, 588px\" \/><\/a><\/div><\/div><\/div><\/div><div class=\"awb-swiper-button awb-swiper-button-prev\"><i class=\"awb-icon-angle-left\" aria-hidden=\"true\"><\/i><\/div><div class=\"awb-swiper-button awb-swiper-button-next\"><i class=\"awb-icon-angle-right\" aria-hidden=\"true\"><\/i><\/div><\/div><\/div><\/div><\/div><div class=\"fusion-layout-column fusion_builder_column fusion-builder-column-10 fusion_builder_column_1_2 1_2 fusion-flex-column\" style=\"--awb-padding-top:30px;--awb-padding-right:30px;--awb-padding-bottom:30px;--awb-padding-left:30px;--awb-bg-size:cover;--awb-width-large:50%;--awb-margin-top-large:0px;--awb-spacing-right-large:3.84%;--awb-margin-bottom-large:0px;--awb-spacing-left-large:3.84%;--awb-width-medium:50%;--awb-order-medium:0;--awb-spacing-right-medium:3.84%;--awb-spacing-left-medium:3.84%;--awb-width-small:100%;--awb-order-small:0;--awb-spacing-right-small:1.92%;--awb-spacing-left-small:1.92%;\" data-scroll-devices=\"small-visibility,medium-visibility,large-visibility\"><div class=\"fusion-column-wrapper fusion-column-has-shadow fusion-flex-justify-content-center fusion-content-layout-column\"><div class=\"fusion-title title fusion-title-4 fusion-sep-none fusion-title-text fusion-title-size-three\" style=\"--awb-text-color:#000000;--awb-margin-top-small:10px;--awb-margin-right-small:0px;--awb-margin-bottom-small:10px;--awb-margin-left-small:0px;\"><h3 class=\"fusion-title-heading title-heading-left fusion-responsive-typography-calculated\" style=\"margin:0;--fontSize:28;line-height:var(--awb-typography1-line-height);\">Murales frigor\u00edficos<\/h3><\/div><div class=\"fusion-text fusion-text-7 fusion-text-no-margin\" style=\"--awb-text-color:#000000;--awb-margin-bottom:0px;\"><p>Extensa gama de murales frigor\u00edficos, para productos frescos, con diferentes combinaciones en colores, y modulaciones, diferentes medidas.<\/p>\n<\/div><\/div><\/div><\/div><\/div><div class=\"fusion-fullwidth fullwidth-box fusion-builder-row-6 fusion-flex-container has-pattern-background has-mask-background nonhundred-percent-fullwidth non-hundred-percent-height-scrolling fusion-no-small-visibility\" style=\"--awb-border-radius-top-left:0px;--awb-border-radius-top-right:0px;--awb-border-radius-bottom-right:0px;--awb-border-radius-bottom-left:0px;--awb-margin-bottom:30px;--awb-background-color:#6bbef9;--awb-flex-wrap:wrap;\" ><div class=\"fusion-builder-row fusion-row fusion-flex-align-items-stretch fusion-flex-content-wrap\" style=\"max-width:1331.2px;margin-left: calc(-4% \/ 2 );margin-right: calc(-4% \/ 2 );\"><div class=\"fusion-layout-column fusion_builder_column fusion-builder-column-11 fusion_builder_column_1_2 1_2 fusion-flex-column\" style=\"--awb-bg-size:cover;--awb-width-large:50%;--awb-margin-top-large:0px;--awb-spacing-right-large:3.84%;--awb-margin-bottom-large:0px;--awb-spacing-left-large:3.84%;--awb-width-medium:50%;--awb-order-medium:0;--awb-spacing-right-medium:3.84%;--awb-spacing-left-medium:3.84%;--awb-width-small:100%;--awb-order-small:0;--awb-spacing-right-small:1.92%;--awb-spacing-left-small:1.92%;\" data-scroll-devices=\"small-visibility,medium-visibility,large-visibility\"><div class=\"fusion-column-wrapper fusion-column-has-shadow fusion-flex-justify-content-flex-start fusion-content-layout-column\"><div class=\"fusion-image-carousel fusion-image-carousel-auto fusion-image-carousel-5 lightbox-enabled\" style=\"margin-top:0px;margin-bottom:0px;\"><div class=\"awb-carousel awb-swiper awb-swiper-carousel awb-carousel--carousel awb-swiper-dots-position-bottom\" data-layout=\"carousel\" data-autoplay=\"no\" data-autoplayspeed=\"5000\" data-autoplaypause=\"no\" data-loop=\"yes\" data-columns=\"1\" data-columnsmedium=\"1\" data-columnssmall=\"1\" data-itemmargin=\"1\" data-itemwidth=\"180\" data-touchscroll=\"no\" data-freemode=\"no\" data-imagesize=\"auto\" data-scrollitems=\"0\" data-centeredslides=\"no\" data-rotationangle=\"50\" data-depth=\"100\" data-speed=\"500\" data-shadow=\"no\" data-pagination=\"bullets\" style=\"--awb-columns:1;--awb-column-spacing:1px;\"><div class=\"swiper-wrapper awb-image-carousel-wrapper fusion-flex-align-items-center\"><div class=\"swiper-slide\"><div class=\"fusion-carousel-item-wrapper\"><div class=\"fusion-image-wrapper hover-type-none\"><a data-rel=\"iLightbox[image_carousel_5]\" data-caption=\"Islas de congelaci\u00f3n\" data-title=\"Grup CIF &#8211; Islas de congelaci\u00f3n\" aria-label=\"Grup CIF &#8211; Islas de congelaci\u00f3n\" href=\"https:\/\/grupcif.com\/wp-content\/uploads\/2023\/12\/Islas_de_congelacion1.webp\" target=\"_self\"><img decoding=\"async\" width=\"677\" height=\"478\" src=\"https:\/\/grupcif.com\/wp-content\/uploads\/2023\/12\/Islas_de_congelacion1.webp\" class=\"attachment-full size-full\" alt=\"Grup CIF - Islas de congelaci\u00f3n\" srcset=\"https:\/\/grupcif.com\/wp-content\/uploads\/2023\/12\/Islas_de_congelacion1-200x141.webp 200w, https:\/\/grupcif.com\/wp-content\/uploads\/2023\/12\/Islas_de_congelacion1-300x212.webp 300w, https:\/\/grupcif.com\/wp-content\/uploads\/2023\/12\/Islas_de_congelacion1-400x282.webp 400w, https:\/\/grupcif.com\/wp-content\/uploads\/2023\/12\/Islas_de_congelacion1-600x424.webp 600w, https:\/\/grupcif.com\/wp-content\/uploads\/2023\/12\/Islas_de_congelacion1.webp 677w\" sizes=\"(max-width: 677px) 100vw, 677px\" \/><\/a><\/div><\/div><\/div><div class=\"swiper-slide\"><div class=\"fusion-carousel-item-wrapper\"><div class=\"fusion-image-wrapper hover-type-none\"><a data-rel=\"iLightbox[image_carousel_5]\" data-caption=\"Islas de congelaci\u00f3n\" data-title=\"Grup CIF &#8211; Islas de congelaci\u00f3n\" aria-label=\"Grup CIF &#8211; Islas de congelaci\u00f3n\" href=\"https:\/\/grupcif.com\/wp-content\/uploads\/2023\/12\/Islas_de_congelacion2.webp\" target=\"_self\"><img decoding=\"async\" width=\"677\" height=\"478\" src=\"https:\/\/grupcif.com\/wp-content\/uploads\/2023\/12\/Islas_de_congelacion2.webp\" class=\"attachment-full size-full\" alt=\"Grup CIF - Islas de congelaci\u00f3n\" srcset=\"https:\/\/grupcif.com\/wp-content\/uploads\/2023\/12\/Islas_de_congelacion2-200x141.webp 200w, https:\/\/grupcif.com\/wp-content\/uploads\/2023\/12\/Islas_de_congelacion2-300x212.webp 300w, https:\/\/grupcif.com\/wp-content\/uploads\/2023\/12\/Islas_de_congelacion2-400x282.webp 400w, https:\/\/grupcif.com\/wp-content\/uploads\/2023\/12\/Islas_de_congelacion2-600x424.webp 600w, https:\/\/grupcif.com\/wp-content\/uploads\/2023\/12\/Islas_de_congelacion2.webp 677w\" sizes=\"(max-width: 677px) 100vw, 677px\" \/><\/a><\/div><\/div><\/div><div class=\"swiper-slide\"><div class=\"fusion-carousel-item-wrapper\"><div class=\"fusion-image-wrapper hover-type-none\"><a data-rel=\"iLightbox[image_carousel_5]\" data-caption=\"Islas de congelaci\u00f3n\" data-title=\"Grup CIF &#8211; Islas de congelaci\u00f3n\" aria-label=\"Grup CIF &#8211; Islas de congelaci\u00f3n\" href=\"https:\/\/grupcif.com\/wp-content\/uploads\/2023\/12\/Islas_de_congelacion3.webp\" target=\"_self\"><img decoding=\"async\" width=\"677\" height=\"478\" src=\"https:\/\/grupcif.com\/wp-content\/uploads\/2023\/12\/Islas_de_congelacion3.webp\" class=\"attachment-full size-full\" alt=\"Grup CIF - Islas de congelaci\u00f3n\" srcset=\"https:\/\/grupcif.com\/wp-content\/uploads\/2023\/12\/Islas_de_congelacion3-200x141.webp 200w, https:\/\/grupcif.com\/wp-content\/uploads\/2023\/12\/Islas_de_congelacion3-300x212.webp 300w, https:\/\/grupcif.com\/wp-content\/uploads\/2023\/12\/Islas_de_congelacion3-400x282.webp 400w, https:\/\/grupcif.com\/wp-content\/uploads\/2023\/12\/Islas_de_congelacion3-600x424.webp 600w, https:\/\/grupcif.com\/wp-content\/uploads\/2023\/12\/Islas_de_congelacion3.webp 677w\" sizes=\"(max-width: 677px) 100vw, 677px\" \/><\/a><\/div><\/div><\/div><div class=\"swiper-slide\"><div class=\"fusion-carousel-item-wrapper\"><div class=\"fusion-image-wrapper hover-type-none\"><a data-rel=\"iLightbox[image_carousel_5]\" data-caption=\"Isla de congelados doble\" data-title=\"Grup CIF &#8211; Islas de congelaci\u00f3n\" aria-label=\"Grup CIF &#8211; Islas de congelaci\u00f3n\" href=\"https:\/\/grupcif.com\/wp-content\/uploads\/2023\/12\/Islas_de_congelacion4.webp\" target=\"_self\"><img decoding=\"async\" width=\"677\" height=\"478\" src=\"https:\/\/grupcif.com\/wp-content\/uploads\/2023\/12\/Islas_de_congelacion4.webp\" class=\"attachment-full size-full\" alt=\"Grup CIF - Islas de congelaci\u00f3n\" srcset=\"https:\/\/grupcif.com\/wp-content\/uploads\/2023\/12\/Islas_de_congelacion4-200x141.webp 200w, https:\/\/grupcif.com\/wp-content\/uploads\/2023\/12\/Islas_de_congelacion4-300x212.webp 300w, https:\/\/grupcif.com\/wp-content\/uploads\/2023\/12\/Islas_de_congelacion4-400x282.webp 400w, https:\/\/grupcif.com\/wp-content\/uploads\/2023\/12\/Islas_de_congelacion4-600x424.webp 600w, https:\/\/grupcif.com\/wp-content\/uploads\/2023\/12\/Islas_de_congelacion4.webp 677w\" sizes=\"(max-width: 677px) 100vw, 677px\" \/><\/a><\/div><\/div><\/div><div class=\"swiper-slide\"><div class=\"fusion-carousel-item-wrapper\"><div class=\"fusion-image-wrapper hover-type-none\"><a data-rel=\"iLightbox[image_carousel_5]\" data-caption=\"Isla de congelados\" data-title=\"Grup CIF &#8211; Islas de congelaci\u00f3n\" aria-label=\"Grup CIF &#8211; Islas de congelaci\u00f3n\" href=\"https:\/\/grupcif.com\/wp-content\/uploads\/2023\/12\/Islas_de_congelacion5.webp\" target=\"_self\"><img decoding=\"async\" width=\"677\" height=\"478\" src=\"https:\/\/grupcif.com\/wp-content\/uploads\/2023\/12\/Islas_de_congelacion5.webp\" class=\"attachment-full size-full\" alt=\"Grup CIF - Islas de congelaci\u00f3n\" srcset=\"https:\/\/grupcif.com\/wp-content\/uploads\/2023\/12\/Islas_de_congelacion5-200x141.webp 200w, https:\/\/grupcif.com\/wp-content\/uploads\/2023\/12\/Islas_de_congelacion5-300x212.webp 300w, https:\/\/grupcif.com\/wp-content\/uploads\/2023\/12\/Islas_de_congelacion5-400x282.webp 400w, https:\/\/grupcif.com\/wp-content\/uploads\/2023\/12\/Islas_de_congelacion5-600x424.webp 600w, https:\/\/grupcif.com\/wp-content\/uploads\/2023\/12\/Islas_de_congelacion5.webp 677w\" sizes=\"(max-width: 677px) 100vw, 677px\" \/><\/a><\/div><\/div><\/div><\/div><div class=\"awb-swiper-button awb-swiper-button-prev\"><i class=\"awb-icon-angle-left\" aria-hidden=\"true\"><\/i><\/div><div class=\"awb-swiper-button awb-swiper-button-next\"><i class=\"awb-icon-angle-right\" aria-hidden=\"true\"><\/i><\/div><\/div><\/div><\/div><\/div><div class=\"fusion-layout-column fusion_builder_column fusion-builder-column-12 fusion_builder_column_1_2 1_2 fusion-flex-column\" style=\"--awb-padding-top:30px;--awb-padding-right:30px;--awb-padding-bottom:30px;--awb-bg-size:cover;--awb-width-large:50%;--awb-margin-top-large:0px;--awb-spacing-right-large:3.84%;--awb-margin-bottom-large:0px;--awb-spacing-left-large:3.84%;--awb-width-medium:50%;--awb-order-medium:0;--awb-spacing-right-medium:3.84%;--awb-spacing-left-medium:3.84%;--awb-width-small:100%;--awb-order-small:0;--awb-spacing-right-small:1.92%;--awb-spacing-left-small:1.92%;\" data-scroll-devices=\"small-visibility,medium-visibility,large-visibility\"><div class=\"fusion-column-wrapper fusion-column-has-shadow fusion-flex-justify-content-center fusion-content-layout-column\"><div class=\"fusion-title title fusion-title-5 fusion-sep-none fusion-title-text fusion-title-size-three\" style=\"--awb-text-color:#000000;--awb-margin-top-small:10px;--awb-margin-right-small:0px;--awb-margin-bottom-small:10px;--awb-margin-left-small:0px;\"><h3 class=\"fusion-title-heading title-heading-left fusion-responsive-typography-calculated\" style=\"margin:0;--fontSize:28;line-height:var(--awb-typography1-line-height);\">Islas de congelaci\u00f3\u200b\u200b\u200b\u200b\u200b\u200b\u200b\u200b\u200b\u200bn<\/h3><\/div><div class=\"fusion-text fusion-text-8 fusion-text-no-margin\" style=\"--awb-text-color:#000000;--awb-margin-bottom:0px;\"><p>Extensa gama de: islas para la conservaci\u00f3n de productos congelados y helados.<\/p>\n<\/div><\/div><\/div><\/div><\/div><div class=\"fusion-fullwidth fullwidth-box fusion-builder-row-7 fusion-flex-container has-pattern-background has-mask-background nonhundred-percent-fullwidth non-hundred-percent-height-scrolling fusion-no-medium-visibility fusion-no-large-visibility\" style=\"--awb-border-radius-top-left:0px;--awb-border-radius-top-right:0px;--awb-border-radius-bottom-right:0px;--awb-border-radius-bottom-left:0px;--awb-margin-bottom:30px;--awb-background-color:#6bbef9;--awb-flex-wrap:wrap;\" ><div class=\"fusion-builder-row fusion-row fusion-flex-align-items-stretch fusion-flex-content-wrap\" style=\"max-width:1331.2px;margin-left: calc(-4% \/ 2 );margin-right: calc(-4% \/ 2 );\"><div class=\"fusion-layout-column fusion_builder_column fusion-builder-column-13 fusion_builder_column_1_2 1_2 fusion-flex-column\" style=\"--awb-bg-size:cover;--awb-width-large:50%;--awb-margin-top-large:0px;--awb-spacing-right-large:3.84%;--awb-margin-bottom-large:0px;--awb-spacing-left-large:3.84%;--awb-width-medium:50%;--awb-order-medium:0;--awb-spacing-right-medium:3.84%;--awb-spacing-left-medium:3.84%;--awb-width-small:100%;--awb-order-small:0;--awb-spacing-right-small:1.92%;--awb-spacing-left-small:1.92%;\" data-scroll-devices=\"small-visibility,medium-visibility,large-visibility\"><div class=\"fusion-column-wrapper fusion-column-has-shadow fusion-flex-justify-content-flex-start fusion-content-layout-column\"><div class=\"fusion-image-carousel fusion-image-carousel-auto fusion-image-carousel-6 lightbox-enabled\" style=\"margin-top:0px;margin-bottom:0px;\"><div class=\"awb-carousel awb-swiper awb-swiper-carousel awb-carousel--carousel awb-swiper-dots-position-bottom\" data-layout=\"carousel\" data-autoplay=\"no\" data-autoplayspeed=\"5000\" data-autoplaypause=\"no\" data-loop=\"yes\" data-columns=\"1\" data-columnsmedium=\"1\" data-columnssmall=\"1\" data-itemmargin=\"1\" data-itemwidth=\"180\" data-touchscroll=\"no\" data-freemode=\"no\" data-imagesize=\"auto\" data-scrollitems=\"0\" data-centeredslides=\"no\" data-rotationangle=\"50\" data-depth=\"100\" data-speed=\"500\" data-shadow=\"no\" data-pagination=\"bullets\" style=\"--awb-columns:1;--awb-column-spacing:1px;\"><div class=\"swiper-wrapper awb-image-carousel-wrapper fusion-flex-align-items-center\"><div class=\"swiper-slide\"><div class=\"fusion-carousel-item-wrapper\"><div class=\"fusion-image-wrapper hover-type-none\"><a data-rel=\"iLightbox[image_carousel_6]\" data-caption=\"Islas de congelaci\u00f3n\" data-title=\"Grup CIF &#8211; Islas de congelaci\u00f3n\" aria-label=\"Grup CIF &#8211; Islas de congelaci\u00f3n\" href=\"https:\/\/grupcif.com\/wp-content\/uploads\/2023\/12\/Islas_de_congelacion1.webp\" target=\"_self\"><img decoding=\"async\" width=\"677\" height=\"478\" src=\"https:\/\/grupcif.com\/wp-content\/uploads\/2023\/12\/Islas_de_congelacion1.webp\" class=\"attachment-full size-full\" alt=\"Grup CIF - Islas de congelaci\u00f3n\" srcset=\"https:\/\/grupcif.com\/wp-content\/uploads\/2023\/12\/Islas_de_congelacion1-200x141.webp 200w, https:\/\/grupcif.com\/wp-content\/uploads\/2023\/12\/Islas_de_congelacion1-300x212.webp 300w, https:\/\/grupcif.com\/wp-content\/uploads\/2023\/12\/Islas_de_congelacion1-400x282.webp 400w, https:\/\/grupcif.com\/wp-content\/uploads\/2023\/12\/Islas_de_congelacion1-600x424.webp 600w, https:\/\/grupcif.com\/wp-content\/uploads\/2023\/12\/Islas_de_congelacion1.webp 677w\" sizes=\"(max-width: 677px) 100vw, 677px\" \/><\/a><\/div><\/div><\/div><div class=\"swiper-slide\"><div class=\"fusion-carousel-item-wrapper\"><div class=\"fusion-image-wrapper hover-type-none\"><a data-rel=\"iLightbox[image_carousel_6]\" data-caption=\"Islas de congelaci\u00f3n\" data-title=\"Grup CIF &#8211; Islas de congelaci\u00f3n\" aria-label=\"Grup CIF &#8211; Islas de congelaci\u00f3n\" href=\"https:\/\/grupcif.com\/wp-content\/uploads\/2023\/12\/Islas_de_congelacion2.webp\" target=\"_self\"><img decoding=\"async\" width=\"677\" height=\"478\" src=\"https:\/\/grupcif.com\/wp-content\/uploads\/2023\/12\/Islas_de_congelacion2.webp\" class=\"attachment-full size-full\" alt=\"Grup CIF - Islas de congelaci\u00f3n\" srcset=\"https:\/\/grupcif.com\/wp-content\/uploads\/2023\/12\/Islas_de_congelacion2-200x141.webp 200w, https:\/\/grupcif.com\/wp-content\/uploads\/2023\/12\/Islas_de_congelacion2-300x212.webp 300w, https:\/\/grupcif.com\/wp-content\/uploads\/2023\/12\/Islas_de_congelacion2-400x282.webp 400w, https:\/\/grupcif.com\/wp-content\/uploads\/2023\/12\/Islas_de_congelacion2-600x424.webp 600w, https:\/\/grupcif.com\/wp-content\/uploads\/2023\/12\/Islas_de_congelacion2.webp 677w\" sizes=\"(max-width: 677px) 100vw, 677px\" \/><\/a><\/div><\/div><\/div><div class=\"swiper-slide\"><div class=\"fusion-carousel-item-wrapper\"><div class=\"fusion-image-wrapper hover-type-none\"><a data-rel=\"iLightbox[image_carousel_6]\" data-caption=\"Islas de congelaci\u00f3n\" data-title=\"Grup CIF &#8211; Islas de congelaci\u00f3n\" aria-label=\"Grup CIF &#8211; Islas de congelaci\u00f3n\" href=\"https:\/\/grupcif.com\/wp-content\/uploads\/2023\/12\/Islas_de_congelacion3.webp\" target=\"_self\"><img decoding=\"async\" width=\"677\" height=\"478\" src=\"https:\/\/grupcif.com\/wp-content\/uploads\/2023\/12\/Islas_de_congelacion3.webp\" class=\"attachment-full size-full\" alt=\"Grup CIF - Islas de congelaci\u00f3n\" srcset=\"https:\/\/grupcif.com\/wp-content\/uploads\/2023\/12\/Islas_de_congelacion3-200x141.webp 200w, https:\/\/grupcif.com\/wp-content\/uploads\/2023\/12\/Islas_de_congelacion3-300x212.webp 300w, https:\/\/grupcif.com\/wp-content\/uploads\/2023\/12\/Islas_de_congelacion3-400x282.webp 400w, https:\/\/grupcif.com\/wp-content\/uploads\/2023\/12\/Islas_de_congelacion3-600x424.webp 600w, https:\/\/grupcif.com\/wp-content\/uploads\/2023\/12\/Islas_de_congelacion3.webp 677w\" sizes=\"(max-width: 677px) 100vw, 677px\" \/><\/a><\/div><\/div><\/div><div class=\"swiper-slide\"><div class=\"fusion-carousel-item-wrapper\"><div class=\"fusion-image-wrapper hover-type-none\"><a data-rel=\"iLightbox[image_carousel_6]\" data-caption=\"Isla de congelados doble\" data-title=\"Grup CIF &#8211; Islas de congelaci\u00f3n\" aria-label=\"Grup CIF &#8211; Islas de congelaci\u00f3n\" href=\"https:\/\/grupcif.com\/wp-content\/uploads\/2023\/12\/Islas_de_congelacion4.webp\" target=\"_self\"><img decoding=\"async\" width=\"677\" height=\"478\" src=\"https:\/\/grupcif.com\/wp-content\/uploads\/2023\/12\/Islas_de_congelacion4.webp\" class=\"attachment-full size-full\" alt=\"Grup CIF - Islas de congelaci\u00f3n\" srcset=\"https:\/\/grupcif.com\/wp-content\/uploads\/2023\/12\/Islas_de_congelacion4-200x141.webp 200w, https:\/\/grupcif.com\/wp-content\/uploads\/2023\/12\/Islas_de_congelacion4-300x212.webp 300w, https:\/\/grupcif.com\/wp-content\/uploads\/2023\/12\/Islas_de_congelacion4-400x282.webp 400w, https:\/\/grupcif.com\/wp-content\/uploads\/2023\/12\/Islas_de_congelacion4-600x424.webp 600w, https:\/\/grupcif.com\/wp-content\/uploads\/2023\/12\/Islas_de_congelacion4.webp 677w\" sizes=\"(max-width: 677px) 100vw, 677px\" \/><\/a><\/div><\/div><\/div><div class=\"swiper-slide\"><div class=\"fusion-carousel-item-wrapper\"><div class=\"fusion-image-wrapper hover-type-none\"><a data-rel=\"iLightbox[image_carousel_6]\" data-caption=\"Isla de congelados\" data-title=\"Grup CIF &#8211; Islas de congelaci\u00f3n\" aria-label=\"Grup CIF &#8211; Islas de congelaci\u00f3n\" href=\"https:\/\/grupcif.com\/wp-content\/uploads\/2023\/12\/Islas_de_congelacion5.webp\" target=\"_self\"><img decoding=\"async\" width=\"677\" height=\"478\" src=\"https:\/\/grupcif.com\/wp-content\/uploads\/2023\/12\/Islas_de_congelacion5.webp\" class=\"attachment-full size-full\" alt=\"Grup CIF - Islas de congelaci\u00f3n\" srcset=\"https:\/\/grupcif.com\/wp-content\/uploads\/2023\/12\/Islas_de_congelacion5-200x141.webp 200w, https:\/\/grupcif.com\/wp-content\/uploads\/2023\/12\/Islas_de_congelacion5-300x212.webp 300w, https:\/\/grupcif.com\/wp-content\/uploads\/2023\/12\/Islas_de_congelacion5-400x282.webp 400w, https:\/\/grupcif.com\/wp-content\/uploads\/2023\/12\/Islas_de_congelacion5-600x424.webp 600w, https:\/\/grupcif.com\/wp-content\/uploads\/2023\/12\/Islas_de_congelacion5.webp 677w\" sizes=\"(max-width: 677px) 100vw, 677px\" \/><\/a><\/div><\/div><\/div><\/div><div class=\"awb-swiper-button awb-swiper-button-prev\"><i class=\"awb-icon-angle-left\" aria-hidden=\"true\"><\/i><\/div><div class=\"awb-swiper-button awb-swiper-button-next\"><i class=\"awb-icon-angle-right\" aria-hidden=\"true\"><\/i><\/div><\/div><\/div><\/div><\/div><div class=\"fusion-layout-column fusion_builder_column fusion-builder-column-14 fusion_builder_column_1_2 1_2 fusion-flex-column\" style=\"--awb-padding-top:30px;--awb-padding-right:30px;--awb-padding-bottom:30px;--awb-padding-left:30px;--awb-bg-size:cover;--awb-width-large:50%;--awb-margin-top-large:0px;--awb-spacing-right-large:3.84%;--awb-margin-bottom-large:0px;--awb-spacing-left-large:3.84%;--awb-width-medium:50%;--awb-order-medium:0;--awb-spacing-right-medium:3.84%;--awb-spacing-left-medium:3.84%;--awb-width-small:100%;--awb-order-small:0;--awb-spacing-right-small:1.92%;--awb-spacing-left-small:1.92%;\" data-scroll-devices=\"small-visibility,medium-visibility,large-visibility\"><div class=\"fusion-column-wrapper fusion-column-has-shadow fusion-flex-justify-content-center fusion-content-layout-column\"><div class=\"fusion-title title fusion-title-6 fusion-sep-none fusion-title-text fusion-title-size-three\" style=\"--awb-text-color:#000000;--awb-margin-top-small:10px;--awb-margin-right-small:0px;--awb-margin-bottom-small:10px;--awb-margin-left-small:0px;\"><h3 class=\"fusion-title-heading title-heading-left fusion-responsive-typography-calculated\" style=\"margin:0;--fontSize:28;line-height:var(--awb-typography1-line-height);\">Islas de congelaci\u00f3\u200b\u200b\u200b\u200b\u200b\u200b\u200b\u200b\u200b\u200bn<\/h3><\/div><div class=\"fusion-text fusion-text-9 fusion-text-no-margin\" style=\"--awb-text-color:#000000;--awb-margin-bottom:0px;\"><p>Extensa gama de: islas para la conservaci\u00f3n de productos congelados y helados.<\/p>\n<\/div><\/div><\/div><\/div><\/div><div class=\"fusion-fullwidth fullwidth-box fusion-builder-row-8 fusion-flex-container has-pattern-background has-mask-background nonhundred-percent-fullwidth non-hundred-percent-height-scrolling\" style=\"--awb-border-radius-top-left:0px;--awb-border-radius-top-right:0px;--awb-border-radius-bottom-right:0px;--awb-border-radius-bottom-left:0px;--awb-margin-top:30px;--awb-flex-wrap:wrap;\" ><div class=\"fusion-builder-row fusion-row fusion-flex-align-items-flex-start fusion-flex-content-wrap\" style=\"max-width:1331.2px;margin-left: calc(-4% \/ 2 );margin-right: calc(-4% \/ 2 );\"><div class=\"fusion-layout-column fusion_builder_column fusion-builder-column-15 fusion_builder_column_1_1 1_1 fusion-flex-column\" style=\"--awb-bg-size:cover;--awb-width-large:100%;--awb-margin-top-large:0px;--awb-spacing-right-large:1.92%;--awb-margin-bottom-large:20px;--awb-spacing-left-large:1.92%;--awb-width-medium:100%;--awb-order-medium:0;--awb-spacing-right-medium:1.92%;--awb-spacing-left-medium:1.92%;--awb-width-small:100%;--awb-order-small:0;--awb-spacing-right-small:1.92%;--awb-spacing-left-small:1.92%;\"><div class=\"fusion-column-wrapper fusion-column-has-shadow fusion-flex-justify-content-flex-start fusion-content-layout-column\"><div style=\"text-align:center;\"><a class=\"fusion-button button-flat button-large button-default fusion-button-default button-1 fusion-button-default-span fusion-button-default-type\" target=\"_self\" href=\"https:\/\/grupcif.com\/es\/contacto\/\"><span class=\"fusion-button-text awb-button__text awb-button__text--default\">Consulte sus necesidades<\/span><\/a><\/div><\/div><\/div><\/div><\/div><\/p>\n","protected":false},"excerpt":{"rendered":"","protected":false},"author":1,"featured_media":0,"parent":0,"menu_order":0,"comment_status":"closed","ping_status":"closed","template":"","meta":{"footnotes":""},"class_list":["post-55","page","type-page","status-publish","hentry"],"aioseo_notices":[],"_links":{"self":[{"href":"https:\/\/grupcif.com\/es\/wp-json\/wp\/v2\/pages\/55","targetHints":{"allow":["GET"]}}],"collection":[{"href":"https:\/\/grupcif.com\/es\/wp-json\/wp\/v2\/pages"}],"about":[{"href":"https:\/\/grupcif.com\/es\/wp-json\/wp\/v2\/types\/page"}],"author":[{"embeddable":true,"href":"https:\/\/grupcif.com\/es\/wp-json\/wp\/v2\/users\/1"}],"replies":[{"embeddable":true,"href":"https:\/\/grupcif.com\/es\/wp-json\/wp\/v2\/comments?post=55"}],"version-history":[{"count":48,"href":"https:\/\/grupcif.com\/es\/wp-json\/wp\/v2\/pages\/55\/revisions"}],"predecessor-version":[{"id":878,"href":"https:\/\/grupcif.com\/es\/wp-json\/wp\/v2\/pages\/55\/revisions\/878"}],"wp:attachment":[{"href":"https:\/\/grupcif.com\/es\/wp-json\/wp\/v2\/media?parent=55"}],"curies":[{"name":"wp","href":"https:\/\/api.w.org\/{rel}","templated":true}]}}