{"id":72,"date":"2023-11-13T11:24:45","date_gmt":"2023-11-13T11:24:45","guid":{"rendered":"https:\/\/grupcif.com\/?page_id=72"},"modified":"2024-03-08T09:14:31","modified_gmt":"2024-03-08T09:14:31","slug":"medico-cientifico","status":"publish","type":"page","link":"https:\/\/grupcif.com\/es\/medico-cientifico\/","title":{"rendered":"M\u00e9dico Cient\u00edfico"},"content":{"rendered":"<p><div class=\"fusion-fullwidth fullwidth-box fusion-builder-row-1 fusion-flex-container has-pattern-background has-mask-background nonhundred-percent-fullwidth non-hundred-percent-height-scrolling\" style=\"--awb-border-radius-top-left:0px;--awb-border-radius-top-right:0px;--awb-border-radius-bottom-right:0px;--awb-border-radius-bottom-left:0px;--awb-margin-bottom:30px;--awb-flex-wrap:wrap;\" ><div class=\"fusion-builder-row fusion-row fusion-flex-align-items-flex-start fusion-flex-content-wrap\" style=\"max-width:1331.2px;margin-left: calc(-4% \/ 2 );margin-right: calc(-4% \/ 2 );\"><div class=\"fusion-layout-column fusion_builder_column fusion-builder-column-0 fusion_builder_column_1_1 1_1 fusion-flex-column\" style=\"--awb-bg-size:cover;--awb-width-large:100%;--awb-margin-top-large:0px;--awb-spacing-right-large:1.92%;--awb-margin-bottom-large:20px;--awb-spacing-left-large:1.92%;--awb-width-medium:100%;--awb-order-medium:0;--awb-spacing-right-medium:1.92%;--awb-spacing-left-medium:1.92%;--awb-width-small:100%;--awb-order-small:0;--awb-spacing-right-small:1.92%;--awb-spacing-left-small:1.92%;\"><div class=\"fusion-column-wrapper fusion-column-has-shadow fusion-flex-justify-content-flex-start fusion-content-layout-column\"><div class=\"fusion-text fusion-text-1\" style=\"--awb-content-alignment:center;\"><h1>M\u00e9dico Cient\u00edfico<\/h1>\n<\/div><\/div><\/div><div class=\"fusion-layout-column fusion_builder_column fusion-builder-column-1 fusion_builder_column_1_1 1_1 fusion-flex-column\" style=\"--awb-bg-size:cover;--awb-width-large:100%;--awb-margin-top-large:0px;--awb-spacing-right-large:1.92%;--awb-margin-bottom-large:20px;--awb-spacing-left-large:1.92%;--awb-width-medium:100%;--awb-order-medium:0;--awb-spacing-right-medium:1.92%;--awb-spacing-left-medium:1.92%;--awb-width-small:100%;--awb-order-small:0;--awb-spacing-right-small:1.92%;--awb-spacing-left-small:1.92%;\"><div class=\"fusion-column-wrapper fusion-column-has-shadow fusion-flex-justify-content-flex-start fusion-content-layout-column\"><div class=\"fusion-text fusion-text-2\"><p>Una de nuestras especializaciones es el sector M\u00e9dico Cient\u00edfico, contamos con una larga experiencia en instalaciones de hospitales, laboratorios, universidades, laboratorios de investigaci\u00f3n,\u00a0 bancos de sangre, laboratorios de ensayo, etc.<\/p>\n<\/div><\/div><\/div><\/div><\/div><div class=\"fusion-fullwidth fullwidth-box fusion-builder-row-2 fusion-flex-container has-pattern-background has-mask-background nonhundred-percent-fullwidth non-hundred-percent-height-scrolling\" style=\"--awb-border-radius-top-left:0px;--awb-border-radius-top-right:0px;--awb-border-radius-bottom-right:0px;--awb-border-radius-bottom-left:0px;--awb-margin-bottom:30px;--awb-flex-wrap:wrap;\" ><div class=\"fusion-builder-row fusion-row fusion-flex-align-items-flex-start fusion-flex-content-wrap\" style=\"max-width:1331.2px;margin-left: calc(-4% \/ 2 );margin-right: calc(-4% \/ 2 );\"><div class=\"fusion-layout-column fusion_builder_column fusion-builder-column-2 fusion_builder_column_1_1 1_1 fusion-flex-column\" style=\"--awb-bg-size:cover;--awb-width-large:100%;--awb-margin-top-large:0px;--awb-spacing-right-large:1.92%;--awb-margin-bottom-large:20px;--awb-spacing-left-large:1.92%;--awb-width-medium:100%;--awb-order-medium:0;--awb-spacing-right-medium:1.92%;--awb-spacing-left-medium:1.92%;--awb-width-small:100%;--awb-order-small:0;--awb-spacing-right-small:1.92%;--awb-spacing-left-small:1.92%;\"><div class=\"fusion-column-wrapper fusion-column-has-shadow fusion-flex-justify-content-flex-start fusion-content-layout-column\"><div class=\"fusion-text fusion-text-3\" style=\"--awb-content-alignment:center;\"><h2>C\u00e1maras de ensayos<\/h2>\n<\/div><div class=\"awb-gallery-wrapper awb-gallery-wrapper-1 button-span-no\" style=\"--more-btn-alignment:center;\"><div style=\"margin:-5px;--awb-bordersize:1px;--awb-bordercolor:#b9a985;\" class=\"fusion-gallery fusion-gallery-container fusion-grid-3 fusion-columns-total-3 fusion-gallery-layout-grid fusion-gallery-1 gallery-centered\"><div style=\"padding:5px;\" class=\"fusion-grid-column fusion-gallery-column fusion-gallery-column-3 hover-type-none\"><div class=\"fusion-gallery-image\"><a href=\"https:\/\/grupcif.com\/wp-content\/uploads\/2023\/12\/Camaras_de_ensayos1.webp\" data-caption=\"C\u00e1mara ensayos montaje&lt;br&gt;Montaje de c\u00e1mara de ensayos t\u00e9rmicos, instalada en T\u00e1nger\" rel=\"noreferrer\" data-rel=\"iLightbox[gallery_image_1]\" class=\"fusion-lightbox\" target=\"_self\"><img decoding=\"async\" src=\"https:\/\/grupcif.com\/wp-content\/uploads\/2023\/12\/Camaras_de_ensayos1.webp\" width=\"589\" height=\"441\" alt=\"Grup CIF - M\u00e9dico cient\u00edfico - C\u00e1maras de ensayos\" title=\"Grup CIF &#8211; M\u00e9dico cient\u00edfico &#8211; C\u00e1maras de ensayos\" aria-label=\"Grup CIF &#8211; M\u00e9dico cient\u00edfico &#8211; C\u00e1maras de ensayos\" class=\"img-responsive wp-image-364\" srcset=\"https:\/\/grupcif.com\/wp-content\/uploads\/2023\/12\/Camaras_de_ensayos1-200x150.webp 200w, https:\/\/grupcif.com\/wp-content\/uploads\/2023\/12\/Camaras_de_ensayos1-400x299.webp 400w, https:\/\/grupcif.com\/wp-content\/uploads\/2023\/12\/Camaras_de_ensayos1.webp 589w\" sizes=\"(min-width: 2200px) 100vw, (min-width: 784px) 423px, (min-width: 712px) 635px, (min-width: 640px) 712px, \" \/><\/a><\/div><\/div><div style=\"padding:5px;\" class=\"fusion-grid-column fusion-gallery-column fusion-gallery-column-3 hover-type-none\"><div class=\"fusion-gallery-image\"><a href=\"https:\/\/grupcif.com\/wp-content\/uploads\/2023\/12\/Camaras_de_ensayos2.webp\" data-caption=\"C\u00e1mara ensayos peque\u00f1a&lt;br&gt;C\u00e1mara de ensayos t\u00e9rmicos a medida, instalaci\u00f3n partida\" rel=\"noreferrer\" data-rel=\"iLightbox[gallery_image_1]\" class=\"fusion-lightbox\" target=\"_self\"><img decoding=\"async\" src=\"https:\/\/grupcif.com\/wp-content\/uploads\/2023\/12\/Camaras_de_ensayos2.webp\" width=\"286\" height=\"441\" alt=\"Grup CIF - M\u00e9dico cient\u00edfico - C\u00e1maras de ensayos\" title=\"Grup CIF &#8211; M\u00e9dico cient\u00edfico &#8211; C\u00e1maras de ensayos\" aria-label=\"Grup CIF &#8211; M\u00e9dico cient\u00edfico &#8211; C\u00e1maras de ensayos\" class=\"img-responsive wp-image-365\" srcset=\"https:\/\/grupcif.com\/wp-content\/uploads\/2023\/12\/Camaras_de_ensayos2-200x308.webp 200w, https:\/\/grupcif.com\/wp-content\/uploads\/2023\/12\/Camaras_de_ensayos2.webp 286w\" sizes=\"(min-width: 2200px) 100vw, (min-width: 784px) 423px, (min-width: 712px) 635px, (min-width: 640px) 712px, \" \/><\/a><\/div><\/div><div style=\"padding:5px;\" class=\"fusion-grid-column fusion-gallery-column fusion-gallery-column-3 hover-type-none\"><div class=\"fusion-gallery-image\"><a href=\"https:\/\/grupcif.com\/wp-content\/uploads\/2023\/12\/Camaras_de_ensayos3.webp\" data-caption=\"C\u00e1mara ensayos puesta en marcha&lt;br&gt;Puesta en marcha de c\u00e1mara de ensayos termicos en T\u00e1nger\" rel=\"noreferrer\" data-rel=\"iLightbox[gallery_image_1]\" class=\"fusion-lightbox\" target=\"_self\"><img decoding=\"async\" src=\"https:\/\/grupcif.com\/wp-content\/uploads\/2023\/12\/Camaras_de_ensayos3.webp\" width=\"508\" height=\"441\" alt=\"Grup CIF - M\u00e9dico cient\u00edfico - C\u00e1maras de ensayos\" title=\"Grup CIF &#8211; M\u00e9dico cient\u00edfico &#8211; C\u00e1maras de ensayos\" aria-label=\"Grup CIF &#8211; M\u00e9dico cient\u00edfico &#8211; C\u00e1maras de ensayos\" class=\"img-responsive wp-image-363\" srcset=\"https:\/\/grupcif.com\/wp-content\/uploads\/2023\/12\/Camaras_de_ensayos3-200x174.webp 200w, https:\/\/grupcif.com\/wp-content\/uploads\/2023\/12\/Camaras_de_ensayos3-400x347.webp 400w, https:\/\/grupcif.com\/wp-content\/uploads\/2023\/12\/Camaras_de_ensayos3.webp 508w\" sizes=\"(min-width: 2200px) 100vw, (min-width: 784px) 423px, (min-width: 712px) 635px, (min-width: 640px) 712px, \" \/><\/a><\/div><\/div><div class=\"clearfix\"><\/div><\/div><\/div><\/div><\/div><\/div><\/div><div class=\"fusion-fullwidth fullwidth-box fusion-builder-row-3 fusion-flex-container has-pattern-background has-mask-background nonhundred-percent-fullwidth non-hundred-percent-height-scrolling\" style=\"--awb-border-radius-top-left:0px;--awb-border-radius-top-right:0px;--awb-border-radius-bottom-right:0px;--awb-border-radius-bottom-left:0px;--awb-margin-bottom:50px;--awb-background-color:#6bbef9;--awb-flex-wrap:wrap;\" ><div class=\"fusion-builder-row fusion-row fusion-flex-align-items-stretch fusion-flex-content-wrap\" style=\"max-width:1331.2px;margin-left: calc(-4% \/ 2 );margin-right: calc(-4% \/ 2 );\"><div class=\"fusion-layout-column fusion_builder_column fusion-builder-column-3 fusion_builder_column_1_2 1_2 fusion-flex-column\" style=\"--awb-bg-size:cover;--awb-width-large:50%;--awb-margin-top-large:0px;--awb-spacing-right-large:3.84%;--awb-margin-bottom-large:0px;--awb-spacing-left-large:3.84%;--awb-width-medium:50%;--awb-order-medium:0;--awb-spacing-right-medium:3.84%;--awb-spacing-left-medium:3.84%;--awb-width-small:100%;--awb-order-small:0;--awb-spacing-right-small:1.92%;--awb-spacing-left-small:1.92%;\" data-scroll-devices=\"small-visibility,medium-visibility,large-visibility\"><div class=\"fusion-column-wrapper fusion-column-has-shadow fusion-flex-justify-content-flex-start fusion-content-layout-column\"><div class=\"fusion-image-carousel fusion-image-carousel-auto fusion-image-carousel-1 lightbox-enabled\" style=\"margin-top:0px;margin-bottom:0px;\"><div class=\"awb-carousel awb-swiper awb-swiper-carousel awb-carousel--carousel awb-swiper-dots-position-bottom\" data-layout=\"carousel\" data-autoplay=\"no\" data-autoplayspeed=\"5000\" data-autoplaypause=\"no\" data-loop=\"yes\" data-columns=\"1\" data-columnsmedium=\"1\" data-columnssmall=\"1\" data-itemmargin=\"1\" data-itemwidth=\"180\" data-touchscroll=\"no\" data-freemode=\"no\" data-imagesize=\"auto\" data-scrollitems=\"0\" data-centeredslides=\"no\" data-rotationangle=\"50\" data-depth=\"100\" data-speed=\"500\" data-shadow=\"no\" data-pagination=\"bullets\" style=\"--awb-columns:1;--awb-column-spacing:1px;--awb-caption-title-font-family:&quot;Montserrat&quot;;--awb-caption-title-font-style:normal;--awb-caption-title-font-weight:400;--awb-caption-text-font-family:&quot;Montserrat&quot;;--awb-caption-text-font-style:normal;--awb-caption-text-font-weight:400;\"><div class=\"swiper-wrapper awb-image-carousel-wrapper fusion-flex-align-items-center\"><div class=\"swiper-slide\"><div class=\"fusion-carousel-item-wrapper\"><div class=\"fusion-image-wrapper hover-type-none\"><a data-rel=\"iLightbox[image_carousel_1]\" data-caption=\"C\u00e1mara frigor\u00edfica, cad\u00e1veres&lt;br&gt;Conjunto de c\u00e1maras frigor\u00edficas destinadas a la conservaci\u00f3n de cad\u00e1veres y tejidos\" data-title=\"Grup CIF &#8211; M\u00e9dico cient\u00edfico &#8211; C\u00e1maras frigorif\u00edcas\" aria-label=\"Grup CIF &#8211; M\u00e9dico cient\u00edfico &#8211; C\u00e1maras frigorif\u00edcas\" href=\"https:\/\/grupcif.com\/wp-content\/uploads\/2023\/12\/Camara_frigorifica_cadaveres1.webp\" target=\"_self\"><img decoding=\"async\" width=\"588\" height=\"441\" src=\"https:\/\/grupcif.com\/wp-content\/uploads\/2023\/12\/Camara_frigorifica_cadaveres1.webp\" class=\"attachment-full size-full\" alt=\"Grup CIF - M\u00e9dico cient\u00edfico - C\u00e1maras frigorif\u00edcas\" srcset=\"https:\/\/grupcif.com\/wp-content\/uploads\/2023\/12\/Camara_frigorifica_cadaveres1-200x150.webp 200w, https:\/\/grupcif.com\/wp-content\/uploads\/2023\/12\/Camara_frigorifica_cadaveres1-300x225.webp 300w, https:\/\/grupcif.com\/wp-content\/uploads\/2023\/12\/Camara_frigorifica_cadaveres1-400x300.webp 400w, https:\/\/grupcif.com\/wp-content\/uploads\/2023\/12\/Camara_frigorifica_cadaveres1.webp 588w\" sizes=\"(max-width: 588px) 100vw, 588px\" \/><\/a><\/div><\/div><\/div><div class=\"swiper-slide\"><div class=\"fusion-carousel-item-wrapper\"><div class=\"fusion-image-wrapper hover-type-none\"><a data-rel=\"iLightbox[image_carousel_1]\" data-caption=\"C\u00e1mara frigor\u00edfica de cad\u00e1veres&lt;br&gt;C\u00e1mara frigor\u00edfica para cad\u00e1veres con diferentes puertas sin acceso al interior, con carro extra\u00edble de cuerpos\" data-title=\"Grup CIF &#8211; M\u00e9dico cient\u00edfico &#8211; C\u00e1maras frigorif\u00edcas\" aria-label=\"Grup CIF &#8211; M\u00e9dico cient\u00edfico &#8211; C\u00e1maras frigorif\u00edcas\" href=\"https:\/\/grupcif.com\/wp-content\/uploads\/2023\/12\/Camara_frigorifica_cadaveres2.webp\" target=\"_self\"><img decoding=\"async\" width=\"565\" height=\"424\" src=\"https:\/\/grupcif.com\/wp-content\/uploads\/2023\/12\/Camara_frigorifica_cadaveres2.webp\" class=\"attachment-full size-full\" alt=\"Grup CIF - M\u00e9dico cient\u00edfico - C\u00e1maras frigorif\u00edcas\" srcset=\"https:\/\/grupcif.com\/wp-content\/uploads\/2023\/12\/Camara_frigorifica_cadaveres2-200x150.webp 200w, https:\/\/grupcif.com\/wp-content\/uploads\/2023\/12\/Camara_frigorifica_cadaveres2-300x225.webp 300w, https:\/\/grupcif.com\/wp-content\/uploads\/2023\/12\/Camara_frigorifica_cadaveres2-400x300.webp 400w, https:\/\/grupcif.com\/wp-content\/uploads\/2023\/12\/Camara_frigorifica_cadaveres2.webp 565w\" sizes=\"(max-width: 565px) 100vw, 565px\" \/><\/a><\/div><\/div><\/div><div class=\"swiper-slide\"><div class=\"fusion-carousel-item-wrapper\"><div class=\"fusion-image-wrapper hover-type-none\"><a data-rel=\"iLightbox[image_carousel_1]\" data-caption=\"C\u00e1mara control de humedad&lt;br&gt;C\u00e1mara frigor\u00edfica con control de humedad y temperatura\" data-title=\"Grup CIF &#8211; M\u00e9dico cient\u00edfico &#8211; C\u00e1maras frigor\u00edficas\" aria-label=\"Grup CIF &#8211; M\u00e9dico cient\u00edfico &#8211; C\u00e1maras frigor\u00edficas\" href=\"https:\/\/grupcif.com\/wp-content\/uploads\/2023\/12\/Camara_control_humedad.webp\" target=\"_self\"><img decoding=\"async\" width=\"588\" height=\"441\" src=\"https:\/\/grupcif.com\/wp-content\/uploads\/2023\/12\/Camara_control_humedad.webp\" class=\"attachment-full size-full\" alt=\"Grup CIF - M\u00e9dico cient\u00edfico - C\u00e1maras frigor\u00edficas\" srcset=\"https:\/\/grupcif.com\/wp-content\/uploads\/2023\/12\/Camara_control_humedad-200x150.webp 200w, https:\/\/grupcif.com\/wp-content\/uploads\/2023\/12\/Camara_control_humedad-300x225.webp 300w, https:\/\/grupcif.com\/wp-content\/uploads\/2023\/12\/Camara_control_humedad-400x300.webp 400w, https:\/\/grupcif.com\/wp-content\/uploads\/2023\/12\/Camara_control_humedad.webp 588w\" sizes=\"(max-width: 588px) 100vw, 588px\" \/><\/a><\/div><\/div><\/div><div class=\"swiper-slide\"><div class=\"fusion-carousel-item-wrapper\"><div class=\"fusion-image-wrapper hover-type-none\"><a data-rel=\"iLightbox[image_carousel_1]\" data-caption=\"Conjunto de C\u00e1maras&lt;br&gt;Conjunto de c\u00e1maras frigor\u00edficas, a +4\u00bac y +35\u00bac con control de humedad\" data-title=\"Grup CIF &#8211; M\u00e9dico cient\u00edfico &#8211; C\u00e1maras frigorif\u00edcas\" aria-label=\"Grup CIF &#8211; M\u00e9dico cient\u00edfico &#8211; C\u00e1maras frigorif\u00edcas\" href=\"https:\/\/grupcif.com\/wp-content\/uploads\/2023\/12\/Conjunto_de_camaras.webp\" target=\"_self\"><img decoding=\"async\" width=\"588\" height=\"441\" src=\"https:\/\/grupcif.com\/wp-content\/uploads\/2023\/12\/Conjunto_de_camaras.webp\" class=\"attachment-full size-full\" alt=\"Grup CIF - M\u00e9dico cient\u00edfico - C\u00e1maras frigorif\u00edcas\" srcset=\"https:\/\/grupcif.com\/wp-content\/uploads\/2023\/12\/Conjunto_de_camaras-200x150.webp 200w, https:\/\/grupcif.com\/wp-content\/uploads\/2023\/12\/Conjunto_de_camaras-300x225.webp 300w, https:\/\/grupcif.com\/wp-content\/uploads\/2023\/12\/Conjunto_de_camaras-400x300.webp 400w, https:\/\/grupcif.com\/wp-content\/uploads\/2023\/12\/Conjunto_de_camaras.webp 588w\" sizes=\"(max-width: 588px) 100vw, 588px\" \/><\/a><\/div><\/div><\/div><div class=\"swiper-slide\"><div class=\"fusion-carousel-item-wrapper\"><div class=\"fusion-image-wrapper hover-type-none\"><a data-rel=\"iLightbox[image_carousel_1]\" data-caption=\"C\u00e1mara frigor\u00edfica para cad\u00e1veres&lt;br&gt;C\u00e1mara frigor\u00edfica para universidad, deposito de cad\u00e1veres, con capacidad para 72 cad\u00e1veres\" data-title=\"Grup CIF &#8211; M\u00e9dico cient\u00edfico &#8211; C\u00e1maras frigorif\u00edcas\" aria-label=\"Grup CIF &#8211; M\u00e9dico cient\u00edfico &#8211; C\u00e1maras frigorif\u00edcas\" href=\"https:\/\/grupcif.com\/wp-content\/uploads\/2023\/12\/Camara_frigorifica_cadaveres3.webp\" target=\"_self\"><img decoding=\"async\" width=\"639\" height=\"441\" src=\"https:\/\/grupcif.com\/wp-content\/uploads\/2023\/12\/Camara_frigorifica_cadaveres3.webp\" class=\"attachment-full size-full\" alt=\"Grup CIF - M\u00e9dico cient\u00edfico - C\u00e1maras frigorif\u00edcas\" srcset=\"https:\/\/grupcif.com\/wp-content\/uploads\/2023\/12\/Camara_frigorifica_cadaveres3-200x138.webp 200w, https:\/\/grupcif.com\/wp-content\/uploads\/2023\/12\/Camara_frigorifica_cadaveres3-300x207.webp 300w, https:\/\/grupcif.com\/wp-content\/uploads\/2023\/12\/Camara_frigorifica_cadaveres3-400x276.webp 400w, https:\/\/grupcif.com\/wp-content\/uploads\/2023\/12\/Camara_frigorifica_cadaveres3-600x414.webp 600w, https:\/\/grupcif.com\/wp-content\/uploads\/2023\/12\/Camara_frigorifica_cadaveres3.webp 639w\" sizes=\"(max-width: 639px) 100vw, 639px\" \/><\/a><\/div><\/div><\/div><\/div><div class=\"awb-swiper-button awb-swiper-button-prev\"><i class=\"awb-icon-angle-left\" aria-hidden=\"true\"><\/i><\/div><div class=\"awb-swiper-button awb-swiper-button-next\"><i class=\"awb-icon-angle-right\" aria-hidden=\"true\"><\/i><\/div><\/div><\/div><\/div><\/div><div class=\"fusion-layout-column fusion_builder_column fusion-builder-column-4 fusion_builder_column_1_2 1_2 fusion-flex-column\" style=\"--awb-padding-top:30px;--awb-padding-right:30px;--awb-padding-bottom:30px;--awb-padding-top-small:30px;--awb-padding-right-small:30px;--awb-padding-bottom-small:30px;--awb-padding-left-small:30px;--awb-bg-size:cover;--awb-width-large:50%;--awb-margin-top-large:0px;--awb-spacing-right-large:3.84%;--awb-margin-bottom-large:0px;--awb-spacing-left-large:3.84%;--awb-width-medium:50%;--awb-order-medium:0;--awb-spacing-right-medium:3.84%;--awb-spacing-left-medium:3.84%;--awb-width-small:100%;--awb-order-small:0;--awb-spacing-right-small:1.92%;--awb-spacing-left-small:1.92%;\" data-scroll-devices=\"small-visibility,medium-visibility,large-visibility\"><div class=\"fusion-column-wrapper fusion-column-has-shadow fusion-flex-justify-content-center fusion-content-layout-column\"><div class=\"fusion-title title fusion-title-1 fusion-sep-none fusion-title-text fusion-title-size-two\" style=\"--awb-text-color:#000000;--awb-margin-top-small:10px;--awb-margin-right-small:0px;--awb-margin-bottom-small:10px;--awb-margin-left-small:0px;\"><h2 class=\"fusion-title-heading title-heading-left fusion-responsive-typography-calculated\" style=\"margin:0;--fontSize:32;line-height:var(--awb-typography1-line-height);\">C\u00c1MARAS FRIGORIF\u00cdCAS<\/h2><\/div><div class=\"fusion-text fusion-text-4 fusion-text-no-margin\" style=\"--awb-text-color:#000000;--awb-margin-bottom:0px;\"><p>En este espacio podr\u00e1 ver una peque\u00f1a selecci\u00f3n de nuestras c\u00e1maras frigor\u00edficas instaladas<\/p>\n<\/div><\/div><\/div><\/div><\/div><div class=\"fusion-fullwidth fullwidth-box fusion-builder-row-4 fusion-flex-container has-pattern-background has-mask-background nonhundred-percent-fullwidth non-hundred-percent-height-scrolling\" style=\"--awb-border-radius-top-left:0px;--awb-border-radius-top-right:0px;--awb-border-radius-bottom-right:0px;--awb-border-radius-bottom-left:0px;--awb-margin-bottom:30px;--awb-flex-wrap:wrap;\" ><div class=\"fusion-builder-row fusion-row fusion-flex-align-items-flex-start fusion-flex-content-wrap\" style=\"max-width:1331.2px;margin-left: calc(-4% \/ 2 );margin-right: calc(-4% \/ 2 );\"><div class=\"fusion-layout-column fusion_builder_column fusion-builder-column-5 fusion_builder_column_1_1 1_1 fusion-flex-column\" style=\"--awb-bg-size:cover;--awb-width-large:100%;--awb-margin-top-large:0px;--awb-spacing-right-large:1.92%;--awb-margin-bottom-large:20px;--awb-spacing-left-large:1.92%;--awb-width-medium:100%;--awb-order-medium:0;--awb-spacing-right-medium:1.92%;--awb-spacing-left-medium:1.92%;--awb-width-small:100%;--awb-order-small:0;--awb-spacing-right-small:1.92%;--awb-spacing-left-small:1.92%;\"><div class=\"fusion-column-wrapper fusion-column-has-shadow fusion-flex-justify-content-flex-start fusion-content-layout-column\"><div class=\"fusion-text fusion-text-5\" style=\"--awb-content-alignment:center;\"><h2>Mobiliario para laboratorio<\/h2>\n<\/div><\/div><\/div><div class=\"fusion-layout-column fusion_builder_column fusion-builder-column-6 fusion_builder_column_1_1 1_1 fusion-flex-column\" style=\"--awb-bg-size:cover;--awb-width-large:100%;--awb-margin-top-large:0px;--awb-spacing-right-large:1.92%;--awb-margin-bottom-large:20px;--awb-spacing-left-large:1.92%;--awb-width-medium:100%;--awb-order-medium:0;--awb-spacing-right-medium:1.92%;--awb-spacing-left-medium:1.92%;--awb-width-small:100%;--awb-order-small:0;--awb-spacing-right-small:1.92%;--awb-spacing-left-small:1.92%;\"><div class=\"fusion-column-wrapper fusion-column-has-shadow fusion-flex-justify-content-flex-start fusion-content-layout-column\"><div class=\"fusion-text fusion-text-6\"><p>En este apartado presentamos algunos modelos de los aparatos que comercializamos para el sector m\u00e9dico cient\u00edfico.<\/p>\n<\/div><div class=\"awb-gallery-wrapper awb-gallery-wrapper-2 button-span-no\" style=\"--more-btn-alignment:center;\"><div style=\"margin:-5px;--awb-bordersize:1px;--awb-bordercolor:#b9a985;\" class=\"fusion-gallery fusion-gallery-container fusion-grid-3 fusion-columns-total-6 fusion-gallery-layout-grid fusion-gallery-2 gallery-centered\"><div style=\"padding:5px;\" class=\"fusion-grid-column fusion-gallery-column fusion-gallery-column-3 hover-type-none\"><div class=\"fusion-gallery-image\"><a href=\"https:\/\/grupcif.com\/wp-content\/uploads\/2024\/02\/Mobiliario_para_laboratorio1_transparente.webp\" data-caption=\"Mini cultivos&lt;br&gt;Aparato dise\u00f1ado para el crecimiento de cultivos\" rel=\"noreferrer\" data-rel=\"iLightbox[gallery_image_2]\" class=\"fusion-lightbox\" target=\"_self\"><img decoding=\"async\" src=\"https:\/\/grupcif.com\/wp-content\/uploads\/2024\/02\/Mobiliario_para_laboratorio1_transparente.webp\" width=\"390\" height=\"441\" alt=\"Grup CIF - M\u00e9dico cient\u00edfico - Mobiliario para laboratorio\" title=\"Grup CIF &#8211; M\u00e9dico cient\u00edfico &#8211; Mobiliario para laboratorio\" aria-label=\"Grup CIF &#8211; M\u00e9dico cient\u00edfico &#8211; Mobiliario para laboratorio\" class=\"img-responsive wp-image-595\" srcset=\"https:\/\/grupcif.com\/wp-content\/uploads\/2024\/02\/Mobiliario_para_laboratorio1_transparente-200x226.webp 200w, https:\/\/grupcif.com\/wp-content\/uploads\/2024\/02\/Mobiliario_para_laboratorio1_transparente.webp 390w\" sizes=\"(min-width: 2200px) 100vw, (min-width: 784px) 423px, (min-width: 712px) 635px, (min-width: 640px) 712px, \" \/><\/a><\/div><\/div><div style=\"padding:5px;\" class=\"fusion-grid-column fusion-gallery-column fusion-gallery-column-3 hover-type-none\"><div class=\"fusion-gallery-image\"><a href=\"https:\/\/grupcif.com\/wp-content\/uploads\/2024\/02\/Mobiliario_para_laboratorio2_transparente.webp\" data-caption=\"Congelador -80 \u00bac&lt;br&gt;Congeladores verticales o horizontales, con amplia gama de temperaturas desde -40\u00bac a -80\u00bac\" rel=\"noreferrer\" data-rel=\"iLightbox[gallery_image_2]\" class=\"fusion-lightbox\" target=\"_self\"><img decoding=\"async\" src=\"https:\/\/grupcif.com\/wp-content\/uploads\/2024\/02\/Mobiliario_para_laboratorio2_transparente.webp\" width=\"210\" height=\"441\" alt=\"Grup CIF - M\u00e9dico cient\u00edfico - Mobiliario para laboratorio\" title=\"Grup CIF &#8211; M\u00e9dico cient\u00edfico &#8211; Mobiliario para laboratorio\" aria-label=\"Grup CIF &#8211; M\u00e9dico cient\u00edfico &#8211; Mobiliario para laboratorio\" class=\"img-responsive wp-image-590\" srcset=\"https:\/\/grupcif.com\/wp-content\/uploads\/2024\/02\/Mobiliario_para_laboratorio2_transparente-200x420.webp 200w, https:\/\/grupcif.com\/wp-content\/uploads\/2024\/02\/Mobiliario_para_laboratorio2_transparente.webp 210w\" sizes=\"(min-width: 2200px) 100vw, (min-width: 784px) 423px, (min-width: 712px) 635px, (min-width: 640px) 712px, \" \/><\/a><\/div><\/div><div style=\"padding:5px;\" class=\"fusion-grid-column fusion-gallery-column fusion-gallery-column-3 hover-type-none\"><div class=\"fusion-gallery-image\"><a href=\"https:\/\/grupcif.com\/wp-content\/uploads\/2024\/02\/Mobiliario_para_laboratorio3_transparente.webp\" data-caption=\"Estufa cultivos\" rel=\"noreferrer\" data-rel=\"iLightbox[gallery_image_2]\" class=\"fusion-lightbox\" target=\"_self\"><img decoding=\"async\" src=\"https:\/\/grupcif.com\/wp-content\/uploads\/2024\/02\/Mobiliario_para_laboratorio3_transparente.webp\" width=\"544\" height=\"410\" alt=\"Grup CIF - M\u00e9dico cient\u00edfico - Mobiliario para laboratorio\" title=\"Grup CIF &#8211; M\u00e9dico cient\u00edfico &#8211; Mobiliario para laboratorio\" aria-label=\"Grup CIF &#8211; M\u00e9dico cient\u00edfico &#8211; Mobiliario para laboratorio\" class=\"img-responsive wp-image-591\" srcset=\"https:\/\/grupcif.com\/wp-content\/uploads\/2024\/02\/Mobiliario_para_laboratorio3_transparente-200x151.webp 200w, https:\/\/grupcif.com\/wp-content\/uploads\/2024\/02\/Mobiliario_para_laboratorio3_transparente-400x301.webp 400w, https:\/\/grupcif.com\/wp-content\/uploads\/2024\/02\/Mobiliario_para_laboratorio3_transparente.webp 544w\" sizes=\"(min-width: 2200px) 100vw, (min-width: 784px) 423px, (min-width: 712px) 635px, (min-width: 640px) 712px, \" \/><\/a><\/div><\/div><div class=\"clearfix\"><\/div><div style=\"padding:5px;\" class=\"fusion-grid-column fusion-gallery-column fusion-gallery-column-3 hover-type-none\"><div class=\"fusion-gallery-image\"><a href=\"https:\/\/grupcif.com\/wp-content\/uploads\/2024\/02\/Mobiliario_para_laboratorio4_transparente.webp\" data-caption=\"Incubadora refrigerada&lt;br&gt;Diversos modelos de incubadoras refrigeradas\" rel=\"noreferrer\" data-rel=\"iLightbox[gallery_image_2]\" class=\"fusion-lightbox\" target=\"_self\"><img decoding=\"async\" src=\"https:\/\/grupcif.com\/wp-content\/uploads\/2024\/02\/Mobiliario_para_laboratorio4_transparente.webp\" width=\"371\" height=\"441\" alt=\"Grup CIF - M\u00e9dico cient\u00edfico - Mobiliario para laboratorio\" title=\"Grup CIF &#8211; M\u00e9dico cient\u00edfico &#8211; Mobiliario para laboratorio\" aria-label=\"Grup CIF &#8211; M\u00e9dico cient\u00edfico &#8211; Mobiliario para laboratorio\" class=\"img-responsive wp-image-592\" srcset=\"https:\/\/grupcif.com\/wp-content\/uploads\/2024\/02\/Mobiliario_para_laboratorio4_transparente-200x238.webp 200w, https:\/\/grupcif.com\/wp-content\/uploads\/2024\/02\/Mobiliario_para_laboratorio4_transparente.webp 371w\" sizes=\"(min-width: 2200px) 100vw, (min-width: 784px) 423px, (min-width: 712px) 635px, (min-width: 640px) 712px, \" \/><\/a><\/div><\/div><div style=\"padding:5px;\" class=\"fusion-grid-column fusion-gallery-column fusion-gallery-column-3 hover-type-none\"><div class=\"fusion-gallery-image\"><a href=\"https:\/\/grupcif.com\/wp-content\/uploads\/2024\/02\/Mobiliario_para_laboratorio5_transparente.webp\" data-caption=\"Armario clim\u00e1tico&lt;br&gt;Diversos modelos de armarios clim\u00e1ticos con diferentes gamas de temperatura\" rel=\"noreferrer\" data-rel=\"iLightbox[gallery_image_2]\" class=\"fusion-lightbox\" target=\"_self\"><img decoding=\"async\" src=\"https:\/\/grupcif.com\/wp-content\/uploads\/2024\/02\/Mobiliario_para_laboratorio5_transparente.webp\" width=\"212\" height=\"441\" alt=\"Grup CIF - M\u00e9dico cient\u00edfico - Mobiliario para laboratorio\" title=\"Grup CIF &#8211; M\u00e9dico cient\u00edfico &#8211; Mobiliario para laboratorio\" aria-label=\"Grup CIF &#8211; M\u00e9dico cient\u00edfico &#8211; Mobiliario para laboratorio\" class=\"img-responsive wp-image-593\" srcset=\"https:\/\/grupcif.com\/wp-content\/uploads\/2024\/02\/Mobiliario_para_laboratorio5_transparente-200x416.webp 200w, https:\/\/grupcif.com\/wp-content\/uploads\/2024\/02\/Mobiliario_para_laboratorio5_transparente.webp 212w\" sizes=\"(min-width: 2200px) 100vw, (min-width: 784px) 423px, (min-width: 712px) 635px, (min-width: 640px) 712px, \" \/><\/a><\/div><\/div><div style=\"padding:5px;\" class=\"fusion-grid-column fusion-gallery-column fusion-gallery-column-3 hover-type-none\"><div class=\"fusion-gallery-image\"><a href=\"https:\/\/grupcif.com\/wp-content\/uploads\/2024\/02\/Mobiliario_para_laboratorio6_transparente.webp\" data-caption=\"Banco de Sangre&lt;br&gt;Armarios de diferentes tama\u00f1os dise\u00f1ados para la conservaci\u00f3n de sangre, con registrador gr\u00e1fico incorporado\" rel=\"noreferrer\" data-rel=\"iLightbox[gallery_image_2]\" class=\"fusion-lightbox\" target=\"_self\"><img decoding=\"async\" src=\"https:\/\/grupcif.com\/wp-content\/uploads\/2024\/02\/Mobiliario_para_laboratorio6_transparente.webp\" width=\"373\" height=\"553\" alt=\"Grup CIF - M\u00e9dico cient\u00edfico - Mobiliario para laboratorio\" title=\"Grup CIF &#8211; M\u00e9dico cient\u00edfico &#8211; Mobiliario para laboratorio\" aria-label=\"Grup CIF &#8211; M\u00e9dico cient\u00edfico &#8211; Mobiliario para laboratorio\" class=\"img-responsive wp-image-594\" srcset=\"https:\/\/grupcif.com\/wp-content\/uploads\/2024\/02\/Mobiliario_para_laboratorio6_transparente-200x297.webp 200w, https:\/\/grupcif.com\/wp-content\/uploads\/2024\/02\/Mobiliario_para_laboratorio6_transparente.webp 373w\" sizes=\"(min-width: 2200px) 100vw, (min-width: 784px) 423px, (min-width: 712px) 635px, (min-width: 640px) 712px, \" \/><\/a><\/div><\/div><div class=\"clearfix\"><\/div><\/div><\/div><\/div><\/div><\/div><\/div><div class=\"fusion-fullwidth fullwidth-box fusion-builder-row-5 fusion-flex-container has-pattern-background has-mask-background nonhundred-percent-fullwidth non-hundred-percent-height-scrolling fusion-no-small-visibility\" style=\"--awb-border-radius-top-left:0px;--awb-border-radius-top-right:0px;--awb-border-radius-bottom-right:0px;--awb-border-radius-bottom-left:0px;--awb-margin-bottom:50px;--awb-background-color:#6bbef9;--awb-flex-wrap:wrap;\" ><div class=\"fusion-builder-row fusion-row fusion-flex-align-items-stretch fusion-flex-content-wrap\" style=\"max-width:1331.2px;margin-left: calc(-4% \/ 2 );margin-right: calc(-4% \/ 2 );\"><div class=\"fusion-layout-column fusion_builder_column fusion-builder-column-7 fusion_builder_column_1_2 1_2 fusion-flex-column\" style=\"--awb-padding-top:30px;--awb-padding-bottom:30px;--awb-padding-left:30px;--awb-bg-size:cover;--awb-width-large:50%;--awb-margin-top-large:0px;--awb-spacing-right-large:3.84%;--awb-margin-bottom-large:0px;--awb-spacing-left-large:3.84%;--awb-width-medium:50%;--awb-order-medium:0;--awb-spacing-right-medium:3.84%;--awb-spacing-left-medium:3.84%;--awb-width-small:100%;--awb-order-small:0;--awb-spacing-right-small:1.92%;--awb-spacing-left-small:1.92%;\" data-scroll-devices=\"small-visibility,medium-visibility,large-visibility\"><div class=\"fusion-column-wrapper fusion-column-has-shadow fusion-flex-justify-content-center fusion-content-layout-column\"><div class=\"fusion-title title fusion-title-2 fusion-sep-none fusion-title-text fusion-title-size-two\" style=\"--awb-text-color:#000000;--awb-margin-top-small:10px;--awb-margin-right-small:0px;--awb-margin-bottom-small:10px;--awb-margin-left-small:0px;\"><h2 class=\"fusion-title-heading title-heading-left fusion-responsive-typography-calculated\" style=\"margin:0;--fontSize:32;line-height:var(--awb-typography1-line-height);\">Mobiliario inoxidable<\/h2><\/div><div class=\"fusion-text fusion-text-7 fusion-text-no-margin\" style=\"--awb-text-color:#000000;--awb-margin-bottom:0px;\"><p>Mobiliario a medida de acero inoxidable para laboratorios, salas de autopsia, universidades, hospitales<\/p>\n<\/div><\/div><\/div><div class=\"fusion-layout-column fusion_builder_column fusion-builder-column-8 fusion_builder_column_1_2 1_2 fusion-flex-column\" style=\"--awb-bg-size:cover;--awb-width-large:50%;--awb-margin-top-large:0px;--awb-spacing-right-large:3.84%;--awb-margin-bottom-large:0px;--awb-spacing-left-large:3.84%;--awb-width-medium:50%;--awb-order-medium:0;--awb-spacing-right-medium:3.84%;--awb-spacing-left-medium:3.84%;--awb-width-small:100%;--awb-order-small:0;--awb-spacing-right-small:1.92%;--awb-spacing-left-small:1.92%;\" data-scroll-devices=\"small-visibility,medium-visibility,large-visibility\"><div class=\"fusion-column-wrapper fusion-column-has-shadow fusion-flex-justify-content-flex-start fusion-content-layout-column\"><div class=\"fusion-image-carousel fusion-image-carousel-auto fusion-image-carousel-2 lightbox-enabled\" style=\"margin-top:0px;margin-bottom:0px;\"><div class=\"awb-carousel awb-swiper awb-swiper-carousel awb-carousel--carousel awb-swiper-dots-position-bottom\" data-layout=\"carousel\" data-autoplay=\"no\" data-autoplayspeed=\"5000\" data-autoplaypause=\"no\" data-loop=\"yes\" data-columns=\"1\" data-columnsmedium=\"1\" data-columnssmall=\"1\" data-itemmargin=\"1\" data-itemwidth=\"180\" data-touchscroll=\"no\" data-freemode=\"no\" data-imagesize=\"auto\" data-scrollitems=\"0\" data-centeredslides=\"no\" data-rotationangle=\"50\" data-depth=\"100\" data-speed=\"500\" data-shadow=\"no\" data-pagination=\"bullets\" style=\"--awb-columns:1;--awb-column-spacing:1px;--awb-caption-title-font-family:&quot;Montserrat&quot;;--awb-caption-title-font-style:normal;--awb-caption-title-font-weight:400;--awb-caption-text-font-family:&quot;Montserrat&quot;;--awb-caption-text-font-style:normal;--awb-caption-text-font-weight:400;\"><div class=\"swiper-wrapper awb-image-carousel-wrapper fusion-flex-align-items-center\"><div class=\"swiper-slide\"><div class=\"fusion-carousel-item-wrapper\"><div class=\"fusion-image-wrapper hover-type-none\"><a data-rel=\"iLightbox[image_carousel_2]\" data-caption=\"Encimera inoxidable&lt;br&gt;Encimera inoxidable con lavamanos\" data-title=\"Grup CIF &#8211; M\u00e9dico cient\u00edfico &#8211; Mobiliario inoxidable\" aria-label=\"Grup CIF &#8211; M\u00e9dico cient\u00edfico &#8211; Mobiliario inoxidable\" href=\"https:\/\/grupcif.com\/wp-content\/uploads\/2023\/12\/Mobiliario_inoxidable1.webp\" target=\"_self\"><img decoding=\"async\" width=\"588\" height=\"441\" src=\"https:\/\/grupcif.com\/wp-content\/uploads\/2023\/12\/Mobiliario_inoxidable1.webp\" class=\"attachment-full size-full\" alt=\"Grup CIF - M\u00e9dico cient\u00edfico - Mobiliario inoxidable\" srcset=\"https:\/\/grupcif.com\/wp-content\/uploads\/2023\/12\/Mobiliario_inoxidable1-200x150.webp 200w, https:\/\/grupcif.com\/wp-content\/uploads\/2023\/12\/Mobiliario_inoxidable1-300x225.webp 300w, https:\/\/grupcif.com\/wp-content\/uploads\/2023\/12\/Mobiliario_inoxidable1-400x300.webp 400w, https:\/\/grupcif.com\/wp-content\/uploads\/2023\/12\/Mobiliario_inoxidable1.webp 588w\" sizes=\"(max-width: 588px) 100vw, 588px\" \/><\/a><\/div><\/div><\/div><div class=\"swiper-slide\"><div class=\"fusion-carousel-item-wrapper\"><div class=\"fusion-image-wrapper hover-type-none\"><a data-rel=\"iLightbox[image_carousel_2]\" data-caption=\"Muebles inoxidable&lt;br&gt;Muebles de acero inoxidable incluida la extracci\u00f3n (imagen sala de autopsias)\" data-title=\"Grup CIF &#8211; M\u00e9dico cient\u00edfico &#8211; Mobiliario inoxidable\" aria-label=\"Grup CIF &#8211; M\u00e9dico cient\u00edfico &#8211; Mobiliario inoxidable\" href=\"https:\/\/grupcif.com\/wp-content\/uploads\/2023\/12\/Mobiliario_inoxidable2.webp\" target=\"_self\"><img decoding=\"async\" width=\"589\" height=\"441\" src=\"https:\/\/grupcif.com\/wp-content\/uploads\/2023\/12\/Mobiliario_inoxidable2.webp\" class=\"attachment-full size-full\" alt=\"Grup CIF - M\u00e9dico cient\u00edfico - Mobiliario inoxidable\" srcset=\"https:\/\/grupcif.com\/wp-content\/uploads\/2023\/12\/Mobiliario_inoxidable2-200x150.webp 200w, https:\/\/grupcif.com\/wp-content\/uploads\/2023\/12\/Mobiliario_inoxidable2-300x225.webp 300w, https:\/\/grupcif.com\/wp-content\/uploads\/2023\/12\/Mobiliario_inoxidable2-400x299.webp 400w, https:\/\/grupcif.com\/wp-content\/uploads\/2023\/12\/Mobiliario_inoxidable2.webp 589w\" sizes=\"(max-width: 589px) 100vw, 589px\" \/><\/a><\/div><\/div><\/div><\/div><div class=\"awb-swiper-button awb-swiper-button-prev\"><i class=\"awb-icon-angle-left\" aria-hidden=\"true\"><\/i><\/div><div class=\"awb-swiper-button awb-swiper-button-next\"><i class=\"awb-icon-angle-right\" aria-hidden=\"true\"><\/i><\/div><\/div><\/div><\/div><\/div><\/div><\/div><div class=\"fusion-fullwidth fullwidth-box fusion-builder-row-6 fusion-flex-container has-pattern-background has-mask-background nonhundred-percent-fullwidth non-hundred-percent-height-scrolling fusion-no-medium-visibility fusion-no-large-visibility\" style=\"--awb-border-radius-top-left:0px;--awb-border-radius-top-right:0px;--awb-border-radius-bottom-right:0px;--awb-border-radius-bottom-left:0px;--awb-margin-bottom:50px;--awb-background-color:#6bbef9;--awb-flex-wrap:wrap;\" ><div class=\"fusion-builder-row fusion-row fusion-flex-align-items-stretch fusion-flex-content-wrap\" style=\"max-width:1331.2px;margin-left: calc(-4% \/ 2 );margin-right: calc(-4% \/ 2 );\"><div class=\"fusion-layout-column fusion_builder_column fusion-builder-column-9 fusion_builder_column_1_2 1_2 fusion-flex-column\" style=\"--awb-bg-size:cover;--awb-width-large:50%;--awb-margin-top-large:0px;--awb-spacing-right-large:3.84%;--awb-margin-bottom-large:0px;--awb-spacing-left-large:3.84%;--awb-width-medium:50%;--awb-order-medium:0;--awb-spacing-right-medium:3.84%;--awb-spacing-left-medium:3.84%;--awb-width-small:100%;--awb-order-small:0;--awb-spacing-right-small:1.92%;--awb-spacing-left-small:1.92%;\" data-scroll-devices=\"small-visibility,medium-visibility,large-visibility\"><div class=\"fusion-column-wrapper fusion-column-has-shadow fusion-flex-justify-content-flex-start fusion-content-layout-column\"><div class=\"fusion-image-carousel fusion-image-carousel-auto fusion-image-carousel-3 lightbox-enabled\" style=\"margin-top:0px;margin-bottom:0px;\"><div class=\"awb-carousel awb-swiper awb-swiper-carousel awb-carousel--carousel awb-swiper-dots-position-bottom\" data-layout=\"carousel\" data-autoplay=\"no\" data-autoplayspeed=\"5000\" data-autoplaypause=\"no\" data-loop=\"yes\" data-columns=\"1\" data-columnsmedium=\"1\" data-columnssmall=\"1\" data-itemmargin=\"1\" data-itemwidth=\"180\" data-touchscroll=\"no\" data-freemode=\"no\" data-imagesize=\"auto\" data-scrollitems=\"0\" data-centeredslides=\"no\" data-rotationangle=\"50\" data-depth=\"100\" data-speed=\"500\" data-shadow=\"no\" data-pagination=\"bullets\" style=\"--awb-columns:1;--awb-column-spacing:1px;--awb-caption-title-font-family:&quot;Montserrat&quot;;--awb-caption-title-font-style:normal;--awb-caption-title-font-weight:400;--awb-caption-text-font-family:&quot;Montserrat&quot;;--awb-caption-text-font-style:normal;--awb-caption-text-font-weight:400;\"><div class=\"swiper-wrapper awb-image-carousel-wrapper fusion-flex-align-items-center\"><div class=\"swiper-slide\"><div class=\"fusion-carousel-item-wrapper\"><div class=\"fusion-image-wrapper hover-type-none\"><a data-rel=\"iLightbox[image_carousel_3]\" data-caption=\"Encimera inoxidable&lt;br&gt;Encimera inoxidable con lavamanos\" data-title=\"Grup CIF &#8211; M\u00e9dico cient\u00edfico &#8211; Mobiliario inoxidable\" aria-label=\"Grup CIF &#8211; M\u00e9dico cient\u00edfico &#8211; Mobiliario inoxidable\" href=\"https:\/\/grupcif.com\/wp-content\/uploads\/2023\/12\/Mobiliario_inoxidable1.webp\" target=\"_self\"><img decoding=\"async\" width=\"588\" height=\"441\" src=\"https:\/\/grupcif.com\/wp-content\/uploads\/2023\/12\/Mobiliario_inoxidable1.webp\" class=\"attachment-full size-full\" alt=\"Grup CIF - M\u00e9dico cient\u00edfico - Mobiliario inoxidable\" srcset=\"https:\/\/grupcif.com\/wp-content\/uploads\/2023\/12\/Mobiliario_inoxidable1-200x150.webp 200w, https:\/\/grupcif.com\/wp-content\/uploads\/2023\/12\/Mobiliario_inoxidable1-300x225.webp 300w, https:\/\/grupcif.com\/wp-content\/uploads\/2023\/12\/Mobiliario_inoxidable1-400x300.webp 400w, https:\/\/grupcif.com\/wp-content\/uploads\/2023\/12\/Mobiliario_inoxidable1.webp 588w\" sizes=\"(max-width: 588px) 100vw, 588px\" \/><\/a><\/div><\/div><\/div><div class=\"swiper-slide\"><div class=\"fusion-carousel-item-wrapper\"><div class=\"fusion-image-wrapper hover-type-none\"><a data-rel=\"iLightbox[image_carousel_3]\" data-caption=\"Muebles inoxidable&lt;br&gt;Muebles de acero inoxidable incluida la extracci\u00f3n (imagen sala de autopsias)\" data-title=\"Grup CIF &#8211; M\u00e9dico cient\u00edfico &#8211; Mobiliario inoxidable\" aria-label=\"Grup CIF &#8211; M\u00e9dico cient\u00edfico &#8211; Mobiliario inoxidable\" href=\"https:\/\/grupcif.com\/wp-content\/uploads\/2023\/12\/Mobiliario_inoxidable2.webp\" target=\"_self\"><img decoding=\"async\" width=\"589\" height=\"441\" src=\"https:\/\/grupcif.com\/wp-content\/uploads\/2023\/12\/Mobiliario_inoxidable2.webp\" class=\"attachment-full size-full\" alt=\"Grup CIF - M\u00e9dico cient\u00edfico - Mobiliario inoxidable\" srcset=\"https:\/\/grupcif.com\/wp-content\/uploads\/2023\/12\/Mobiliario_inoxidable2-200x150.webp 200w, https:\/\/grupcif.com\/wp-content\/uploads\/2023\/12\/Mobiliario_inoxidable2-300x225.webp 300w, https:\/\/grupcif.com\/wp-content\/uploads\/2023\/12\/Mobiliario_inoxidable2-400x299.webp 400w, https:\/\/grupcif.com\/wp-content\/uploads\/2023\/12\/Mobiliario_inoxidable2.webp 589w\" sizes=\"(max-width: 589px) 100vw, 589px\" \/><\/a><\/div><\/div><\/div><\/div><div class=\"awb-swiper-button awb-swiper-button-prev\"><i class=\"awb-icon-angle-left\" aria-hidden=\"true\"><\/i><\/div><div class=\"awb-swiper-button awb-swiper-button-next\"><i class=\"awb-icon-angle-right\" aria-hidden=\"true\"><\/i><\/div><\/div><\/div><\/div><\/div><div class=\"fusion-layout-column fusion_builder_column fusion-builder-column-10 fusion_builder_column_1_2 1_2 fusion-flex-column\" style=\"--awb-padding-top:30px;--awb-padding-right:30px;--awb-padding-bottom:30px;--awb-padding-left:30px;--awb-bg-size:cover;--awb-width-large:50%;--awb-margin-top-large:0px;--awb-spacing-right-large:3.84%;--awb-margin-bottom-large:0px;--awb-spacing-left-large:3.84%;--awb-width-medium:50%;--awb-order-medium:0;--awb-spacing-right-medium:3.84%;--awb-spacing-left-medium:3.84%;--awb-width-small:100%;--awb-order-small:0;--awb-spacing-right-small:1.92%;--awb-spacing-left-small:1.92%;\" data-scroll-devices=\"small-visibility,medium-visibility,large-visibility\"><div class=\"fusion-column-wrapper fusion-column-has-shadow fusion-flex-justify-content-center fusion-content-layout-column\"><div class=\"fusion-title title fusion-title-3 fusion-sep-none fusion-title-text fusion-title-size-two\" style=\"--awb-text-color:#000000;--awb-margin-top-small:10px;--awb-margin-right-small:0px;--awb-margin-bottom-small:10px;--awb-margin-left-small:0px;\"><h2 class=\"fusion-title-heading title-heading-left fusion-responsive-typography-calculated\" style=\"margin:0;--fontSize:32;line-height:var(--awb-typography1-line-height);\">Mobiliario inoxidable<\/h2><\/div><div class=\"fusion-text fusion-text-8 fusion-text-no-margin\" style=\"--awb-text-color:#000000;--awb-margin-bottom:0px;\"><p>Mobiliario a medida de acero inoxidable para laboratorios, salas de autopsia, universidades, hospitales<\/p>\n<\/div><\/div><\/div><\/div><\/div><div class=\"fusion-fullwidth fullwidth-box fusion-builder-row-7 fusion-flex-container has-pattern-background has-mask-background nonhundred-percent-fullwidth non-hundred-percent-height-scrolling\" style=\"--awb-border-radius-top-left:0px;--awb-border-radius-top-right:0px;--awb-border-radius-bottom-right:0px;--awb-border-radius-bottom-left:0px;--awb-margin-bottom:30px;--awb-flex-wrap:wrap;\" ><div class=\"fusion-builder-row fusion-row fusion-flex-align-items-stretch fusion-flex-content-wrap\" style=\"max-width:1331.2px;margin-left: calc(-4% \/ 2 );margin-right: calc(-4% \/ 2 );\"><div class=\"fusion-layout-column fusion_builder_column fusion-builder-column-11 fusion_builder_column_1_4 1_4 fusion-flex-column\" style=\"--awb-bg-size:cover;--awb-width-large:25%;--awb-margin-top-large:0px;--awb-spacing-right-large:7.68%;--awb-margin-bottom-large:20px;--awb-spacing-left-large:7.68%;--awb-width-medium:25%;--awb-order-medium:0;--awb-spacing-right-medium:7.68%;--awb-spacing-left-medium:7.68%;--awb-width-small:100%;--awb-order-small:0;--awb-spacing-right-small:1.92%;--awb-spacing-left-small:1.92%;\"><div class=\"fusion-column-wrapper fusion-column-has-shadow fusion-flex-justify-content-flex-start fusion-content-layout-column\"><div class=\"fusion-image-element \" style=\"--awb-caption-title-font-family:var(--h2_typography-font-family);--awb-caption-title-font-weight:var(--h2_typography-font-weight);--awb-caption-title-font-style:var(--h2_typography-font-style);--awb-caption-title-size:var(--h2_typography-font-size);--awb-caption-title-transform:var(--h2_typography-text-transform);--awb-caption-title-line-height:var(--h2_typography-line-height);--awb-caption-title-letter-spacing:var(--h2_typography-letter-spacing);\"><span class=\" fusion-imageframe imageframe-none imageframe-1 hover-type-none\" style=\"border:1px solid #b9a985;\"><img decoding=\"async\" width=\"300\" height=\"425\" alt=\"Grup CIF - M\u00e9dico cient\u00edfico - Un a\u00f1o m\u00e1s grupCIF colabora con la Universidad Aut\u00f3noma de Barcelona, en la 5\u00aa edici\u00f3n de las jornadas cient\u00edficas de los Departamentos de Biolog\u00eda animal, Biolog\u00eda vegetal y ecol\u00f3gica\" title=\"Grup CIF &#8211; M\u00e9dico cient\u00edfico &#8211; Un a\u00f1o m\u00e1s grupCIF colabora con la Universidad Aut\u00f3noma de Barcelona, en la 5\u00aa edici\u00f3n de las jornadas cient\u00edficas de los Departamentos de Biolog\u00eda animal, Biolog\u00eda vegetal y ecol\u00f3gica\" src=\"https:\/\/grupcif.com\/wp-content\/uploads\/2023\/12\/Poster.webp\" class=\"img-responsive wp-image-393\" srcset=\"https:\/\/grupcif.com\/wp-content\/uploads\/2023\/12\/Poster-200x283.webp 200w, https:\/\/grupcif.com\/wp-content\/uploads\/2023\/12\/Poster.webp 300w\" sizes=\"(max-width: 640px) 100vw, 300px\" \/><\/span><\/div><\/div><\/div><div class=\"fusion-layout-column fusion_builder_column fusion-builder-column-12 fusion_builder_column_3_4 3_4 fusion-flex-column\" style=\"--awb-bg-size:cover;--awb-width-large:75%;--awb-margin-top-large:0px;--awb-spacing-right-large:2.56%;--awb-margin-bottom-large:20px;--awb-spacing-left-large:2.56%;--awb-width-medium:75%;--awb-order-medium:0;--awb-spacing-right-medium:2.56%;--awb-spacing-left-medium:2.56%;--awb-width-small:100%;--awb-order-small:0;--awb-spacing-right-small:1.92%;--awb-spacing-left-small:1.92%;\" data-scroll-devices=\"small-visibility,medium-visibility,large-visibility\"><div class=\"fusion-column-wrapper fusion-column-has-shadow fusion-flex-justify-content-center fusion-content-layout-column\"><div class=\"fusion-text fusion-text-9\"><p>Un a\u00f1o m\u00e1s\u00a0<strong>grupCIF<\/strong>\u00a0colabora con la\u00a0<u>Universidad Aut\u00f3noma de Barcelona<\/u>, en la 5\u00aa edici\u00f3n de las jornadas cient\u00edficas de los\u00a0<u>Departamentos de Biolog\u00eda animal<\/u>, <u>Biolog\u00eda vegetal y ecol\u00f3gica<\/u> que tendr\u00e1n lugar el pr\u00f3ximo d\u00eda 4 de junio del 2019.<\/p>\n<\/div><\/div><\/div><div class=\"fusion-layout-column fusion_builder_column fusion-builder-column-13 fusion_builder_column_1_4 1_4 fusion-flex-column\" style=\"--awb-bg-size:cover;--awb-width-large:25%;--awb-margin-top-large:0px;--awb-spacing-right-large:7.68%;--awb-margin-bottom-large:20px;--awb-spacing-left-large:7.68%;--awb-width-medium:25%;--awb-order-medium:0;--awb-spacing-right-medium:7.68%;--awb-spacing-left-medium:7.68%;--awb-width-small:100%;--awb-order-small:0;--awb-spacing-right-small:1.92%;--awb-spacing-left-small:1.92%;\"><div class=\"fusion-column-wrapper fusion-column-has-shadow fusion-flex-justify-content-flex-start fusion-content-layout-column\"><div class=\"fusion-image-element \" style=\"--awb-caption-title-font-family:var(--h2_typography-font-family);--awb-caption-title-font-weight:var(--h2_typography-font-weight);--awb-caption-title-font-style:var(--h2_typography-font-style);--awb-caption-title-size:var(--h2_typography-font-size);--awb-caption-title-transform:var(--h2_typography-text-transform);--awb-caption-title-line-height:var(--h2_typography-line-height);--awb-caption-title-letter-spacing:var(--h2_typography-letter-spacing);\"><span class=\" fusion-imageframe imageframe-none imageframe-2 hover-type-none\" style=\"border:1px solid #b9a985;\"><img decoding=\"async\" width=\"364\" height=\"516\" alt=\"Grup CIF - M\u00e9dico cient\u00edfico - Central Industrial del FRED C.I.F. S. l. (grupCIF) como empresa instaladora i mantenedora de sistemas de refrigeraci\u00f3n y climatizaci\u00f3n, ha patrocinado la IV Jornada Cient\u00edfica del departamento BABVE de la Universidad Aut\u00f3noma de Barcelona\" title=\"Grup CIF &#8211; M\u00e9dico cient\u00edfico &#8211; Central Industrial del FRED C.I.F. S. l. (grupCIF) como empresa instaladora i mantenedora de sistemas de refrigeraci\u00f3n y climatizaci\u00f3n, ha patrocinado la IV Jornada Cient\u00edfica del departamento BABVE de la Universidad Aut\u00f3noma de Barcelona\" src=\"https:\/\/grupcif.com\/wp-content\/uploads\/2023\/12\/Poster2.webp\" class=\"img-responsive wp-image-394\" srcset=\"https:\/\/grupcif.com\/wp-content\/uploads\/2023\/12\/Poster2-200x284.webp 200w, https:\/\/grupcif.com\/wp-content\/uploads\/2023\/12\/Poster2.webp 364w\" sizes=\"(max-width: 640px) 100vw, 364px\" \/><\/span><\/div><\/div><\/div><div class=\"fusion-layout-column fusion_builder_column fusion-builder-column-14 fusion_builder_column_3_4 3_4 fusion-flex-column\" style=\"--awb-bg-size:cover;--awb-width-large:75%;--awb-margin-top-large:0px;--awb-spacing-right-large:2.56%;--awb-margin-bottom-large:20px;--awb-spacing-left-large:2.56%;--awb-width-medium:75%;--awb-order-medium:0;--awb-spacing-right-medium:2.56%;--awb-spacing-left-medium:2.56%;--awb-width-small:100%;--awb-order-small:0;--awb-spacing-right-small:1.92%;--awb-spacing-left-small:1.92%;\" data-scroll-devices=\"small-visibility,medium-visibility,large-visibility\"><div class=\"fusion-column-wrapper fusion-column-has-shadow fusion-flex-justify-content-center fusion-content-layout-column\"><div class=\"fusion-text fusion-text-10\"><p><strong>Central Industrial del FRED C.I.F. S. l. (<u>grupCIF<\/u>) <\/strong>como empresa instaladora y mantenedora de sistemas de refrigeraci\u00f3n y climatizaci\u00f3n<strong>, ha <\/strong>patrocinado la<strong>: <\/strong><strong>IV Jornada Cient\u00edfica del departamento BABVE\u00a0 de la Universidad Aut\u00f3noma de Barcelona<\/strong><\/p>\n<\/div><\/div><\/div><\/div><\/div><div class=\"fusion-fullwidth fullwidth-box fusion-builder-row-8 fusion-flex-container has-pattern-background has-mask-background nonhundred-percent-fullwidth non-hundred-percent-height-scrolling\" style=\"--awb-border-radius-top-left:0px;--awb-border-radius-top-right:0px;--awb-border-radius-bottom-right:0px;--awb-border-radius-bottom-left:0px;--awb-flex-wrap:wrap;\" ><div class=\"fusion-builder-row fusion-row fusion-flex-align-items-flex-start fusion-flex-content-wrap\" style=\"max-width:1331.2px;margin-left: calc(-4% \/ 2 );margin-right: calc(-4% \/ 2 );\"><div class=\"fusion-layout-column fusion_builder_column fusion-builder-column-15 fusion_builder_column_1_1 1_1 fusion-flex-column\" style=\"--awb-bg-size:cover;--awb-width-large:100%;--awb-margin-top-large:0px;--awb-spacing-right-large:1.92%;--awb-margin-bottom-large:20px;--awb-spacing-left-large:1.92%;--awb-width-medium:100%;--awb-order-medium:0;--awb-spacing-right-medium:1.92%;--awb-spacing-left-medium:1.92%;--awb-width-small:100%;--awb-order-small:0;--awb-spacing-right-small:1.92%;--awb-spacing-left-small:1.92%;\"><div class=\"fusion-column-wrapper fusion-column-has-shadow fusion-flex-justify-content-flex-start fusion-content-layout-column\"><div style=\"text-align:center;\"><a class=\"fusion-button button-flat button-large button-default fusion-button-default button-1 fusion-button-default-span fusion-button-default-type\" target=\"_self\" href=\"https:\/\/grupcif.com\/es\/contacto\/\"><span class=\"fusion-button-text awb-button__text awb-button__text--default\">Consulte otras necesidades<\/span><\/a><\/div><\/div><\/div><\/div><\/div><\/p>\n","protected":false},"excerpt":{"rendered":"","protected":false},"author":1,"featured_media":0,"parent":0,"menu_order":0,"comment_status":"closed","ping_status":"closed","template":"","meta":{"footnotes":""},"class_list":["post-72","page","type-page","status-publish","hentry"],"aioseo_notices":[],"_links":{"self":[{"href":"https:\/\/grupcif.com\/es\/wp-json\/wp\/v2\/pages\/72","targetHints":{"allow":["GET"]}}],"collection":[{"href":"https:\/\/grupcif.com\/es\/wp-json\/wp\/v2\/pages"}],"about":[{"href":"https:\/\/grupcif.com\/es\/wp-json\/wp\/v2\/types\/page"}],"author":[{"embeddable":true,"href":"https:\/\/grupcif.com\/es\/wp-json\/wp\/v2\/users\/1"}],"replies":[{"embeddable":true,"href":"https:\/\/grupcif.com\/es\/wp-json\/wp\/v2\/comments?post=72"}],"version-history":[{"count":33,"href":"https:\/\/grupcif.com\/es\/wp-json\/wp\/v2\/pages\/72\/revisions"}],"predecessor-version":[{"id":877,"href":"https:\/\/grupcif.com\/es\/wp-json\/wp\/v2\/pages\/72\/revisions\/877"}],"wp:attachment":[{"href":"https:\/\/grupcif.com\/es\/wp-json\/wp\/v2\/media?parent=72"}],"curies":[{"name":"wp","href":"https:\/\/api.w.org\/{rel}","templated":true}]}}